{"version":"1.0","provider_name":"Religious of the Assumption &gt; Province of Europe","provider_url":"https:\/\/assumpta-eu.org\/lt\/","title":"Kanoninis vizitas \u012f Europos provincij\u0105: Gailestingumo kelion\u0117 - Religious of the Assumption &gt; Province of Europe","type":"rich","width":600,"height":338,"html":"<blockquote class=\"wp-embedded-content\" data-secret=\"d4zw1ukSlT\"><a href=\"https:\/\/assumpta-eu.org\/lt\/kanoninis-vizitas-i-europos-provincija-gailestingumo-kelione\/\">Kanoninis vizitas \u012f Europos provincij\u0105: Gailestingumo kelion\u0117<\/a><\/blockquote><iframe sandbox=\"allow-scripts\" security=\"restricted\" src=\"https:\/\/assumpta-eu.org\/lt\/kanoninis-vizitas-i-europos-provincija-gailestingumo-kelione\/embed\/#?secret=d4zw1ukSlT\" width=\"600\" height=\"338\" title=\"&#8220;Kanoninis vizitas \u012f Europos provincij\u0105: Gailestingumo kelion\u0117&#8221; &#8212; Religious of the Assumption &gt; Province of Europe\" data-secret=\"d4zw1ukSlT\" frameborder=\"0\" marginwidth=\"0\" marginheight=\"0\" scrolling=\"no\" class=\"wp-embedded-content\"><\/iframe><script type=\"text\/javascript\">\n\/* <![CDATA[ *\/\n\/*! This file is auto-generated *\/\n!function(d,l){\"use strict\";l.querySelector&&d.addEventListener&&\"undefined\"!=typeof URL&&(d.wp=d.wp||{},d.wp.receiveEmbedMessage||(d.wp.receiveEmbedMessage=function(e){var t=e.data;if((t||t.secret||t.message||t.value)&&!\/[^a-zA-Z0-9]\/.test(t.secret)){for(var s,r,n,a=l.querySelectorAll('iframe[data-secret=\"'+t.secret+'\"]'),o=l.querySelectorAll('blockquote[data-secret=\"'+t.secret+'\"]'),c=new RegExp(\"^https?:$\",\"i\"),i=0;i<o.length;i++)o[i].style.display=\"none\";for(i=0;i<a.length;i++)s=a[i],e.source===s.contentWindow&&(s.removeAttribute(\"style\"),\"height\"===t.message?(1e3<(r=parseInt(t.value,10))?r=1e3:~~r<200&&(r=200),s.height=r):\"link\"===t.message&&(r=new URL(s.getAttribute(\"src\")),n=new URL(t.value),c.test(n.protocol))&&n.host===r.host&&l.activeElement===s&&(d.top.location.href=t.value))}},d.addEventListener(\"message\",d.wp.receiveEmbedMessage,!1),l.addEventListener(\"DOMContentLoaded\",function(){for(var e,t,s=l.querySelectorAll(\"iframe.wp-embedded-content\"),r=0;r<s.length;r++)(t=(e=s[r]).getAttribute(\"data-secret\"))||(t=Math.random().toString(36).substring(2,12),e.src+=\"#?secret=\"+t,e.setAttribute(\"data-secret\",t)),e.contentWindow.postMessage({message:\"ready\",secret:t},\"*\")},!1)))}(window,document);\n\/\/# sourceURL=https:\/\/assumpta-eu.org\/wp-includes\/js\/wp-embed.min.js\n\/* ]]> *\/\n<\/script>\n","thumbnail_url":"https:\/\/assumpta-eu.org\/wp-content\/uploads\/2026\/04\/1000028529-scaled-e1775742154388.jpg","thumbnail_width":2560,"thumbnail_height":1920,"description":"Europos provincijoje k\u0105 tik baig\u0117si trij\u0173 savai\u010di\u0173 kanoninis vizitas, prasid\u0117j\u0119s kovo 12 d., kuriam vadovavo generalin\u0117 vyresnioji s. Rekha ir jos taryba. Tai buvo pirmasis asmeninis vizitas nuo provincijos \u012fk\u016brimo, tod\u0117l tai buvo vertinga proga i\u0161 naujo suvokti, kas esame ir k\u0105 esame pa\u0161aukti daryti. Provincija yra ir sena, ir nauja. Jos \u0161aknys siekia pa\u010dius [&hellip;]"}