{"id":2174,"date":"2023-08-23T13:00:39","date_gmt":"2023-08-23T11:00:39","guid":{"rendered":"https:\/\/assumpta-eu.org\/comunita\/belgio\/"},"modified":"2025-12-18T12:35:39","modified_gmt":"2025-12-18T11:35:39","slug":"belgio","status":"publish","type":"page","link":"https:\/\/assumpta-eu.org\/it\/comunita\/belgio\/","title":{"rendered":"Belgio"},"content":{"rendered":"<p>[et_pb_section fb_built=&#8221;1&#8243; custom_padding_last_edited=&#8221;on|phone&#8221; admin_label=&#8221;Header&#8221; _builder_version=&#8221;4.22.1&#8243; _module_preset=&#8221;default&#8221; background_color=&#8221;#755882&#8243; use_background_color_gradient=&#8221;on&#8221; background_color_gradient_direction=&#8221;80deg&#8221; background_color_gradient_stops=&#8221;rgba(44,0,71,0.88) 0%|rgba(117,88,130,0.5) 100%&#8221; background_color_gradient_overlays_image=&#8221;on&#8221; background_image=&#8221;https:\/\/assumpta-eu.org\/wp-content\/uploads\/2023\/08\/belgium_as-scaled.jpeg&#8221; z_index=&#8221;10&#8243; custom_padding=&#8221;0px||0px||true|false&#8221; custom_padding_tablet=&#8221;20px||80px||false|false&#8221; custom_padding_phone=&#8221;30px||100px||false|false&#8221; top_divider_style=&#8221;wave2&#8243; top_divider_color=&#8221;#F5F5F5&#8243; top_divider_height=&#8221;108px&#8221; top_divider_arrangement=&#8221;above_content&#8221; bottom_divider_style=&#8221;wave2&#8243; bottom_divider_color=&#8221;#F5F5F5&#8243; bottom_divider_repeat=&#8221;1x&#8221; bottom_divider_flip=&#8221;horizontal&#8221; bottom_divider_arrangement=&#8221;above_content&#8221; locked=&#8221;off&#8221; collapsed=&#8221;on&#8221; global_colors_info=&#8221;{}&#8221;][et_pb_row use_custom_gutter=&#8221;on&#8221; gutter_width=&#8221;1&#8243; make_equal=&#8221;on&#8221; _builder_version=&#8221;4.22.1&#8243; _module_preset=&#8221;default&#8221; background_enable_color=&#8221;off&#8221; background_enable_image=&#8221;off&#8221; parallax=&#8221;on&#8221; width=&#8221;100%&#8221; max_width=&#8221;100%&#8221; custom_padding=&#8221;2vw||2vw||true|false&#8221; global_colors_info=&#8221;{}&#8221;][et_pb_column type=&#8221;4_4&#8243; _builder_version=&#8221;4.18.0&#8243; _module_preset=&#8221;default&#8221; custom_padding=&#8221;10%|4%|10%|8%|true|false&#8221; global_colors_info=&#8221;{}&#8221;][et_pb_text _builder_version=&#8221;4.22.1&#8243; _module_preset=&#8221;e6504a1b-67eb-4b3d-b023-bcab277610b6&#8243; text_text_color=&#8221;#BEB2CF&#8221; header_font=&#8221;Ubuntu|||on|||||&#8221; header_text_color=&#8221;#FFD23F&#8221; header_letter_spacing=&#8221;2px&#8221; header_4_font=&#8221;Ubuntu|700||on|||||&#8221; header_4_text_color=&#8221;#FFD23F&#8221; header_4_font_size=&#8221;14px&#8221; header_4_line_height=&#8221;1.5em&#8221; custom_margin=&#8221;||0px||false|false&#8221; header_font_size_tablet=&#8221;26px&#8221; header_font_size_phone=&#8221;22px&#8221; header_font_size_last_edited=&#8221;on|phone&#8221; global_colors_info=&#8221;{}&#8221;]<\/p>\n<h1>Comunit\u00e0<\/h1>\n<p>[\/et_pb_text][et_pb_text _builder_version=&#8221;4.22.1&#8243; _module_preset=&#8221;c16985e1-e0d6-4022-964d-e2bfc04fa633&#8243; header_font=&#8221;Playfair Display||||||||&#8221; header_text_color=&#8221;#FFFFFF&#8221; header_font_size=&#8221;70px&#8221; header_letter_spacing=&#8221;2px&#8221; header_line_height=&#8221;1.1em&#8221; header_2_text_color=&#8221;#FFFFFF&#8221; header_2_font_size=&#8221;50px&#8221; header_2_line_height=&#8221;1.2em&#8221; max_width=&#8221;800px&#8221; custom_margin=&#8221;||30px||false|false&#8221; animation_style=&#8221;fade&#8221; animation_duration=&#8221;1500ms&#8221; animation_delay=&#8221;200ms&#8221; header_font_size_tablet=&#8221;40px&#8221; header_font_size_phone=&#8221;24px&#8221; header_font_size_last_edited=&#8221;on|desktop&#8221; header_2_font_size_tablet=&#8221;42px&#8221; header_2_font_size_phone=&#8221;36px&#8221; header_2_font_size_last_edited=&#8221;on|desktop&#8221; global_colors_info=&#8221;{}&#8221;]<\/p>\n<h2><span>Belgio<\/span><\/h2>\n<p>[\/et_pb_text][et_pb_text _builder_version=&#8221;4.22.1&#8243; _module_preset=&#8221;c16985e1-e0d6-4022-964d-e2bfc04fa633&#8243; text_text_color=&#8221;#F5F5F5&#8243; header_font=&#8221;Playfair Display||||||||&#8221; header_text_color=&#8221;#FFFFFF&#8221; header_font_size=&#8221;70px&#8221; header_letter_spacing=&#8221;2px&#8221; header_line_height=&#8221;1.1em&#8221; header_2_text_color=&#8221;#FFFFFF&#8221; header_2_font_size=&#8221;50px&#8221; header_2_line_height=&#8221;1.2em&#8221; max_width=&#8221;800px&#8221; custom_margin=&#8221;||30px||false|false&#8221; animation_style=&#8221;fade&#8221; animation_duration=&#8221;1500ms&#8221; animation_delay=&#8221;200ms&#8221; header_font_size_tablet=&#8221;40px&#8221; header_font_size_phone=&#8221;24px&#8221; header_font_size_last_edited=&#8221;on|desktop&#8221; header_2_font_size_tablet=&#8221;42px&#8221; header_2_font_size_phone=&#8221;36px&#8221; header_2_font_size_last_edited=&#8221;on|desktop&#8221; global_colors_info=&#8221;{}&#8221;]<\/p>\n<p><span>Dal 1902<\/span><\/p>\n<p>[\/et_pb_text][\/et_pb_column][\/et_pb_row][\/et_pb_section][et_pb_section fb_built=&#8221;1&#8243; admin_label=&#8221;About&#8221; _builder_version=&#8221;4.22.1&#8243; _module_preset=&#8221;default&#8221; background_color=&#8221;#F5F5F5&#8243; background_image=&#8221;https:\/\/assumpta-eu.org\/wp-content\/uploads\/2023\/06\/cropped-RA-EU-logos-01.png&#8221; background_size=&#8221;initial&#8221; background_position=&#8221;center_left&#8221; background_blend=&#8221;soft-light&#8221; custom_margin=&#8221;||||false|false&#8221; custom_padding=&#8221;||||false|false&#8221; locked=&#8221;off&#8221; collapsed=&#8221;on&#8221; global_colors_info=&#8221;{}&#8221;][et_pb_row _builder_version=&#8221;4.22.1&#8243; _module_preset=&#8221;default&#8221; global_colors_info=&#8221;{}&#8221;][et_pb_column type=&#8221;4_4&#8243; _builder_version=&#8221;4.22.1&#8243; _module_preset=&#8221;default&#8221; global_colors_info=&#8221;{}&#8221;][et_pb_accordion open_toggle_text_color=&#8221;#FFFFFF&#8221; open_toggle_background_color=&#8221;#755882&#8243; closed_toggle_background_color=&#8221;#BEB2CF&#8221; icon_color=&#8221;#2C0047&#8243; use_icon_font_size=&#8221;on&#8221; icon_font_size=&#8221;30px&#8221; _builder_version=&#8221;4.27.5&#8243; _module_preset=&#8221;default&#8221; toggle_text_color=&#8221;#2C0047&#8243; toggle_font_size=&#8221;30px&#8221; toggle_letter_spacing=&#8221;2px&#8221; toggle_line_height=&#8221;2em&#8221; body_font=&#8221;|300|||||||&#8221; body_text_color=&#8221;#F5F5F5&#8243; background_enable_color=&#8221;off&#8221; custom_padding=&#8221;20px|3%|20px|3%|true|true&#8221; animation_style=&#8221;fade&#8221; animation_duration=&#8221;1300ms&#8221; animation_delay=&#8221;550ms&#8221; border_radii=&#8221;on|10px|10px|10px|10px&#8221; global_colors_info=&#8221;{}&#8221;][et_pb_accordion_item title=&#8221;Comunit\u00e0 di Boitsfort&#8221; open=&#8221;on&#8221; _builder_version=&#8221;4.27.0&#8243; _module_preset=&#8221;default&#8221; global_colors_info=&#8221;{}&#8221;]Religieuses de l&#8217;Assomption<br \/>\nCommunaut\u00e9 de Boitsfort<br \/>\nRue Middelbourg 45, 1170 Bruxelles, Belgique<br \/>\nTel : +32 2660 3759<br \/>\nEmail: <a href=\"mailto:boitsfort@assomption-ra.be\"><span data-contrast=\"none\">boitsfort@assomption-ra.be<\/span><\/a><\/p>\n<p>Fondata nel 1964 come scuola primaria e secondaria. Siamo attive nella scuola e collaboriamo al suo progetto di educazione. Diamo inoltre sostegno alle nostre consorelle pi\u00f9 anziane che si trovano nella casa di riposo Sant&#8217;Anna. La cappella \u00e8 solitamente accessibile al pubblico per la preghiera nel pomeriggio.   <\/p>\n<p>Scuola secondaria <a href=\"http:\/\/www.assomption-edu.be\/\" target=\"_blank\" rel=\"noreferrer noopener\"><span data-contrast=\"none\" lang=\"FR\" class=\"TextRun Underlined SCXW135891627 BCX0\"><span class=\"NormalTextRun SCXW135891627 BCX0\" data-ccp-charstyle=\"Hyperlink\">www.assomption-edu.be<\/span><\/span><\/a><span data-contrast=\"auto\" lang=\"FR\" class=\"TextRun SCXW135891627 BCX0\"><span class=\"NormalTextRun SCXW135891627 BCX0\"><br \/>\nScuola primaria <\/span><\/span><a href=\"https:\/\/assomption-ecole.be\/\" target=\"_blank\" rel=\"noreferrer noopener\"><span data-contrast=\"none\" lang=\"FR\" class=\"TextRun Underlined SCXW135891627 BCX0\"><span class=\"NormalTextRun SCXW135891627 BCX0\" data-ccp-charstyle=\"Hyperlink\">https:\/\/assomption-ecole.be<\/span><\/span><\/a><span data-contrast=\"auto\" lang=\"FR\" class=\"TextRun SCXW135891627 BCX0\" xml:lang=\"FR\"><span class=\"NormalTextRun SCXW135891627 BCX0\"> <\/span><\/span><span class=\"EOP SCXW135891627 BCX0\" data-ccp-props=\"{\"201341983\":0,\"335551550\":6,\"335551620\":6,\"335559739\":160,\"335559740\":259}\"> <\/span><\/p>\n<div id=\"gtx-trans\" style=\"position: absolute; left: 3px; top: 286.2px;\">\n<div class=\"gtx-trans-icon\"><\/div>\n<\/div>\n<p>[\/et_pb_accordion_item][et_pb_accordion_item title=&#8221;Casa di riposo Saint Anne&#8221; _builder_version=&#8221;4.23.1&#8243; _module_preset=&#8221;default&#8221; global_colors_info=&#8221;{}&#8221; open=&#8221;off&#8221;]<\/p>\n<p>Residence Sainte Anne<br \/>Avenue L\u00e9opold Wiener 20, 1170 Watermael-Boitsfort, Belgique<\/p>\n<p>Casa di riposo vicino alla comunit\u00e0 di Boitsfort, dal 2019 ospita un piccolo gruppo di suore. &#8220;L&#8217;esempio di una vita che cammina verso Dio, nella gioia, nella serenit\u00e0 e nella bont\u00e0, \u00e8 la parola pi\u00f9 convincente per una societ\u00e0 in cerca di senso&#8230;&#8221; (Regola di Vita 126) <\/p>\n<p>[\/et_pb_accordion_item][et_pb_accordion_item title=&#8221;Comunit\u00e0 di Etterbeek&#8221; _builder_version=&#8221;4.27.0&#8243; _module_preset=&#8221;default&#8221; global_colors_info=&#8221;{}&#8221; open=&#8221;off&#8221;]Religieuses de l&#8217;Assomption<br \/>\nCommunaut\u00e9 d\u2019Etterbeek<br \/>\nRue Peter Benoit 23, 1040 Bruxelles, Belgique<br \/>\nTel: +32 2647 9082<br \/>\n<span data-contrast=\"auto\"><\/span><span data-contrast=\"auto\"><\/span>Email: <a href=\"mailto:etterbeek@assomption-ra.be\"><span data-contrast=\"none\">etterbeek@assomption-ra.be<\/span><\/a><span data-contrast=\"auto\"> <\/span><span data-ccp-props=\"{\"201341983\":0,\"335551550\":6,\"335551620\":6,\"335559739\":160,\"335559740\":259}\"> <\/span><\/p>\n<p>Fondata nel 1982 per essere ricevere studenti internazionali, la comunit\u00e0 si \u00e8 in seguito orientata verso il servizio al quartiere e alla parrocchia. La nostra missione \u00e8 centrata sulle attivit\u00e0 educative attraverso programmi di alfabetizzazione e lavoro pastorale parrocchiale. Welcome-Babbelkot \u00e8 un&#8217;associazione non a scopo di lucro fondata dalla comunit\u00e0, che coinvolge un gran numero di volontari.   <a href=\"https:\/\/welcome-babbelkot.be\" target=\"_blank\" rel=\"noreferrer noopener\">https:\/\/welcome-babbelkot.be<\/a>[\/et_pb_accordion_item][et_pb_accordion_item title=&#8221;Residenza La Colombi\u00e8re&#8221; _builder_version=&#8221;4.27.5&#8243; _module_preset=&#8221;default&#8221; global_colors_info=&#8221;{}&#8221; open=&#8221;off&#8221;]<\/p>\n<p>Rue Maurice Li\u00e9tart, 31,<br \/>1150 Woluwe-Saint-Pierre, Bruxelles, Belgique<\/p>\n<p>Casa di riposo che dal 2025 ospita un piccolo numero di suore.<\/p>\n<p>[\/et_pb_accordion_item][et_pb_accordion_item title=&#8221;Comunit\u00e0 di Tournai&#8221; _builder_version=&#8221;4.27.0&#8243; _module_preset=&#8221;default&#8221; global_colors_info=&#8221;{}&#8221; open=&#8221;off&#8221;]Religieuses de l&#8217;Assomption<br \/>\nCommunaut\u00e9 de Tournai<br \/>\nRue des J\u00e9suites 28, 7500 Tournai, Belgique<br \/>\nTel: +32 6936 2507<br \/>\n<span data-contrast=\"auto\">Email: <\/span><a href=\"mailto:tournai@assomption-ra.be\"><span data-contrast=\"none\">tournai@assomption-ra.be<\/span><\/a><\/p>\n<p>La nostra comunit\u00e0 si trova nel cuore della citt\u00e0 di Tournai e al centro della vita della diocesi. Siamo state invitate a Tournai nel 2002 per animare la preghiera e la liturgia nel seminario in cui viviamo. Partecipiamo anche alla pastorale giovanile di Tournai e alla formazione biblica nella diocesi. Offriamo supporto ai residenti del seminario, che includono un gruppo di studenti e dei giovani ucraini. La cappella \u00e8 aperta durante il giorno e tutti sono invitati a unirsi a noi per la preghiera liturgica. Per informazioni e tutti gli orari delle celebrazioni <a href=\"http:\/\/www.egliseinfo.be\" target=\"_blank\" rel=\"noreferrer noopener\">www.egliseinfo.be<\/a>     <\/p>\n<p><span data-contrast=\"auto\">Seminario vescovile di Tournai e Kot Silo\u00e9 (residenza studentesca) <\/span><a href=\"https:\/\/www.seminaire-tournai.be\/\" target=\"_blank\" rel=\"noreferrer noopener\"><span data-contrast=\"none\">https:\/\/www.seminaire-tournai.be<\/span><\/a>[\/et_pb_accordion_item][\/et_pb_accordion][\/et_pb_column][\/et_pb_row][\/et_pb_section][et_pb_section fb_built=&#8221;1&#8243; _builder_version=&#8221;4.22.1&#8243; _module_preset=&#8221;default&#8221; custom_padding=&#8221;0px|0px|0px|0px|true|true&#8221; top_divider_style=&#8221;wave2&#8243; top_divider_color=&#8221;#F5F5F5&#8243; top_divider_arrangement=&#8221;above_content&#8221; bottom_divider_style=&#8221;wave2&#8243; bottom_divider_color=&#8221;#FFFFFF&#8221; bottom_divider_arrangement=&#8221;above_content&#8221; global_colors_info=&#8221;{}&#8221;][et_pb_row column_structure=&#8221;1_4,1_4,1_4,1_4&#8243; use_custom_gutter=&#8221;on&#8221; gutter_width=&#8221;1&#8243; make_equal=&#8221;on&#8221; _builder_version=&#8221;4.22.1&#8243; _module_preset=&#8221;default&#8221; width=&#8221;100%&#8221; max_width=&#8221;5000px&#8221; custom_padding=&#8221;0px||0px||true|false&#8221; global_colors_info=&#8221;{}&#8221;][et_pb_column type=&#8221;1_4&#8243; _builder_version=&#8221;4.22.1&#8243; _module_preset=&#8221;default&#8221; background_color=&#8221;#755882&#8243; background_image=&#8221;https:\/\/assumpta-eu.org\/wp-content\/uploads\/2023\/08\/england_as-scaled.jpeg&#8221; background_blend=&#8221;multiply&#8221; custom_padding=&#8221;20vw||20vw||true|false&#8221; link_option_url=&#8221;https:\/\/assumpta-eu.org\/it\/comunita\/regno-unito\/&#8221; global_colors_info=&#8221;{}&#8221; background__hover_enabled=&#8221;on|hover&#8221; background_color__hover=&#8221;#FFD23F&#8221; background_enable_color__hover=&#8221;on&#8221;][et_pb_text _builder_version=&#8221;4.22.1&#8243; _module_preset=&#8221;default&#8221; text_text_color=&#8221;#FFD23F&#8221; text_font_size=&#8221;30px&#8221; text_orientation=&#8221;center&#8221; global_colors_info=&#8221;{}&#8221;]<\/p>\n<p>Regno Unito<\/p>\n<p>[\/et_pb_text][\/et_pb_column][et_pb_column type=&#8221;1_4&#8243; _builder_version=&#8221;4.22.1&#8243; _module_preset=&#8221;default&#8221; background_color=&#8221;#755882&#8243; background_image=&#8221;https:\/\/assumpta-eu.org\/wp-content\/uploads\/2023\/08\/belgium_as-scaled.jpeg&#8221; background_blend=&#8221;multiply&#8221; custom_padding=&#8221;20vw||20vw||true|false&#8221; link_option_url=&#8221;https:\/\/assumpta-eu.org\/it\/comunita\/belgio\/&#8221; global_colors_info=&#8221;{}&#8221; background__hover_enabled=&#8221;on|hover&#8221; background_color__hover=&#8221;#FFD23F&#8221; background_enable_color__hover=&#8221;on&#8221;][et_pb_text _builder_version=&#8221;4.22.1&#8243; _module_preset=&#8221;default&#8221; text_text_color=&#8221;#FFD23F&#8221; text_font_size=&#8221;30px&#8221; text_orientation=&#8221;center&#8221; global_colors_info=&#8221;{}&#8221;]<\/p>\n<p>Belgio<\/p>\n<p>[\/et_pb_text][\/et_pb_column][et_pb_column type=&#8221;1_4&#8243; _builder_version=&#8221;4.22.1&#8243; _module_preset=&#8221;default&#8221; background_color=&#8221;#755882&#8243; background_image=&#8221;https:\/\/assumpta-eu.org\/wp-content\/uploads\/2023\/08\/italy_as-scaled.jpeg&#8221; background_blend=&#8221;multiply&#8221; custom_padding=&#8221;20vw||20vw||true|false&#8221; link_option_url=&#8221;https:\/\/assumpta-eu.org\/it\/comunita\/italia\/&#8221; global_colors_info=&#8221;{}&#8221; background__hover_enabled=&#8221;on|hover&#8221; background_color__hover=&#8221;#FFD23F&#8221; background_enable_color__hover=&#8221;on&#8221;][et_pb_text _builder_version=&#8221;4.22.1&#8243; _module_preset=&#8221;default&#8221; text_text_color=&#8221;#FFD23F&#8221; text_font_size=&#8221;30px&#8221; text_orientation=&#8221;center&#8221; global_colors_info=&#8221;{}&#8221;]<\/p>\n<p>Italia<\/p>\n<p>[\/et_pb_text][\/et_pb_column][et_pb_column type=&#8221;1_4&#8243; _builder_version=&#8221;4.22.1&#8243; _module_preset=&#8221;default&#8221; background_color=&#8221;#755882&#8243; background_image=&#8221;https:\/\/assumpta-eu.org\/wp-content\/uploads\/2023\/08\/Lithuania_as-scaled.jpeg&#8221; background_blend=&#8221;multiply&#8221; custom_padding=&#8221;20vw||20vw||true|false&#8221; link_option_url=&#8221;https:\/\/assumpta-eu.org\/it\/comunita\/lituania\/&#8221; global_colors_info=&#8221;{}&#8221; background__hover_enabled=&#8221;on|hover&#8221; background_color__hover=&#8221;#FFD23F&#8221; background_enable_color__hover=&#8221;on&#8221;][et_pb_text _builder_version=&#8221;4.22.1&#8243; _module_preset=&#8221;default&#8221; text_text_color=&#8221;#FFD23F&#8221; text_font_size=&#8221;30px&#8221; text_orientation=&#8221;center&#8221; global_colors_info=&#8221;{}&#8221;]<\/p>\n<p>Lituania<\/p>\n<p>[\/et_pb_text][\/et_pb_column][\/et_pb_row][\/et_pb_section][et_pb_section fb_built=&#8221;1&#8243; _builder_version=&#8221;4.22.1&#8243; _module_preset=&#8221;default&#8221; background_color=&#8221;rgba(255,255,255,0.7)&#8221; background_image=&#8221;https:\/\/assumpta-eu.org\/wp-content\/uploads\/2023\/08\/Captura-de-pantalla-2023-08-23-a-las-13.30.13.png&#8221; background_size=&#8221;contain&#8221; background_blend=&#8221;screen&#8221; custom_padding=&#8221;10vw||10vw||true|false&#8221; bottom_divider_style=&#8221;wave2&#8243; bottom_divider_color=&#8221;#2C0047&#8243; link_option_url=&#8221;\/communities\/world&#8221; global_colors_info=&#8221;{}&#8221; background__hover_enabled=&#8221;on|hover&#8221; background_color__hover=&#8221;rgba(255,255,255,0.35)&#8221; background_enable_color__hover=&#8221;on&#8221; background_blend__hover=&#8221;screen&#8221;][et_pb_row _builder_version=&#8221;4.22.1&#8243; _module_preset=&#8221;default&#8221; global_colors_info=&#8221;{}&#8221;][et_pb_column type=&#8221;4_4&#8243; _builder_version=&#8221;4.22.1&#8243; _module_preset=&#8221;default&#8221; global_colors_info=&#8221;{}&#8221;][et_pb_text _builder_version=&#8221;4.23.1&#8243; _module_preset=&#8221;default&#8221; text_text_color=&#8221;#755882&#8243; text_font_size=&#8221;40px&#8221; text_orientation=&#8221;center&#8221; global_colors_info=&#8221;{}&#8221;]<\/p>\n<p>Nel mondo<\/p>\n<p>[\/et_pb_text][\/et_pb_column][\/et_pb_row][\/et_pb_section]<\/p>\n","protected":false},"excerpt":{"rendered":"<p>Comunit\u00e0BelgioDal 1902Religieuses de l&#8217;Assomption Communaut\u00e9 de Boitsfort Rue Middelbourg 45, 1170 Bruxelles, Belgique Tel : +32 2660 3759 Email: boitsfort@assomption-ra.be Fondata nel 1964 come scuola primaria e secondaria. Siamo attive nella scuola e collaboriamo al suo progetto di educazione. Diamo inoltre sostegno alle nostre consorelle pi\u00f9 anziane che si trovano nella casa di riposo Sant&#8217;Anna. [&hellip;]<\/p>\n","protected":false},"author":1,"featured_media":0,"parent":1335,"menu_order":0,"comment_status":"closed","ping_status":"closed","template":"","meta":{"_et_pb_use_builder":"on","_et_pb_old_content":"","_et_gb_content_width":"","footnotes":""},"class_list":["post-2174","page","type-page","status-publish","hentry"],"yoast_head":"<!-- This site is optimized with the Yoast SEO plugin v27.5 - https:\/\/yoast.com\/product\/yoast-seo-wordpress\/ -->\n<title>Belgio - Religious of the Assumption &gt; Province of Europe<\/title>\n<meta name=\"robots\" content=\"index, follow, max-snippet:-1, max-image-preview:large, max-video-preview:-1\" \/>\n<link rel=\"canonical\" href=\"https:\/\/assumpta-eu.org\/it\/comunita\/belgio\/\" \/>\n<meta property=\"og:locale\" content=\"it_IT\" \/>\n<meta property=\"og:type\" content=\"article\" \/>\n<meta property=\"og:title\" content=\"Belgio - Religious of the Assumption &gt; Province of Europe\" \/>\n<meta property=\"og:description\" content=\"Comunit\u00e0BelgioDal 1902Religieuses de l&#039;Assomption Communaut\u00e9 de Boitsfort Rue Middelbourg 45, 1170 Bruxelles, Belgique Tel : +32 2660 3759 Email: boitsfort@assomption-ra.be Fondata nel 1964 come scuola primaria e secondaria. Siamo attive nella scuola e collaboriamo al suo progetto di educazione. Diamo inoltre sostegno alle nostre consorelle pi\u00f9 anziane che si trovano nella casa di riposo Sant&#039;Anna. [&hellip;]\" \/>\n<meta property=\"og:url\" content=\"https:\/\/assumpta-eu.org\/it\/comunita\/belgio\/\" \/>\n<meta property=\"og:site_name\" content=\"Religious of the Assumption &gt; Province of Europe\" \/>\n<meta property=\"article:publisher\" content=\"http:\/\/www.facebook.com\/assumptionUK\" \/>\n<meta property=\"article:modified_time\" content=\"2025-12-18T11:35:39+00:00\" \/>\n<meta name=\"twitter:card\" content=\"summary_large_image\" \/>\n<meta name=\"twitter:site\" content=\"@AssumptionRA\" \/>\n<meta name=\"twitter:label1\" content=\"Tempo di lettura stimato\" \/>\n\t<meta name=\"twitter:data1\" content=\"8 minuti\" \/>\n<script type=\"application\/ld+json\" class=\"yoast-schema-graph\">{\"@context\":\"https:\\\/\\\/schema.org\",\"@graph\":[{\"@type\":\"WebPage\",\"@id\":\"https:\\\/\\\/assumpta-eu.org\\\/it\\\/comunita\\\/belgio\\\/\",\"url\":\"https:\\\/\\\/assumpta-eu.org\\\/it\\\/comunita\\\/belgio\\\/\",\"name\":\"Belgio - Religious of the Assumption &gt; Province of Europe\",\"isPartOf\":{\"@id\":\"https:\\\/\\\/assumpta-eu.org\\\/it\\\/#website\"},\"datePublished\":\"2023-08-23T11:00:39+00:00\",\"dateModified\":\"2025-12-18T11:35:39+00:00\",\"breadcrumb\":{\"@id\":\"https:\\\/\\\/assumpta-eu.org\\\/it\\\/comunita\\\/belgio\\\/#breadcrumb\"},\"inLanguage\":\"it-IT\",\"potentialAction\":[{\"@type\":\"ReadAction\",\"target\":[\"https:\\\/\\\/assumpta-eu.org\\\/it\\\/comunita\\\/belgio\\\/\"]}]},{\"@type\":\"BreadcrumbList\",\"@id\":\"https:\\\/\\\/assumpta-eu.org\\\/it\\\/comunita\\\/belgio\\\/#breadcrumb\",\"itemListElement\":[{\"@type\":\"ListItem\",\"position\":1,\"name\":\"Home\",\"item\":\"https:\\\/\\\/assumpta-eu.org\\\/it\\\/\"},{\"@type\":\"ListItem\",\"position\":2,\"name\":\"Comunit\u00e0\",\"item\":\"https:\\\/\\\/assumpta-eu.org\\\/it\\\/comunita\\\/\"},{\"@type\":\"ListItem\",\"position\":3,\"name\":\"Belgio\"}]},{\"@type\":\"WebSite\",\"@id\":\"https:\\\/\\\/assumpta-eu.org\\\/it\\\/#website\",\"url\":\"https:\\\/\\\/assumpta-eu.org\\\/it\\\/\",\"name\":\"Province of Europe of the Religious of the Assumption\",\"description\":\"Make Christ known and loved\",\"publisher\":{\"@id\":\"https:\\\/\\\/assumpta-eu.org\\\/it\\\/#organization\"},\"potentialAction\":[{\"@type\":\"SearchAction\",\"target\":{\"@type\":\"EntryPoint\",\"urlTemplate\":\"https:\\\/\\\/assumpta-eu.org\\\/it\\\/?s={search_term_string}\"},\"query-input\":{\"@type\":\"PropertyValueSpecification\",\"valueRequired\":true,\"valueName\":\"search_term_string\"}}],\"inLanguage\":\"it-IT\"},{\"@type\":\"Organization\",\"@id\":\"https:\\\/\\\/assumpta-eu.org\\\/it\\\/#organization\",\"name\":\"Religious of the Assumption\",\"url\":\"https:\\\/\\\/assumpta-eu.org\\\/it\\\/\",\"logo\":{\"@type\":\"ImageObject\",\"inLanguage\":\"it-IT\",\"@id\":\"https:\\\/\\\/assumpta-eu.org\\\/it\\\/#\\\/schema\\\/logo\\\/image\\\/\",\"url\":\"https:\\\/\\\/assumpta-eu.org\\\/wp-content\\\/uploads\\\/2023\\\/06\\\/RA-EU-logos-02.png\",\"contentUrl\":\"https:\\\/\\\/assumpta-eu.org\\\/wp-content\\\/uploads\\\/2023\\\/06\\\/RA-EU-logos-02.png\",\"width\":705,\"height\":729,\"caption\":\"Religious of the Assumption\"},\"image\":{\"@id\":\"https:\\\/\\\/assumpta-eu.org\\\/it\\\/#\\\/schema\\\/logo\\\/image\\\/\"},\"sameAs\":[\"http:\\\/\\\/www.facebook.com\\\/assumptionUK\",\"https:\\\/\\\/x.com\\\/AssumptionRA\",\"http:\\\/\\\/www.instagram.com\\\/assumptionuk\"]}]}<\/script>\n<!-- \/ Yoast SEO plugin. -->","yoast_head_json":{"title":"Belgio - Religious of the Assumption &gt; Province of Europe","robots":{"index":"index","follow":"follow","max-snippet":"max-snippet:-1","max-image-preview":"max-image-preview:large","max-video-preview":"max-video-preview:-1"},"canonical":"https:\/\/assumpta-eu.org\/it\/comunita\/belgio\/","og_locale":"it_IT","og_type":"article","og_title":"Belgio - Religious of the Assumption &gt; Province of Europe","og_description":"Comunit\u00e0BelgioDal 1902Religieuses de l'Assomption Communaut\u00e9 de Boitsfort Rue Middelbourg 45, 1170 Bruxelles, Belgique Tel : +32 2660 3759 Email: boitsfort@assomption-ra.be Fondata nel 1964 come scuola primaria e secondaria. Siamo attive nella scuola e collaboriamo al suo progetto di educazione. Diamo inoltre sostegno alle nostre consorelle pi\u00f9 anziane che si trovano nella casa di riposo Sant'Anna. [&hellip;]","og_url":"https:\/\/assumpta-eu.org\/it\/comunita\/belgio\/","og_site_name":"Religious of the Assumption &gt; Province of Europe","article_publisher":"http:\/\/www.facebook.com\/assumptionUK","article_modified_time":"2025-12-18T11:35:39+00:00","twitter_card":"summary_large_image","twitter_site":"@AssumptionRA","twitter_misc":{"Tempo di lettura stimato":"8 minuti"},"schema":{"@context":"https:\/\/schema.org","@graph":[{"@type":"WebPage","@id":"https:\/\/assumpta-eu.org\/it\/comunita\/belgio\/","url":"https:\/\/assumpta-eu.org\/it\/comunita\/belgio\/","name":"Belgio - Religious of the Assumption &gt; Province of Europe","isPartOf":{"@id":"https:\/\/assumpta-eu.org\/it\/#website"},"datePublished":"2023-08-23T11:00:39+00:00","dateModified":"2025-12-18T11:35:39+00:00","breadcrumb":{"@id":"https:\/\/assumpta-eu.org\/it\/comunita\/belgio\/#breadcrumb"},"inLanguage":"it-IT","potentialAction":[{"@type":"ReadAction","target":["https:\/\/assumpta-eu.org\/it\/comunita\/belgio\/"]}]},{"@type":"BreadcrumbList","@id":"https:\/\/assumpta-eu.org\/it\/comunita\/belgio\/#breadcrumb","itemListElement":[{"@type":"ListItem","position":1,"name":"Home","item":"https:\/\/assumpta-eu.org\/it\/"},{"@type":"ListItem","position":2,"name":"Comunit\u00e0","item":"https:\/\/assumpta-eu.org\/it\/comunita\/"},{"@type":"ListItem","position":3,"name":"Belgio"}]},{"@type":"WebSite","@id":"https:\/\/assumpta-eu.org\/it\/#website","url":"https:\/\/assumpta-eu.org\/it\/","name":"Province of Europe of the Religious of the Assumption","description":"Make Christ known and loved","publisher":{"@id":"https:\/\/assumpta-eu.org\/it\/#organization"},"potentialAction":[{"@type":"SearchAction","target":{"@type":"EntryPoint","urlTemplate":"https:\/\/assumpta-eu.org\/it\/?s={search_term_string}"},"query-input":{"@type":"PropertyValueSpecification","valueRequired":true,"valueName":"search_term_string"}}],"inLanguage":"it-IT"},{"@type":"Organization","@id":"https:\/\/assumpta-eu.org\/it\/#organization","name":"Religious of the Assumption","url":"https:\/\/assumpta-eu.org\/it\/","logo":{"@type":"ImageObject","inLanguage":"it-IT","@id":"https:\/\/assumpta-eu.org\/it\/#\/schema\/logo\/image\/","url":"https:\/\/assumpta-eu.org\/wp-content\/uploads\/2023\/06\/RA-EU-logos-02.png","contentUrl":"https:\/\/assumpta-eu.org\/wp-content\/uploads\/2023\/06\/RA-EU-logos-02.png","width":705,"height":729,"caption":"Religious of the Assumption"},"image":{"@id":"https:\/\/assumpta-eu.org\/it\/#\/schema\/logo\/image\/"},"sameAs":["http:\/\/www.facebook.com\/assumptionUK","https:\/\/x.com\/AssumptionRA","http:\/\/www.instagram.com\/assumptionuk"]}]}},"_links":{"self":[{"href":"https:\/\/assumpta-eu.org\/it\/wp-json\/wp\/v2\/pages\/2174","targetHints":{"allow":["GET"]}}],"collection":[{"href":"https:\/\/assumpta-eu.org\/it\/wp-json\/wp\/v2\/pages"}],"about":[{"href":"https:\/\/assumpta-eu.org\/it\/wp-json\/wp\/v2\/types\/page"}],"author":[{"embeddable":true,"href":"https:\/\/assumpta-eu.org\/it\/wp-json\/wp\/v2\/users\/1"}],"replies":[{"embeddable":true,"href":"https:\/\/assumpta-eu.org\/it\/wp-json\/wp\/v2\/comments?post=2174"}],"version-history":[{"count":40,"href":"https:\/\/assumpta-eu.org\/it\/wp-json\/wp\/v2\/pages\/2174\/revisions"}],"predecessor-version":[{"id":6429,"href":"https:\/\/assumpta-eu.org\/it\/wp-json\/wp\/v2\/pages\/2174\/revisions\/6429"}],"up":[{"embeddable":true,"href":"https:\/\/assumpta-eu.org\/it\/wp-json\/wp\/v2\/pages\/1335"}],"wp:attachment":[{"href":"https:\/\/assumpta-eu.org\/it\/wp-json\/wp\/v2\/media?parent=2174"}],"curies":[{"name":"wp","href":"https:\/\/api.w.org\/{rel}","templated":true}]}}