{"id":1460,"date":"2023-08-25T07:33:12","date_gmt":"2023-08-25T05:33:12","guid":{"rendered":"https:\/\/assumpta-eu.org\/missione\/giovani\/"},"modified":"2026-02-17T17:10:33","modified_gmt":"2026-02-17T16:10:33","slug":"giovani","status":"publish","type":"page","link":"https:\/\/assumpta-eu.org\/it\/missione\/giovani\/","title":{"rendered":"Giovani"},"content":{"rendered":"<p>[et_pb_section fb_built=&#8221;1&#8243; custom_padding_last_edited=&#8221;on|phone&#8221; admin_label=&#8221;Header&#8221; _builder_version=&#8221;4.22.1&#8243; _module_preset=&#8221;default&#8221; background_color=&#8221;#755882&#8243; use_background_color_gradient=&#8221;on&#8221; background_color_gradient_direction=&#8221;80deg&#8221; background_color_gradient_stops=&#8221;rgba(44,0,71,0.88) 0%|rgba(117,88,130,0.5) 100%&#8221; background_color_gradient_overlays_image=&#8221;on&#8221; background_image=&#8221;https:\/\/assumpta-eu.org\/wp-content\/uploads\/2023\/08\/melanie_as-1-scaled.jpg&#8221; parallax=&#8221;on&#8221; z_index=&#8221;10&#8243; custom_padding=&#8221;0px||0px||true|false&#8221; custom_padding_tablet=&#8221;20px||80px||false|false&#8221; custom_padding_phone=&#8221;30px||100px||false|false&#8221; top_divider_style=&#8221;wave2&#8243; top_divider_color=&#8221;#F5F5F5&#8243; top_divider_height=&#8221;108px&#8221; top_divider_arrangement=&#8221;above_content&#8221; bottom_divider_style=&#8221;wave2&#8243; bottom_divider_color=&#8221;#F5F5F5&#8243; bottom_divider_repeat=&#8221;1x&#8221; bottom_divider_flip=&#8221;horizontal&#8221; bottom_divider_arrangement=&#8221;above_content&#8221; locked=&#8221;off&#8221; collapsed=&#8221;on&#8221; global_colors_info=&#8221;{}&#8221;][et_pb_row use_custom_gutter=&#8221;on&#8221; gutter_width=&#8221;1&#8243; make_equal=&#8221;on&#8221; _builder_version=&#8221;4.21.0&#8243; _module_preset=&#8221;default&#8221; background_enable_color=&#8221;off&#8221; background_enable_image=&#8221;off&#8221; parallax=&#8221;on&#8221; width=&#8221;100%&#8221; max_width=&#8221;100%&#8221; custom_padding=&#8221;6vw||6vw||true|false&#8221; global_colors_info=&#8221;{}&#8221;][et_pb_column type=&#8221;4_4&#8243; _builder_version=&#8221;4.18.0&#8243; _module_preset=&#8221;default&#8221; custom_padding=&#8221;10%|4%|10%|8%|true|false&#8221; global_colors_info=&#8221;{}&#8221;][et_pb_text _builder_version=&#8221;4.22.1&#8243; _module_preset=&#8221;e6504a1b-67eb-4b3d-b023-bcab277610b6&#8243; text_text_color=&#8221;#BEB2CF&#8221; header_font=&#8221;Ubuntu|||on|||||&#8221; header_text_color=&#8221;#FFD23F&#8221; header_letter_spacing=&#8221;2px&#8221; header_4_font=&#8221;Ubuntu|700||on|||||&#8221; header_4_text_color=&#8221;#FFD23F&#8221; header_4_font_size=&#8221;14px&#8221; header_4_line_height=&#8221;1.5em&#8221; custom_margin=&#8221;||0px||false|false&#8221; header_font_size_tablet=&#8221;26px&#8221; header_font_size_phone=&#8221;22px&#8221; header_font_size_last_edited=&#8221;on|phone&#8221; global_colors_info=&#8221;{}&#8221;]<\/p>\n<h1>Missione<\/h1>\n<p>[\/et_pb_text][et_pb_text _builder_version=&#8221;4.22.1&#8243; _module_preset=&#8221;c16985e1-e0d6-4022-964d-e2bfc04fa633&#8243; header_font=&#8221;Playfair Display||||||||&#8221; header_text_color=&#8221;#FFFFFF&#8221; header_font_size=&#8221;70px&#8221; header_letter_spacing=&#8221;2px&#8221; header_line_height=&#8221;1.1em&#8221; header_2_text_color=&#8221;#FFFFFF&#8221; header_2_font_size=&#8221;50px&#8221; header_2_line_height=&#8221;1.2em&#8221; max_width=&#8221;800px&#8221; custom_margin=&#8221;||30px||false|false&#8221; animation_style=&#8221;fade&#8221; animation_duration=&#8221;1500ms&#8221; animation_delay=&#8221;200ms&#8221; header_font_size_tablet=&#8221;40px&#8221; header_font_size_phone=&#8221;24px&#8221; header_font_size_last_edited=&#8221;on|desktop&#8221; header_2_font_size_tablet=&#8221;42px&#8221; header_2_font_size_phone=&#8221;36px&#8221; header_2_font_size_last_edited=&#8221;on|desktop&#8221; global_colors_info=&#8221;{}&#8221;]<\/p>\n<h2>Giovani<\/h2>\n<p>[\/et_pb_text][et_pb_text module_class=&#8221;claro&#8221; _builder_version=&#8221;4.23.1&#8243; _module_preset=&#8221;1f09816e-184e-4ce5-a4cf-b39c52c423ca&#8221; text_font=&#8221;||||||||&#8221; text_text_color=&#8221;#F5F5F5&#8243; text_line_height=&#8221;1.8em&#8221; header_text_align=&#8221;center&#8221; max_width=&#8221;800px&#8221; module_alignment=&#8221;left&#8221; custom_margin=&#8221;||30px||false|false&#8221; animation_style=&#8221;fade&#8221; animation_duration=&#8221;1500ms&#8221; animation_delay=&#8221;400ms&#8221; text_font_size_tablet=&#8221;15px&#8221; text_font_size_phone=&#8221;14px&#8221; text_font_size_last_edited=&#8221;on|phone&#8221; header_font_size_tablet=&#8221;55px&#8221; header_font_size_last_edited=&#8221;off|desktop&#8221; global_colors_info=&#8221;{}&#8221;]<\/p>\n<p><em><span data-contrast=\"auto\" xml:lang=\"EN-US\" lang=\"EN-US\" class=\"TextRun SCXW102881961 BCX0\"><span class=\"NormalTextRun SCXW102881961 BCX0\">\u201c<span class=\"NormalTextRun SCXW5571058 BCX0\">Come agli inizi della<\/span> <span class=\"NormalTextRun SCXW5571058 BCX0\">congregazione<\/span>,<span class=\"NormalTextRun SCXW5571058 BCX0\"> i giovani sono la nostra priorit\u00e0: sono la societ\u00e0 di domani e devono essere messi in grado di assumere responsabilit\u00e0 nella costruzione di un mondo pi\u00f9 evangelico.<\/span><\/span><\/span><span data-contrast=\"auto\" xml:lang=\"EN-US\" lang=\"EN-US\" class=\"TextRun SCXW102881961 BCX0\"><span class=\"NormalTextRun SCXW102881961 BCX0\">\u201d<\/span><\/span><\/em><\/p>\n<p style=\"text-align: right;\"><strong><span data-contrast=\"auto\" xml:lang=\"EN-GB\" lang=\"EN-GB\" class=\"TextRun SCXW28508394 BCX0\"><span class=\"NormalTextRun SCXW28508394 BCX0\"><span class=\"EOP SCXW102881961 BCX0\" data-ccp-props=\"{\"201341983\":0,\"335559739\":160,\"335559740\":259}\"><span data-contrast=\"auto\" lang=\"IT-IT\" class=\"TextRun SCXW268232239 BCX0\"><span class=\"NormalTextRun SCXW268232239 BCX0\">Regola di Vita delle Religiose dell&#8217;Assunzione<\/span><\/span><\/span> No. 80<\/span><\/span><\/strong><\/p>\n<p>[\/et_pb_text][\/et_pb_column][\/et_pb_row][\/et_pb_section][et_pb_section fb_built=&#8221;1&#8243; admin_label=&#8221;About&#8221; _builder_version=&#8221;4.21.0&#8243; _module_preset=&#8221;default&#8221; background_color=&#8221;#F5F5F5&#8243; background_enable_image=&#8221;off&#8221; background_size=&#8221;custom&#8221; background_image_width=&#8221;800px&#8221; background_position=&#8221;bottom_left&#8221; background_horizontal_offset=&#8221;-28%&#8221; background_blend=&#8221;multiply&#8221; custom_margin=&#8221;||||false|false&#8221; custom_padding=&#8221;0px||0px||false|false&#8221; locked=&#8221;off&#8221; collapsed=&#8221;on&#8221; global_colors_info=&#8221;{}&#8221;][et_pb_row column_structure=&#8221;3_5,2_5&#8243; make_equal=&#8221;on&#8221; _builder_version=&#8221;4.21.0&#8243; _module_preset=&#8221;default&#8221; width=&#8221;90%&#8221; module_alignment=&#8221;center&#8221; custom_padding=&#8221;0px||0px||true|false&#8221; global_colors_info=&#8221;{}&#8221;][et_pb_column type=&#8221;3_5&#8243; _builder_version=&#8221;4.21.0&#8243; _module_preset=&#8221;default&#8221; custom_padding=&#8221;8%||20px||false|true&#8221; global_colors_info=&#8221;{}&#8221;][et_pb_text _builder_version=&#8221;4.23.1&#8243; _module_preset=&#8221;e6504a1b-67eb-4b3d-b023-bcab277610b6&#8243; header_4_font=&#8221;Ubuntu|700||on|||||&#8221; header_4_text_align=&#8221;left&#8221; header_4_text_color=&#8221;#9583B3&#8243; header_4_font_size=&#8221;14px&#8221; header_4_line_height=&#8221;1.5em&#8221; custom_margin=&#8221;||0px||false|false&#8221; global_colors_info=&#8221;{}&#8221;]<\/p>\n<h4><span>Pastorale giovanile<\/span><\/h4>\n<div id=\"gtx-trans\" style=\"position: absolute; left: 352px; top: -3.925px;\">\n<div class=\"gtx-trans-icon\"><\/div>\n<\/div>\n<p>[\/et_pb_text][et_pb_text _builder_version=&#8221;4.23.1&#8243; _module_preset=&#8221;b327cbe4-b1d5-4b66-ad37-40c8f2f061ba&#8221; header_text_align=&#8221;left&#8221; header_2_font=&#8221;Playfair Display||||||||&#8221; header_2_text_align=&#8221;left&#8221; header_2_text_color=&#8221;#2C0047&#8243; header_2_font_size=&#8221;45px&#8221; header_2_letter_spacing=&#8221;2px&#8221; header_2_line_height=&#8221;1.35em&#8221; custom_margin=&#8221;||30px||false|false&#8221; animation_style=&#8221;fade&#8221; animation_duration=&#8221;1500ms&#8221; animation_delay=&#8221;200ms&#8221; header_2_font_size_tablet=&#8221;32px&#8221; header_2_font_size_phone=&#8221;20px&#8221; header_2_font_size_last_edited=&#8221;on|desktop&#8221; global_colors_info=&#8221;{}&#8221;]<\/p>\n<h2>Camminare assieme<\/h2>\n<p>[\/et_pb_text][et_pb_text _builder_version=&#8221;4.23.1&#8243; _module_preset=&#8221;1f09816e-184e-4ce5-a4cf-b39c52c423ca&#8221; text_font=&#8221;||||||||&#8221; text_line_height=&#8221;1.8em&#8221; header_text_align=&#8221;center&#8221; max_width=&#8221;800%&#8221; module_alignment=&#8221;left&#8221; custom_margin=&#8221;||30px||false|false&#8221; animation_style=&#8221;fade&#8221; animation_duration=&#8221;1500ms&#8221; animation_delay=&#8221;400ms&#8221; text_font_size_tablet=&#8221;15px&#8221; text_font_size_phone=&#8221;14px&#8221; text_font_size_last_edited=&#8221;on|phone&#8221; header_font_size_tablet=&#8221;55px&#8221; header_font_size_last_edited=&#8221;off|desktop&#8221; global_colors_info=&#8221;{}&#8221;]<\/p>\n<p>Le nostre attivit\u00e0 mirano ad aiutare i giovani a <strong>trovare<\/strong> un <strong>senso<\/strong> nella loro vita e a contribuire alla loro formazione umana e spirituale. Ci rallegriamo per il dono che i giovani rappresentano per la Chiesa e per il mondo oggi.<\/p>\n<blockquote>\n<p><em>\u201c<strong>Siamo convinte<\/strong> che il nostro carisma, attraverso la sua dimensione comunitaria, il suo carattere internazionale, la sua forte spiritualit\u00e0 e il suo impegno per la <strong>trasformazione della societ\u00e0<\/strong>, possa rispondere ai desideri pi\u00f9 profondi dei giovani di oggi. Come Assunzione Insieme, crediamo che ogni persona abbia una <strong>missione nella vita<\/strong>. Cos\u00ec, vogliamo camminare a fianco dei giovani che incontriamo, per accompagnarli nella loro ricerca vocazionale e rispondere alla loro sete di spiritualit\u00e0.\u201d<\/em><\/p>\n<\/blockquote>\n<p style=\"text-align: right;\"><strong>Capitolo Generale della congregazione, Lourdes 2018<\/strong><\/p>\n<p>[\/et_pb_text][\/et_pb_column][et_pb_column type=&#8221;2_5&#8243; _builder_version=&#8221;4.21.0&#8243; _module_preset=&#8221;default&#8221; custom_padding=&#8221;8%||20px||false|true&#8221; global_colors_info=&#8221;{}&#8221;][et_pb_image src=&#8221;https:\/\/assumpta-eu.org\/wp-content\/uploads\/2023\/08\/relecture-jeunes_as.jpg&#8221; title_text=&#8221;relecture jeunes_as&#8221; disabled_on=&#8221;on|on|off&#8221; _builder_version=&#8221;4.22.1&#8243; _module_preset=&#8221;default&#8221; max_width=&#8221;360px&#8221; module_alignment=&#8221;right&#8221; animation_style=&#8221;slide&#8221; animation_direction=&#8221;right&#8221; animation_duration=&#8221;1400ms&#8221; animation_delay=&#8221;400ms&#8221; border_radii=&#8221;on|10px|10px|10px|10px&#8221; box_shadow_style=&#8221;preset2&#8243; global_colors_info=&#8221;{}&#8221;][\/et_pb_image][\/et_pb_column][\/et_pb_row][\/et_pb_section][et_pb_section fb_built=&#8221;1&#8243; _builder_version=&#8221;4.22.1&#8243; _module_preset=&#8221;default&#8221; background_color=&#8221;#BEB2CF&#8221; use_background_color_gradient=&#8221;on&#8221; background_color_gradient_stops=&#8221;#f5f5f5 0%|#beb2cf 100%&#8221; background_enable_image=&#8221;off&#8221; background_size=&#8221;contain&#8221; background_position=&#8221;top_left&#8221; custom_padding=&#8221;||||false|false&#8221; global_colors_info=&#8221;{}&#8221;][\/et_pb_section][et_pb_section fb_built=&#8221;1&#8243; admin_label=&#8221;Footer&#8221; _builder_version=&#8221;4.22.1&#8243; _module_preset=&#8221;default&#8221; background_color=&#8221;#2C0047&#8243; use_background_color_gradient=&#8221;on&#8221; background_color_gradient_direction=&#8221;90deg&#8221; background_color_gradient_stops=&#8221;rgba(44,0,71,0.9) 0%|rgba(44, 0, 71, 0.69) 23%|rgba(44,0,71,0.64) 47%|rgba(44,0,71,0) 100%&#8221; background_color_gradient_overlays_image=&#8221;on&#8221; background_image=&#8221;https:\/\/assumpta-eu.org\/wp-content\/uploads\/2023\/08\/a-263_as.jpg&#8221; parallax=&#8221;on&#8221; custom_padding=&#8221;16vw||16vw||true|false&#8221; top_divider_style=&#8221;wave2&#8243; top_divider_color=&#8221;#beb2cf&#8221; top_divider_flip=&#8221;vertical&#8221; bottom_divider_style=&#8221;wave2&#8243; bottom_divider_color=&#8221;#2C0047&#8243; bottom_divider_flip=&#8221;horizontal|vertical&#8221; saved_tabs=&#8221;all&#8221; collapsed=&#8221;on&#8221; global_colors_info=&#8221;{}&#8221;][et_pb_row _builder_version=&#8221;4.24.2&#8243; _module_preset=&#8221;default&#8221; global_colors_info=&#8221;{}&#8221;][et_pb_column type=&#8221;4_4&#8243; _builder_version=&#8221;4.24.2&#8243; _module_preset=&#8221;default&#8221; global_colors_info=&#8221;{}&#8221;][et_pb_text _builder_version=&#8221;4.22.1&#8243; _module_preset=&#8221;b327cbe4-b1d5-4b66-ad37-40c8f2f061ba&#8221; header_text_align=&#8221;left&#8221; header_2_font=&#8221;Playfair Display||||||||&#8221; header_2_text_align=&#8221;left&#8221; header_2_text_color=&#8221;#FFFFFF&#8221; header_2_font_size=&#8221;45px&#8221; header_2_letter_spacing=&#8221;2px&#8221; header_2_line_height=&#8221;1.35em&#8221; custom_margin=&#8221;||30px||false|false&#8221; animation_style=&#8221;fade&#8221; animation_duration=&#8221;1500ms&#8221; animation_delay=&#8221;200ms&#8221; header_2_font_size_tablet=&#8221;32px&#8221; header_2_font_size_phone=&#8221;20px&#8221; header_2_font_size_last_edited=&#8221;on|desktop&#8221; global_colors_info=&#8221;{}&#8221;]<\/p>\n<h2><span>Per saperne di pi\u00f9<\/span><\/h2>\n<p>[\/et_pb_text][et_pb_text module_class=&#8221;claro&#8221; _builder_version=&#8221;4.23.1&#8243; _module_preset=&#8221;default&#8221; text_text_color=&#8221;#F5F5F5&#8243; max_width=&#8221;800px&#8221; global_colors_info=&#8221;{}&#8221;]<\/p>\n<p><span data-contrast=\"auto\" xml:lang=\"FR-FR\" lang=\"FR-FR\" class=\"TextRun SCXW65146744 BCX0\"><span class=\"NormalTextRun SpellingErrorV2Themed SCXW65146744 BCX0\">Scopri<\/span> <span class=\"NormalTextRun SCXW65146744 BCX0\">le<\/span> <span class=\"NormalTextRun SpellingErrorV2Themed SCXW65146744 BCX0\">varie<\/span><span class=\"NormalTextRun SCXW65146744 BCX0\"> <\/span><span class=\"NormalTextRun SpellingErrorV2Themed SCXW65146744 BCX0\">attivit\u00e0<\/span><span class=\"NormalTextRun SCXW65146744 BCX0\">: <\/span><span class=\"NormalTextRun SpellingErrorV2Themed SCXW65146744 BCX0\">ritiri<\/span><span class=\"NormalTextRun SCXW65146744 BCX0\">, gruppi, campi estivi, <\/span><span class=\"NormalTextRun SpellingErrorV2Themed SCXW65146744 BCX0\">pellegrinaggi e<\/span><span class=\"NormalTextRun SpellingErrorV2Themed SCXW65146744 BCX0\"> residenze<\/span><span class=\"NormalTextRun SCXW65146744 BCX0\"> <\/span><span class=\"NormalTextRun SpellingErrorV2Themed SCXW65146744 BCX0\">per studenti<\/span><span class=\"NormalTextRun SCXW65146744 BCX0\"> nella<\/span><span class=\"NormalTextRun SpellingErrorV2Themed SCXW65146744 BCX0\"> Provincia<\/span><span class=\"NormalTextRun SCXW65146744 BCX0\"> <\/span><span class=\"NormalTextRun ContextualSpellingAndGrammarErrorV2Themed SCXW65146744 BCX0\">d&#8217;Europa.<\/span><span class=\"NormalTextRun SCXW65146744 BCX0\"> <\/span><\/span><span class=\"EOP SCXW65146744 BCX0\" data-ccp-props=\"{\"201341983\":0,\"335559739\":160,\"335559740\":259}\"> <\/span><\/p>\n<p>[\/et_pb_text][et_pb_tabs active_tab_background_color=&#8221;#FFD23F&#8221; inactive_tab_background_color=&#8221;#BEB2CF&#8221; active_tab_text_color=&#8221;#2C0047&#8243; _builder_version=&#8221;4.27.5&#8243; _module_preset=&#8221;default&#8221; tab_text_color=&#8221;#755882&#8243; body_font=&#8221;||||||||&#8221; tab_font_size=&#8221;20px&#8221; tab_line_height=&#8221;3em&#8221; body_link_text_color=&#8221;#2C0047&#8243; background_color=&#8221;rgba(255,255,255,0.75)&#8221; hover_enabled=&#8221;0&#8243; border_radii=&#8221;on|10px|10px|10px|10px&#8221; border_color_all=&#8221;#2C0047&#8243; box_shadow_style=&#8221;preset2&#8243; global_colors_info=&#8221;{}&#8221; sticky_enabled=&#8221;0&#8243;][et_pb_tab title=&#8221;Regno Unito&#8221; _builder_version=&#8221;4.27.4&#8243; _module_preset=&#8221;default&#8221; body_link_text_color=&#8221;#2C0047&#8243; global_colors_info=&#8221;{}&#8221;]<\/p>\n<p><span data-contrast=\"auto\">Offriamo opportunit\u00e0 per ritiri, pellegrinaggi e accompagnamento per i giovani.<\/span><span data-ccp-props=\"{\" 201341983=\"\" :0=\"\" 335559739=\"\" :160=\"\" 335559740=\"\" :259=\"\"> <\/span><\/p>\n<ul>\n<li data-leveltext=\"\u00b7\" data-font=\"Symbol\" data-listid=\"5\" data-list-defn-props=\"{\" 335552541=\"\" :1=\"\" 335559684=\"\" :-2=\"\" 335559685=\"\" :720=\"\" 335559991=\"\" :360=\"\" 469769226=\"\" :=\"\" symbol=\"\" 469769242=\"\" 8226=\"\" 469777803=\"\" left=\"\" 469777804=\"\" 469777815=\"\" hybridmultilevel=\"\" aria-setsize=\"-1\" data-aria-posinset=\"1\" data-aria-level=\"1\"><span data-contrast=\"auto\">Giornate di ritiro <\/span><span data-contrast=\"auto\">in <\/span><span data-contrast=\"auto\">avvento e quaresima<\/span><span data-ccp-props=\"{\" 201341983=\"\" :0=\"\" 335559739=\"\" :160=\"\" 335559740=\"\" :259=\"\"> <\/span><\/li>\n<li data-leveltext=\"\u00b7\" data-font=\"Symbol\" data-listid=\"5\" data-list-defn-props=\"{\" 335552541=\"\" :1=\"\" 335559684=\"\" :-2=\"\" 335559685=\"\" :720=\"\" 335559991=\"\" :360=\"\" 469769226=\"\" :=\"\" symbol=\"\" 469769242=\"\" 8226=\"\" 469777803=\"\" left=\"\" 469777804=\"\" 469777815=\"\" hybridmultilevel=\"\" aria-setsize=\"-1\" data-aria-posinset=\"1\" data-aria-level=\"1\">Ritiri e pellegrinaggi con pernottamento<\/li>\n<li data-leveltext=\"\u00b7\" data-font=\"Symbol\" data-listid=\"5\" data-list-defn-props=\"{\" 335552541=\"\" :1=\"\" 335559684=\"\" :-2=\"\" 335559685=\"\" :720=\"\" 335559991=\"\" :360=\"\" 469769226=\"\" :=\"\" symbol=\"\" 469769242=\"\" 8226=\"\" 469777803=\"\" left=\"\" 469777804=\"\" 469777815=\"\" hybridmultilevel=\"\" aria-setsize=\"-1\" data-aria-posinset=\"1\" data-aria-level=\"1\">Attivit\u00e0 mensili per giovani adulti<\/li>\n<li data-leveltext=\"\u00b7\" data-font=\"Symbol\" data-listid=\"5\" data-list-defn-props=\"{\" 335552541=\"\" :1=\"\" 335559684=\"\" :-2=\"\" 335559685=\"\" :720=\"\" 335559991=\"\" :360=\"\" 469769226=\"\" :=\"\" symbol=\"\" 469769242=\"\" 8226=\"\" 469777803=\"\" left=\"\" 469777804=\"\" 469777815=\"\" hybridmultilevel=\"\" aria-setsize=\"-1\" data-aria-posinset=\"3\" data-aria-level=\"1\"><span data-contrast=\"auto\">Ritiri e pellegrinaggi<\/span> <span data-contrast=\"auto\">estivi in giornata<\/span><span data-ccp-props=\"{\" 201341983=\"\" :0=\"\" 335559739=\"\" :160=\"\" 335559740=\"\" :259=\"\"> <\/span><\/li>\n<\/ul>\n<p><span data-contrast=\"auto\">Per saperne di pi\u00f9 contatta <\/span><a href=\"mailto:youth@assumptionreligious.org\"><span data-contrast=\"none\">youth@assumptionreligious.org<\/span><\/a><span data-ccp-props=\"{\" 201341983=\"\" :0=\"\" 335559739=\"\" :160=\"\" 335559740=\"\" :259=\"\"> <\/span><\/p>\n<p>[\/et_pb_tab][et_pb_tab title=&#8221;Belgio&#8221; _builder_version=&#8221;4.27.4&#8243; _module_preset=&#8221;default&#8221; global_colors_info=&#8221;{}&#8221;]<\/p>\n<p><b><span data-contrast=\"auto\">Kot Silo\u00e9<\/span><\/b><span data-contrast=\"auto\"> <\/span><span><br \/><\/span><span data-contrast=\"auto\"> Il Kot Silo\u00e9 offre agli studenti delle universit\u00e0 di Tournai l&#8217;opportunit\u00e0 di vivere in un ambiente favorevole allo studio e alla vita comunitaria. Adatto a studenti universitari che desiderano sperimentare una vita comunitaria ispirata ai valori Vangelo. Contatto: <\/span><a href=\"mailto:assomption@seminaire-tournai.be\"><span data-contrast=\"none\">assomption@seminaire-tournai.be<\/span><\/a><span data-ccp-props=\"{\" 201341983=\"\" :0=\"\" 335559739=\"\" :160=\"\" 335559740=\"\" :259=\"\"> <\/span><\/p>\n<p><span data-contrast=\"auto\"> <\/span><span data-ccp-props=\"{\" 201341983=\"\" :0=\"\" 335559739=\"\" :160=\"\" 335559740=\"\" :259=\"\"> <\/span><\/p>\n<p><b><span data-contrast=\"auto\">Cappellania degli studenti di Tournai <\/span><\/b><span><br \/><\/span> <span data-contrast=\"auto\">La cappellania offre attivit\u00e0 per gli studenti delle diverse scuole universitarie di Tournai. <\/span> <span data-ccp-props=\"{\" 201341983=\"\" :0=\"\" 335559739=\"\" :160=\"\" 335559740=\"\" :259=\"\"> <\/span><\/p>\n<p><span data-contrast=\"auto\">Un piccolo coro con musicisti anima la messa studentesca del mercoled\u00ec (ore 18.30 durante l&#8217;anno scolastico). Proponiamo regolarmente un momento di convivialit\u00e0 con una cena semplice. Contatto: <\/span><a href=\"mailto:assomption@seminaire-tournai.be\"><span data-contrast=\"none\">assomption@seminaire-tournai.be<\/span><\/a><span data-ccp-props=\"{\" 201341983=\"\" :0=\"\" 335559739=\"\" :160=\"\" 335559740=\"\" :259=\"\"> <\/span><\/p>\n<p><span data-contrast=\"auto\"> <\/span><span data-ccp-props=\"{\" 201341983=\"\" :0=\"\" 335559739=\"\" :160=\"\" 335559740=\"\" :259=\"\"> <\/span><\/p>\n<p><b><span data-contrast=\"auto\">Campi estivi <\/span><\/b><span><br \/><\/span>Durante l&#8217;estate si svolgono vari campi per bambini e adolescenti. Ulteriori informazioni su questi e altri eventi sono pubblicate in prossimit\u00e0 delle date, nella pagina delle notizie.<\/p>\n<p><span data-contrast=\"auto\"> <\/span><span data-ccp-props=\"{\" 201341983=\"\" :0=\"\" 335559739=\"\" :160=\"\" 335559740=\"\" :259=\"\"> <\/span><\/p>\n<p>[\/et_pb_tab][et_pb_tab title=&#8221;Lituania&#8221; _builder_version=&#8221;4.24.2&#8243; _module_preset=&#8221;default&#8221; global_colors_info=&#8221;{}&#8221;]<\/p>\n<p style=\"text-align: left;\"><span data-contrast=\"auto\" lang=\"FR-FR\" class=\"TextRun SCXW55429758 BCX0\"><span class=\"NormalTextRun SCXW55429758 BCX0\">La \u201c<\/span><\/span><strong><span data-contrast=\"auto\" lang=\"FR-FR\" class=\"TextRun MacChromeBold SCXW55429758 BCX0\"><span class=\"NormalTextRun SpellingErrorV2Themed SCXW55429758 BCX0\">comunit\u00e0<\/span> <span class=\"NormalTextRun SCXW55429758 BCX0\"> <\/span> <span class=\"NormalTextRun SpellingErrorV2Themed SCXW55429758 BCX0\">Samaritana<\/span><\/span><\/strong><span data-contrast=\"auto\" xml:lang=\"FR-FR\" lang=\"FR-FR\" class=\"TextRun SCXW55429758 BCX0\"><span class=\"NormalTextRun SCXW55429758 BCX0\">\u201d di Vilnius <\/span><span class=\"NormalTextRun SpellingErrorV2Themed SCXW55429758 BCX0\">\u00e8 composta<\/span><span class=\"NormalTextRun SCXW55429758 BCX0\"> da 8-10 <\/span><span class=\"NormalTextRun SpellingErrorV2Themed SCXW55429758 BCX0\">giovani<\/span><span class=\"NormalTextRun SCXW55429758 BCX0\"> <\/span><span class=\"NormalTextRun SpellingErrorV2Themed SCXW55429758 BCX0\">donne<\/span><span class=\"NormalTextRun SCXW55429758 BCX0\"> <\/span><span class=\"NormalTextRun SpellingErrorV2Themed SCXW55429758 BCX0\">che <\/span><span class=\"NormalTextRun SCXW55429758 BCX0\">vivono <\/span><span class=\"NormalTextRun SpellingErrorV2Themed SCXW55429758 BCX0\">accanto <\/span><span class=\"NormalTextRun SCXW55429758 BCX0\">alle suore per uno o <\/span><span class=\"NormalTextRun SpellingErrorV2Themed SCXW55429758 BCX0\">due<\/span><span class=\"NormalTextRun SCXW55429758 BCX0\"> <\/span><span class=\"NormalTextRun SpellingErrorV2Themed SCXW55429758 BCX0\">anni<\/span><span class=\"NormalTextRun SCXW55429758 BCX0\">.  <span>Accogliamo anche studentesse internazionali. Contatto: <\/span><a href=\"mailto:vilnius.ra@gmail.com\" target=\"_blank\" rel=\"noopener\">vilnius.ra@gmail.com<\/a><\/span><\/span><\/p>\n<p>[\/et_pb_tab][\/et_pb_tabs][\/et_pb_column][\/et_pb_row][\/et_pb_section]<\/p>\n","protected":false},"excerpt":{"rendered":"<p>MissioneGiovani\u201cCome agli inizi della congregazione, i giovani sono la nostra priorit\u00e0: sono la societ\u00e0 di domani e devono essere messi in grado di assumere responsabilit\u00e0 nella costruzione di un mondo pi\u00f9 evangelico.\u201d Regola di Vita delle Religiose dell&#8217;Assunzione No. 80Pastorale giovanile Camminare assiemeLe nostre attivit\u00e0 mirano ad aiutare i giovani a trovare un senso nella [&hellip;]<\/p>\n","protected":false},"author":1,"featured_media":0,"parent":1438,"menu_order":0,"comment_status":"closed","ping_status":"closed","template":"","meta":{"_et_pb_use_builder":"on","_et_pb_old_content":"","_et_gb_content_width":"","footnotes":""},"class_list":["post-1460","page","type-page","status-publish","hentry"],"yoast_head":"<!-- This site is optimized with the Yoast SEO plugin v27.5 - https:\/\/yoast.com\/product\/yoast-seo-wordpress\/ -->\n<title>Giovani - Religious of the Assumption &gt; Province of Europe<\/title>\n<meta name=\"robots\" content=\"index, follow, max-snippet:-1, max-image-preview:large, max-video-preview:-1\" \/>\n<link rel=\"canonical\" href=\"https:\/\/assumpta-eu.org\/it\/missione\/giovani\/\" \/>\n<meta property=\"og:locale\" content=\"it_IT\" \/>\n<meta property=\"og:type\" content=\"article\" \/>\n<meta property=\"og:title\" content=\"Giovani - Religious of the Assumption &gt; Province of Europe\" \/>\n<meta property=\"og:description\" content=\"MissioneGiovani\u201cCome agli inizi della congregazione, i giovani sono la nostra priorit\u00e0: sono la societ\u00e0 di domani e devono essere messi in grado di assumere responsabilit\u00e0 nella costruzione di un mondo pi\u00f9 evangelico.\u201d Regola di Vita delle Religiose dell&#039;Assunzione No. 80Pastorale giovanile Camminare assiemeLe nostre attivit\u00e0 mirano ad aiutare i giovani a trovare un senso nella [&hellip;]\" \/>\n<meta property=\"og:url\" content=\"https:\/\/assumpta-eu.org\/it\/missione\/giovani\/\" \/>\n<meta property=\"og:site_name\" content=\"Religious of the Assumption &gt; Province of Europe\" \/>\n<meta property=\"article:publisher\" content=\"http:\/\/www.facebook.com\/assumptionUK\" \/>\n<meta property=\"article:modified_time\" content=\"2026-02-17T16:10:33+00:00\" \/>\n<meta name=\"twitter:card\" content=\"summary_large_image\" \/>\n<meta name=\"twitter:site\" content=\"@AssumptionRA\" \/>\n<meta name=\"twitter:label1\" content=\"Tempo di lettura stimato\" \/>\n\t<meta name=\"twitter:data1\" content=\"8 minuti\" \/>\n<script type=\"application\/ld+json\" class=\"yoast-schema-graph\">{\"@context\":\"https:\\\/\\\/schema.org\",\"@graph\":[{\"@type\":\"WebPage\",\"@id\":\"https:\\\/\\\/assumpta-eu.org\\\/it\\\/missione\\\/giovani\\\/\",\"url\":\"https:\\\/\\\/assumpta-eu.org\\\/it\\\/missione\\\/giovani\\\/\",\"name\":\"Giovani - Religious of the Assumption &gt; Province of Europe\",\"isPartOf\":{\"@id\":\"https:\\\/\\\/assumpta-eu.org\\\/it\\\/#website\"},\"datePublished\":\"2023-08-25T05:33:12+00:00\",\"dateModified\":\"2026-02-17T16:10:33+00:00\",\"breadcrumb\":{\"@id\":\"https:\\\/\\\/assumpta-eu.org\\\/it\\\/missione\\\/giovani\\\/#breadcrumb\"},\"inLanguage\":\"it-IT\",\"potentialAction\":[{\"@type\":\"ReadAction\",\"target\":[\"https:\\\/\\\/assumpta-eu.org\\\/it\\\/missione\\\/giovani\\\/\"]}]},{\"@type\":\"BreadcrumbList\",\"@id\":\"https:\\\/\\\/assumpta-eu.org\\\/it\\\/missione\\\/giovani\\\/#breadcrumb\",\"itemListElement\":[{\"@type\":\"ListItem\",\"position\":1,\"name\":\"Home\",\"item\":\"https:\\\/\\\/assumpta-eu.org\\\/it\\\/\"},{\"@type\":\"ListItem\",\"position\":2,\"name\":\"Missione\",\"item\":\"https:\\\/\\\/assumpta-eu.org\\\/it\\\/missione\\\/\"},{\"@type\":\"ListItem\",\"position\":3,\"name\":\"Giovani\"}]},{\"@type\":\"WebSite\",\"@id\":\"https:\\\/\\\/assumpta-eu.org\\\/it\\\/#website\",\"url\":\"https:\\\/\\\/assumpta-eu.org\\\/it\\\/\",\"name\":\"Province of Europe of the Religious of the Assumption\",\"description\":\"Make Christ known and loved\",\"publisher\":{\"@id\":\"https:\\\/\\\/assumpta-eu.org\\\/it\\\/#organization\"},\"potentialAction\":[{\"@type\":\"SearchAction\",\"target\":{\"@type\":\"EntryPoint\",\"urlTemplate\":\"https:\\\/\\\/assumpta-eu.org\\\/it\\\/?s={search_term_string}\"},\"query-input\":{\"@type\":\"PropertyValueSpecification\",\"valueRequired\":true,\"valueName\":\"search_term_string\"}}],\"inLanguage\":\"it-IT\"},{\"@type\":\"Organization\",\"@id\":\"https:\\\/\\\/assumpta-eu.org\\\/it\\\/#organization\",\"name\":\"Religious of the Assumption\",\"url\":\"https:\\\/\\\/assumpta-eu.org\\\/it\\\/\",\"logo\":{\"@type\":\"ImageObject\",\"inLanguage\":\"it-IT\",\"@id\":\"https:\\\/\\\/assumpta-eu.org\\\/it\\\/#\\\/schema\\\/logo\\\/image\\\/\",\"url\":\"https:\\\/\\\/assumpta-eu.org\\\/wp-content\\\/uploads\\\/2023\\\/06\\\/RA-EU-logos-02.png\",\"contentUrl\":\"https:\\\/\\\/assumpta-eu.org\\\/wp-content\\\/uploads\\\/2023\\\/06\\\/RA-EU-logos-02.png\",\"width\":705,\"height\":729,\"caption\":\"Religious of the Assumption\"},\"image\":{\"@id\":\"https:\\\/\\\/assumpta-eu.org\\\/it\\\/#\\\/schema\\\/logo\\\/image\\\/\"},\"sameAs\":[\"http:\\\/\\\/www.facebook.com\\\/assumptionUK\",\"https:\\\/\\\/x.com\\\/AssumptionRA\",\"http:\\\/\\\/www.instagram.com\\\/assumptionuk\"]}]}<\/script>\n<!-- \/ Yoast SEO plugin. -->","yoast_head_json":{"title":"Giovani - Religious of the Assumption &gt; Province of Europe","robots":{"index":"index","follow":"follow","max-snippet":"max-snippet:-1","max-image-preview":"max-image-preview:large","max-video-preview":"max-video-preview:-1"},"canonical":"https:\/\/assumpta-eu.org\/it\/missione\/giovani\/","og_locale":"it_IT","og_type":"article","og_title":"Giovani - Religious of the Assumption &gt; Province of Europe","og_description":"MissioneGiovani\u201cCome agli inizi della congregazione, i giovani sono la nostra priorit\u00e0: sono la societ\u00e0 di domani e devono essere messi in grado di assumere responsabilit\u00e0 nella costruzione di un mondo pi\u00f9 evangelico.\u201d Regola di Vita delle Religiose dell'Assunzione No. 80Pastorale giovanile Camminare assiemeLe nostre attivit\u00e0 mirano ad aiutare i giovani a trovare un senso nella [&hellip;]","og_url":"https:\/\/assumpta-eu.org\/it\/missione\/giovani\/","og_site_name":"Religious of the Assumption &gt; Province of Europe","article_publisher":"http:\/\/www.facebook.com\/assumptionUK","article_modified_time":"2026-02-17T16:10:33+00:00","twitter_card":"summary_large_image","twitter_site":"@AssumptionRA","twitter_misc":{"Tempo di lettura stimato":"8 minuti"},"schema":{"@context":"https:\/\/schema.org","@graph":[{"@type":"WebPage","@id":"https:\/\/assumpta-eu.org\/it\/missione\/giovani\/","url":"https:\/\/assumpta-eu.org\/it\/missione\/giovani\/","name":"Giovani - Religious of the Assumption &gt; Province of Europe","isPartOf":{"@id":"https:\/\/assumpta-eu.org\/it\/#website"},"datePublished":"2023-08-25T05:33:12+00:00","dateModified":"2026-02-17T16:10:33+00:00","breadcrumb":{"@id":"https:\/\/assumpta-eu.org\/it\/missione\/giovani\/#breadcrumb"},"inLanguage":"it-IT","potentialAction":[{"@type":"ReadAction","target":["https:\/\/assumpta-eu.org\/it\/missione\/giovani\/"]}]},{"@type":"BreadcrumbList","@id":"https:\/\/assumpta-eu.org\/it\/missione\/giovani\/#breadcrumb","itemListElement":[{"@type":"ListItem","position":1,"name":"Home","item":"https:\/\/assumpta-eu.org\/it\/"},{"@type":"ListItem","position":2,"name":"Missione","item":"https:\/\/assumpta-eu.org\/it\/missione\/"},{"@type":"ListItem","position":3,"name":"Giovani"}]},{"@type":"WebSite","@id":"https:\/\/assumpta-eu.org\/it\/#website","url":"https:\/\/assumpta-eu.org\/it\/","name":"Province of Europe of the Religious of the Assumption","description":"Make Christ known and loved","publisher":{"@id":"https:\/\/assumpta-eu.org\/it\/#organization"},"potentialAction":[{"@type":"SearchAction","target":{"@type":"EntryPoint","urlTemplate":"https:\/\/assumpta-eu.org\/it\/?s={search_term_string}"},"query-input":{"@type":"PropertyValueSpecification","valueRequired":true,"valueName":"search_term_string"}}],"inLanguage":"it-IT"},{"@type":"Organization","@id":"https:\/\/assumpta-eu.org\/it\/#organization","name":"Religious of the Assumption","url":"https:\/\/assumpta-eu.org\/it\/","logo":{"@type":"ImageObject","inLanguage":"it-IT","@id":"https:\/\/assumpta-eu.org\/it\/#\/schema\/logo\/image\/","url":"https:\/\/assumpta-eu.org\/wp-content\/uploads\/2023\/06\/RA-EU-logos-02.png","contentUrl":"https:\/\/assumpta-eu.org\/wp-content\/uploads\/2023\/06\/RA-EU-logos-02.png","width":705,"height":729,"caption":"Religious of the Assumption"},"image":{"@id":"https:\/\/assumpta-eu.org\/it\/#\/schema\/logo\/image\/"},"sameAs":["http:\/\/www.facebook.com\/assumptionUK","https:\/\/x.com\/AssumptionRA","http:\/\/www.instagram.com\/assumptionuk"]}]}},"_links":{"self":[{"href":"https:\/\/assumpta-eu.org\/it\/wp-json\/wp\/v2\/pages\/1460","targetHints":{"allow":["GET"]}}],"collection":[{"href":"https:\/\/assumpta-eu.org\/it\/wp-json\/wp\/v2\/pages"}],"about":[{"href":"https:\/\/assumpta-eu.org\/it\/wp-json\/wp\/v2\/types\/page"}],"author":[{"embeddable":true,"href":"https:\/\/assumpta-eu.org\/it\/wp-json\/wp\/v2\/users\/1"}],"replies":[{"embeddable":true,"href":"https:\/\/assumpta-eu.org\/it\/wp-json\/wp\/v2\/comments?post=1460"}],"version-history":[{"count":13,"href":"https:\/\/assumpta-eu.org\/it\/wp-json\/wp\/v2\/pages\/1460\/revisions"}],"predecessor-version":[{"id":6936,"href":"https:\/\/assumpta-eu.org\/it\/wp-json\/wp\/v2\/pages\/1460\/revisions\/6936"}],"up":[{"embeddable":true,"href":"https:\/\/assumpta-eu.org\/it\/wp-json\/wp\/v2\/pages\/1438"}],"wp:attachment":[{"href":"https:\/\/assumpta-eu.org\/it\/wp-json\/wp\/v2\/media?parent=1460"}],"curies":[{"name":"wp","href":"https:\/\/api.w.org\/{rel}","templated":true}]}}