{"id":1455,"date":"2023-08-24T17:50:02","date_gmt":"2023-08-24T15:50:02","guid":{"rendered":"https:\/\/assumpta-eu.org\/missione\/educazione\/"},"modified":"2026-02-17T17:15:57","modified_gmt":"2026-02-17T16:15:57","slug":"educazione","status":"publish","type":"page","link":"https:\/\/assumpta-eu.org\/it\/missione\/educazione\/","title":{"rendered":"Educazione"},"content":{"rendered":"<p>[et_pb_section fb_built=&#8221;1&#8243; custom_padding_last_edited=&#8221;on|phone&#8221; admin_label=&#8221;Header&#8221; _builder_version=&#8221;4.22.1&#8243; _module_preset=&#8221;default&#8221; background_color=&#8221;#755882&#8243; use_background_color_gradient=&#8221;on&#8221; background_color_gradient_direction=&#8221;80deg&#8221; background_color_gradient_stops=&#8221;rgba(44,0,71,0.88) 0%|rgba(117,88,130,0.5) 100%&#8221; background_color_gradient_overlays_image=&#8221;on&#8221; background_image=&#8221;https:\/\/assumpta-eu.org\/wp-content\/uploads\/2023\/08\/babelkot-125_as.jpg&#8221; parallax=&#8221;on&#8221; z_index=&#8221;10&#8243; custom_padding=&#8221;0px||0px||true|false&#8221; custom_padding_tablet=&#8221;20px||80px||false|false&#8221; custom_padding_phone=&#8221;30px||100px||false|false&#8221; top_divider_style=&#8221;wave2&#8243; top_divider_color=&#8221;#F5F5F5&#8243; top_divider_height=&#8221;108px&#8221; top_divider_arrangement=&#8221;above_content&#8221; bottom_divider_style=&#8221;wave2&#8243; bottom_divider_color=&#8221;#F5F5F5&#8243; bottom_divider_repeat=&#8221;1x&#8221; bottom_divider_flip=&#8221;horizontal&#8221; bottom_divider_arrangement=&#8221;above_content&#8221; locked=&#8221;off&#8221; collapsed=&#8221;on&#8221; global_colors_info=&#8221;{}&#8221;][et_pb_row use_custom_gutter=&#8221;on&#8221; gutter_width=&#8221;1&#8243; make_equal=&#8221;on&#8221; _builder_version=&#8221;4.21.0&#8243; _module_preset=&#8221;default&#8221; background_enable_color=&#8221;off&#8221; background_enable_image=&#8221;off&#8221; parallax=&#8221;on&#8221; width=&#8221;100%&#8221; max_width=&#8221;100%&#8221; custom_padding=&#8221;6vw||6vw||true|false&#8221; global_colors_info=&#8221;{}&#8221;][et_pb_column type=&#8221;4_4&#8243; _builder_version=&#8221;4.18.0&#8243; _module_preset=&#8221;default&#8221; custom_padding=&#8221;10%|4%|10%|8%|true|false&#8221; global_colors_info=&#8221;{}&#8221;][et_pb_text _builder_version=&#8221;4.22.1&#8243; _module_preset=&#8221;e6504a1b-67eb-4b3d-b023-bcab277610b6&#8243; text_text_color=&#8221;#BEB2CF&#8221; header_font=&#8221;Ubuntu|||on|||||&#8221; header_text_color=&#8221;#FFD23F&#8221; header_letter_spacing=&#8221;2px&#8221; header_4_font=&#8221;Ubuntu|700||on|||||&#8221; header_4_text_color=&#8221;#FFD23F&#8221; header_4_font_size=&#8221;14px&#8221; header_4_line_height=&#8221;1.5em&#8221; custom_margin=&#8221;||0px||false|false&#8221; header_font_size_tablet=&#8221;26px&#8221; header_font_size_phone=&#8221;22px&#8221; header_font_size_last_edited=&#8221;on|phone&#8221; global_colors_info=&#8221;{}&#8221;]<\/p>\n<h1>Missione<\/h1>\n<p>[\/et_pb_text][et_pb_text _builder_version=&#8221;4.22.1&#8243; _module_preset=&#8221;c16985e1-e0d6-4022-964d-e2bfc04fa633&#8243; header_font=&#8221;Playfair Display||||||||&#8221; header_text_color=&#8221;#FFFFFF&#8221; header_font_size=&#8221;70px&#8221; header_letter_spacing=&#8221;2px&#8221; header_line_height=&#8221;1.1em&#8221; header_2_text_color=&#8221;#FFFFFF&#8221; header_2_font_size=&#8221;50px&#8221; header_2_line_height=&#8221;1.2em&#8221; max_width=&#8221;800px&#8221; custom_margin=&#8221;||30px||false|false&#8221; animation_style=&#8221;fade&#8221; animation_duration=&#8221;1500ms&#8221; animation_delay=&#8221;200ms&#8221; header_font_size_tablet=&#8221;40px&#8221; header_font_size_phone=&#8221;24px&#8221; header_font_size_last_edited=&#8221;on|desktop&#8221; header_2_font_size_tablet=&#8221;42px&#8221; header_2_font_size_phone=&#8221;36px&#8221; header_2_font_size_last_edited=&#8221;on|desktop&#8221; global_colors_info=&#8221;{}&#8221;]<\/p>\n<h2>Educazione<\/h2>\n<p>[\/et_pb_text][et_pb_text module_class=&#8221;claro&#8221; _builder_version=&#8221;4.23.1&#8243; _module_preset=&#8221;1f09816e-184e-4ce5-a4cf-b39c52c423ca&#8221; text_font=&#8221;||||||||&#8221; text_text_color=&#8221;#F5F5F5&#8243; text_line_height=&#8221;1.8em&#8221; header_text_align=&#8221;center&#8221; max_width=&#8221;800px&#8221; module_alignment=&#8221;left&#8221; custom_margin=&#8221;||30px||false|false&#8221; animation_style=&#8221;fade&#8221; animation_duration=&#8221;1500ms&#8221; animation_delay=&#8221;400ms&#8221; text_font_size_tablet=&#8221;15px&#8221; text_font_size_phone=&#8221;14px&#8221; text_font_size_last_edited=&#8221;on|phone&#8221; header_font_size_tablet=&#8221;55px&#8221; header_font_size_last_edited=&#8221;off|desktop&#8221; global_colors_info=&#8221;{}&#8221;]<\/p>\n<p><em><span data-contrast=\"auto\" xml:lang=\"EN-US\" lang=\"EN-US\" class=\"TextRun SCXW102881961 BCX0\"><span class=\"NormalTextRun SCXW102881961 BCX0\">\u201c<span class=\"NormalTextRun SCXW268232239 BCX0\">La<\/span> <span class=\"NormalTextRun SpellingErrorV2Themed SCXW268232239 BCX0\">missione<\/span> <span class=\"NormalTextRun SCXW268232239 BCX0\">specifica<\/span> <span class=\"NormalTextRun SpellingErrorV2Themed SCXW268232239 BCX0\">che<\/span> <span class=\"NormalTextRun SCXW268232239 BCX0\">la Chiesa<\/span> <span class=\"NormalTextRun SpellingErrorV2Themed SCXW268232239 BCX0\">affida<\/span> <span class=\"NormalTextRun SCXW268232239 BCX0\">alla<\/span> <span class=\"NormalTextRun SpellingErrorV2Themed SCXW268232239 BCX0\">congregazione<\/span><span class=\"NormalTextRun SCXW268232239 BCX0\"> <\/span><span class=\"NormalTextRun SpellingErrorV2Themed SCXW268232239 BCX0\">\u00e8<\/span> quella <span class=\"NormalTextRun SCXW268232239 BCX0\">di<\/span> <span class=\"NormalTextRun SpellingErrorV2Themed SCXW268232239 BCX0\">ricapitolare<\/span><span class=\"NormalTextRun SCXW268232239 BCX0\"> <\/span><span class=\"NormalTextRun SpellingErrorV2Themed SCXW268232239 BCX0\">tutto<\/span><span class=\"NormalTextRun SCXW268232239 BCX0\"> <\/span>i<span class=\"NormalTextRun SpellingErrorV2Themed SCXW268232239 BCX0\">n<\/span> C<span class=\"NormalTextRun SCXW268232239 BCX0\">rist<\/span>o a<span class=\"NormalTextRun SpellingErrorV2Themed SCXW268232239 BCX0\">ttravers<\/span>o l&#8217;<span class=\"NormalTextRun SCXW268232239 BCX0\">oper<\/span>a <span class=\"NormalTextRun SpellingErrorV2Themed SCXW268232239 BCX0\">di<\/span> e<span class=\"NormalTextRun SCXW268232239 BCX0\">ducazion<\/span>e.<\/span><\/span><span data-contrast=\"auto\" xml:lang=\"EN-US\" lang=\"EN-US\" class=\"TextRun SCXW102881961 BCX0\"><span class=\"NormalTextRun SCXW102881961 BCX0\">\u201d<\/span><\/span><\/em><\/p>\n<p style=\"text-align: right;\"><strong><span class=\"EOP SCXW102881961 BCX0\" data-ccp-props=\"{\"201341983\":0,\"335559739\":160,\"335559740\":259}\"><span data-contrast=\"auto\" xml:lang=\"IT-IT\" lang=\"IT-IT\" class=\"TextRun SCXW268232239 BCX0\"><span class=\"NormalTextRun SCXW268232239 BCX0\">Regola di vita delle Religiose dell&#8217;Assunzione n. 76<\/span><\/span><\/span><\/strong><\/p>\n<p>[\/et_pb_text][\/et_pb_column][\/et_pb_row][\/et_pb_section][et_pb_section fb_built=&#8221;1&#8243; admin_label=&#8221;About&#8221; _builder_version=&#8221;4.21.0&#8243; _module_preset=&#8221;default&#8221; background_color=&#8221;#F5F5F5&#8243; background_enable_image=&#8221;off&#8221; background_size=&#8221;custom&#8221; background_image_width=&#8221;800px&#8221; background_position=&#8221;bottom_left&#8221; background_horizontal_offset=&#8221;-28%&#8221; background_blend=&#8221;multiply&#8221; custom_margin=&#8221;||||false|false&#8221; custom_padding=&#8221;0px||0px||false|false&#8221; locked=&#8221;off&#8221; collapsed=&#8221;on&#8221; global_colors_info=&#8221;{}&#8221;][et_pb_row column_structure=&#8221;3_5,2_5&#8243; make_equal=&#8221;on&#8221; _builder_version=&#8221;4.21.0&#8243; _module_preset=&#8221;default&#8221; width=&#8221;90%&#8221; module_alignment=&#8221;center&#8221; custom_padding=&#8221;0px||0px||true|false&#8221; global_colors_info=&#8221;{}&#8221;][et_pb_column type=&#8221;3_5&#8243; _builder_version=&#8221;4.21.0&#8243; _module_preset=&#8221;default&#8221; custom_padding=&#8221;8%||20px||false|true&#8221; global_colors_info=&#8221;{}&#8221;][et_pb_text _builder_version=&#8221;4.23.1&#8243; _module_preset=&#8221;e6504a1b-67eb-4b3d-b023-bcab277610b6&#8243; header_4_font=&#8221;Ubuntu|700||on|||||&#8221; header_4_text_align=&#8221;left&#8221; header_4_text_color=&#8221;#9583B3&#8243; header_4_font_size=&#8221;14px&#8221; header_4_line_height=&#8221;1.5em&#8221; custom_margin=&#8221;||0px||false|false&#8221; global_colors_info=&#8221;{}&#8221;]<\/p>\n<h4><span>Visione<\/span><\/h4>\n<p>[\/et_pb_text][et_pb_text _builder_version=&#8221;4.23.1&#8243; _module_preset=&#8221;b327cbe4-b1d5-4b66-ad37-40c8f2f061ba&#8221; header_text_align=&#8221;left&#8221; header_2_font=&#8221;Playfair Display||||||||&#8221; header_2_text_align=&#8221;left&#8221; header_2_text_color=&#8221;#2C0047&#8243; header_2_font_size=&#8221;45px&#8221; header_2_letter_spacing=&#8221;2px&#8221; header_2_line_height=&#8221;1.35em&#8221; custom_margin=&#8221;||30px||false|false&#8221; animation_style=&#8221;fade&#8221; animation_duration=&#8221;1500ms&#8221; animation_delay=&#8221;200ms&#8221; header_2_font_size_tablet=&#8221;32px&#8221; header_2_font_size_phone=&#8221;20px&#8221; header_2_font_size_last_edited=&#8221;on|desktop&#8221; global_colors_info=&#8221;{}&#8221;]<\/p>\n<h2><span>L&#8217;educazione trasformatrice<\/span><\/h2>\n<p>[\/et_pb_text][et_pb_text _builder_version=&#8221;4.23.1&#8243; _module_preset=&#8221;1f09816e-184e-4ce5-a4cf-b39c52c423ca&#8221; text_font=&#8221;||||||||&#8221; text_line_height=&#8221;1.8em&#8221; header_text_align=&#8221;center&#8221; max_width=&#8221;800%&#8221; module_alignment=&#8221;left&#8221; custom_margin=&#8221;||30px||false|false&#8221; animation_style=&#8221;fade&#8221; animation_duration=&#8221;1500ms&#8221; animation_delay=&#8221;400ms&#8221; text_font_size_tablet=&#8221;15px&#8221; text_font_size_phone=&#8221;14px&#8221; text_font_size_last_edited=&#8221;on|phone&#8221; header_font_size_tablet=&#8221;55px&#8221; header_font_size_last_edited=&#8221;off|desktop&#8221; global_colors_info=&#8221;{}&#8221;]<\/p>\n<p><strong>La missione<\/strong> educativa nell&#8217;Assunzione \u00e8 caratterizzata da un&#8217;<strong>educazione trasformatrice<\/strong>. Si tratta di una trasformazione graduale, personale e integrale, che permette a ciascuno di essere se stesso con la <em>maggior pienezza possibile<\/em>. Questo processo trasformativo, che riguarda sia l&#8217;individuo che la comunit\u00e0, porta le persone a essere parte attiva nella <strong>trasformazione della societ\u00e0.<\/strong> Il suo scopo \u00e8 <em>l&#8217;estensione del Regno di Dio in se stessi e negli altri<\/em>.<\/p>\n<p>[\/et_pb_text][\/et_pb_column][et_pb_column type=&#8221;2_5&#8243; _builder_version=&#8221;4.21.0&#8243; _module_preset=&#8221;default&#8221; custom_padding=&#8221;8%||20px||false|true&#8221; global_colors_info=&#8221;{}&#8221;][et_pb_image src=&#8221;https:\/\/assumpta-eu.org\/wp-content\/uploads\/2023\/08\/1-mai-2014-029_as.jpg&#8221; title_text=&#8221;1 mai 2014 029_as&#8221; disabled_on=&#8221;on|on|off&#8221; _builder_version=&#8221;4.22.1&#8243; _module_preset=&#8221;default&#8221; max_width=&#8221;360px&#8221; module_alignment=&#8221;right&#8221; animation_style=&#8221;slide&#8221; animation_direction=&#8221;right&#8221; animation_duration=&#8221;1400ms&#8221; animation_delay=&#8221;400ms&#8221; border_radii=&#8221;on|10px|10px|10px|10px&#8221; box_shadow_style=&#8221;preset2&#8243; global_colors_info=&#8221;{}&#8221;][\/et_pb_image][\/et_pb_column][\/et_pb_row][\/et_pb_section][et_pb_section fb_built=&#8221;1&#8243; _builder_version=&#8221;4.22.1&#8243; _module_preset=&#8221;default&#8221; background_color=&#8221;#BEB2CF&#8221; use_background_color_gradient=&#8221;on&#8221; background_color_gradient_stops=&#8221;#f5f5f5 0%|#beb2cf 100%&#8221; background_enable_image=&#8221;off&#8221; background_size=&#8221;contain&#8221; background_position=&#8221;top_left&#8221; custom_padding=&#8221;||||false|false&#8221; global_colors_info=&#8221;{}&#8221;][et_pb_row column_structure=&#8221;2_5,3_5&#8243; make_equal=&#8221;on&#8221; _builder_version=&#8221;4.22.1&#8243; _module_preset=&#8221;default&#8221; width=&#8221;90%&#8221; module_alignment=&#8221;center&#8221; custom_padding=&#8221;0px||0px||true|false&#8221; global_colors_info=&#8221;{}&#8221;][et_pb_column type=&#8221;2_5&#8243; _builder_version=&#8221;4.21.0&#8243; _module_preset=&#8221;default&#8221; custom_padding=&#8221;8%||20px||false|true&#8221; global_colors_info=&#8221;{}&#8221;][et_pb_image src=&#8221;https:\/\/assumpta-eu.org\/wp-content\/uploads\/2023\/08\/53668340_304270900485840_8533643543732813824_o_as.jpg&#8221; title_text=&#8221;53668340_304270900485840_8533643543732813824_o_as&#8221; disabled_on=&#8221;on|on|off&#8221; _builder_version=&#8221;4.22.2&#8243; _module_preset=&#8221;default&#8221; max_width=&#8221;360px&#8221; module_alignment=&#8221;right&#8221; animation_style=&#8221;slide&#8221; animation_direction=&#8221;left&#8221; animation_duration=&#8221;1400ms&#8221; animation_delay=&#8221;400ms&#8221; border_radii=&#8221;on|10px|10px|10px|10px&#8221; box_shadow_style=&#8221;preset2&#8243; global_colors_info=&#8221;{}&#8221;][\/et_pb_image][\/et_pb_column][et_pb_column type=&#8221;3_5&#8243; _builder_version=&#8221;4.21.0&#8243; _module_preset=&#8221;default&#8221; custom_padding=&#8221;8%||20px||false|true&#8221; global_colors_info=&#8221;{}&#8221;][et_pb_text _builder_version=&#8221;4.23.1&#8243; _module_preset=&#8221;1f09816e-184e-4ce5-a4cf-b39c52c423ca&#8221; text_font=&#8221;||||||||&#8221; text_line_height=&#8221;1.8em&#8221; header_text_align=&#8221;center&#8221; max_width=&#8221;800%&#8221; module_alignment=&#8221;left&#8221; custom_margin=&#8221;||30px||false|false&#8221; animation_style=&#8221;fade&#8221; animation_duration=&#8221;1500ms&#8221; animation_delay=&#8221;400ms&#8221; text_font_size_tablet=&#8221;15px&#8221; text_font_size_phone=&#8221;14px&#8221; text_font_size_last_edited=&#8221;on|phone&#8221; header_font_size_tablet=&#8221;55px&#8221; header_font_size_last_edited=&#8221;off|desktop&#8221; global_colors_info=&#8221;{}&#8221;]<\/p>\n<p>Maria Eugenia parla di un&#8217;educazione capace di <em>cristianizzare le intelligenze<\/em>. Vuole che gli alunni imparino la giustizia e i valori sociali per essere in grado di <strong>impegnarsi a trasformare la societ\u00e0<\/strong>.<\/p>\n<p>Nei primi anni della congregazione la missione educativa si \u00e8 espressa attraverso la fondazione di scuole per bambine. Nel tempo, l&#8217;azione educativa ha sub\u00ecto varie trasformazioni per rispondere ai bisogni reali emersi in tempi e luoghi diversi. Oggi nella nostra provincia esistono <strong>opere educative, sia formali (scuole) che informali.<\/strong> <\/p>\n<p>[\/et_pb_text][\/et_pb_column][\/et_pb_row][\/et_pb_section][et_pb_section fb_built=&#8221;1&#8243; admin_label=&#8221;Footer&#8221; _builder_version=&#8221;4.22.1&#8243; _module_preset=&#8221;default&#8221; background_color=&#8221;#2C0047&#8243; use_background_color_gradient=&#8221;on&#8221; background_color_gradient_direction=&#8221;90deg&#8221; background_color_gradient_stops=&#8221;rgba(44,0,71,0.9) 0%|rgba(44, 0, 71, 0.69) 23%|rgba(44,0,71,0.64) 47%|rgba(44,0,71,0) 100%&#8221; background_color_gradient_overlays_image=&#8221;on&#8221; background_image=&#8221;https:\/\/assumpta-eu.org\/wp-content\/uploads\/2023\/08\/carnevale_as.jpg&#8221; parallax=&#8221;on&#8221; custom_padding=&#8221;10vw||10vw||true|false&#8221; top_divider_style=&#8221;wave2&#8243; top_divider_color=&#8221;#beb2cf&#8221; top_divider_flip=&#8221;vertical&#8221; bottom_divider_style=&#8221;wave2&#8243; bottom_divider_color=&#8221;#2C0047&#8243; bottom_divider_flip=&#8221;horizontal|vertical&#8221; saved_tabs=&#8221;all&#8221; collapsed=&#8221;on&#8221; global_colors_info=&#8221;{}&#8221;][et_pb_row column_structure=&#8221;3_5,2_5&#8243; _builder_version=&#8221;4.21.0&#8243; _module_preset=&#8221;default&#8221; global_colors_info=&#8221;{}&#8221;][et_pb_column type=&#8221;3_5&#8243; _builder_version=&#8221;4.18.0&#8243; _module_preset=&#8221;default&#8221; global_colors_info=&#8221;{}&#8221;][et_pb_text _builder_version=&#8221;4.23.1&#8243; _module_preset=&#8221;b327cbe4-b1d5-4b66-ad37-40c8f2f061ba&#8221; header_2_font=&#8221;Playfair Display||||||||&#8221; header_2_text_color=&#8221;#FFFFFF&#8221; header_2_font_size=&#8221;45px&#8221; header_2_letter_spacing=&#8221;2px&#8221; header_2_line_height=&#8221;1.35em&#8221; animation_style=&#8221;fade&#8221; header_2_font_size_tablet=&#8221;32px&#8221; header_2_font_size_phone=&#8221;20px&#8221; header_2_font_size_last_edited=&#8221;on|desktop&#8221; global_colors_info=&#8221;{}&#8221;]<\/p>\n<h2><span data-contrast=\"auto\" xml:lang=\"EN-GB\" lang=\"EN-GB\" class=\"TextRun MacChromeBold SCXW135193998 BCX0\"><span class=\"NormalTextRun SCXW135193998 BCX0\">I nostri progetti educativi<\/span><\/span><\/h2>\n<p>[\/et_pb_text][\/et_pb_column][et_pb_column type=&#8221;2_5&#8243; _builder_version=&#8221;4.18.0&#8243; _module_preset=&#8221;default&#8221; global_colors_info=&#8221;{}&#8221;][\/et_pb_column][\/et_pb_row][et_pb_row _builder_version=&#8221;4.22.1&#8243; _module_preset=&#8221;default&#8221; animation_style=&#8221;slide&#8221; animation_direction=&#8221;right&#8221; animation_duration=&#8221;1500ms&#8221; animation_delay=&#8221;200ms&#8221; global_colors_info=&#8221;{}&#8221;][et_pb_column type=&#8221;4_4&#8243; _builder_version=&#8221;4.22.1&#8243; _module_preset=&#8221;default&#8221; global_colors_info=&#8221;{}&#8221;][et_pb_tabs active_tab_background_color=&#8221;#FFD23F&#8221; inactive_tab_background_color=&#8221;#BEB2CF&#8221; active_tab_text_color=&#8221;#2C0047&#8243; _builder_version=&#8221;4.27.5&#8243; _module_preset=&#8221;default&#8221; tab_text_color=&#8221;#755882&#8243; body_font=&#8221;||||||||&#8221; tab_font_size=&#8221;20px&#8221; tab_line_height=&#8221;3em&#8221; body_link_text_color=&#8221;#2C0047&#8243; background_color=&#8221;rgba(255,255,255,0.75)&#8221; hover_enabled=&#8221;0&#8243; border_radii=&#8221;on|10px|10px|10px|10px&#8221; border_color_all=&#8221;#2C0047&#8243; box_shadow_style=&#8221;preset2&#8243; global_colors_info=&#8221;{}&#8221; sticky_enabled=&#8221;0&#8243;][et_pb_tab title=&#8221;Regno Unito&#8221; _builder_version=&#8221;4.27.0&#8243; _module_preset=&#8221;default&#8221; body_link_text_color=&#8221;#2C0047&#8243; global_colors_info=&#8221;{}&#8221;]<\/p>\n<p><span data-contrast=\"auto\" xml:lang=\"IT-IT\" lang=\"IT-IT\" class=\"TextRun SCXW186611922 BCX0\"><span class=\"NormalTextRun SCXW186611922 BCX0\"><strong>Newcastle and Middlesbrough<\/strong><br \/> Kids<\/span> K<span class=\"NormalTextRun SCXW186611922 BCX0\">ab<\/span>in<span class=\"NormalTextRun SCXW186611922 BCX0\"> <\/span><span class=\"NormalTextRun SCXW186611922 BCX0\">\u00e8<\/span> <span class=\"NormalTextRun SCXW186611922 BCX0\">un centro<\/span> <span class=\"NormalTextRun SCXW186611922 BCX0\">artistico<\/span> <span class=\"NormalTextRun SCXW186611922 BCX0\">e creativo<\/span> <span class=\"NormalTextRun SCXW186611922 BCX0\">per bambini<\/span><span class=\"NormalTextRun SCXW186611922 BCX0\"> <\/span><span class=\"NormalTextRun SCXW186611922 BCX0\">dagli<\/span> <span class=\"NormalTextRun SCXW186611922 BCX0\">8 ai 16 anni<\/span><span class=\"NormalTextRun SCXW186611922 BCX0\">. Il progetto <\/span><span class=\"NormalTextRun SCXW186611922 BCX0\">ha<\/span> <span class=\"NormalTextRun SCXW186611922 BCX0\">lo scopo<\/span> <span class=\"NormalTextRun SCXW186611922 BCX0\">di<\/span> <span class=\"NormalTextRun SCXW186611922 BCX0\">sviluppare<\/span> <span class=\"NormalTextRun SCXW186611922 BCX0\">abilit\u00e0<\/span> <span class=\"NormalTextRun SCXW186611922 BCX0\">e<\/span> <span class=\"NormalTextRun SCXW186611922 BCX0\">talenti<\/span> <span class=\"NormalTextRun SCXW186611922 BCX0\">per<\/span> <span class=\"NormalTextRun SCXW186611922 BCX0\">permettere<\/span><span class=\"NormalTextRun SCXW186611922 BCX0\"> <\/span><span class=\"NormalTextRun SCXW186611922 BCX0\">una maggiore<\/span><span class=\"NormalTextRun SCXW186611922 BCX0\"> <\/span><span class=\"NormalTextRun SCXW186611922 BCX0\">integrazione<\/span> <span class=\"NormalTextRun SCXW186611922 BCX0\">e<\/span> <span class=\"NormalTextRun SCXW186611922 BCX0\">partecipazione<\/span> <span class=\"NormalTextRun SCXW186611922 BCX0\">nella vita sociale<\/span> <\/span><a class=\"Hyperlink SCXW186611922 BCX0\" href=\"http:\/\/www.kidskabin.org.uk\/\" target=\"_blank\" rel=\"noreferrer noopener\"><span data-contrast=\"none\" xml:lang=\"IT-IT\" lang=\"IT-IT\" class=\"TextRun Underlined SCXW186611922 BCX0\"><span class=\"NormalTextRun SCXW186611922 BCX0\" data-ccp-charstyle=\"Hyperlink\">www.kidskabin.org.uk<\/span><\/span><\/a>.<\/span><\/p>\n<p>[\/et_pb_tab][et_pb_tab title=&#8221;Belgio&#8221; _builder_version=&#8221;4.27.0&#8243; _module_preset=&#8221;default&#8221; global_colors_info=&#8221;{}&#8221;]<\/p>\n<p><span data-contrast=\"auto\"><strong>Brussels<\/strong><br \/>Welcome Babbelkot \u00e8 un progetto educativo all&#8217;interno di un quartiere multiculturale volto a favorire l&#8217;integrazione delle famiglie migranti, dei bambini e dei giovani <\/span><a href=\"http:\/\/www.welcome-babbelkot.be\/\" target=\"_blank\" rel=\"noreferrer noopener\"><span data-contrast=\"none\">www.welcome-babbelkot.be<\/span><\/a>.<\/p>\n<p><span data-contrast=\"auto\"><strong>Bruxelles<\/strong><br \/>Assomption Boitsfort \u00e8 una scuola primaria e secondaria, che mira all&#8217;educazione integrale della persona, in cui intelligenza, cuore e volont\u00e0 diventano il motore di un&#8217;azione efficace sia a livello personale che comunitario.<br \/>Scuola secondaria: <\/span><a href=\"http:\/\/www.assomption-edu.be\/\" target=\"_blank\" rel=\"noreferrer noopener\"><span data-contrast=\"none\"> www.assomption-edu.be<\/span><\/a><span data-contrast=\"auto\">.<br \/>Scuola primaria: <\/span><a href=\"http:\/\/www.assomption-ecole.be\/\" target=\"_blank\" rel=\"noreferrer noopener\"> <span data-contrast=\"none\"> www.assomption-ecole.be<\/span><\/a>.<\/p>\n<p>[\/et_pb_tab][et_pb_tab title=&#8221;Lituania&#8221; _builder_version=&#8221;4.22.2&#8243; _module_preset=&#8221;default&#8221; global_colors_info=&#8221;{}&#8221;]<\/p>\n<p><span data-contrast=\"auto\" xml:lang=\"IT-IT\" lang=\"IT-IT\" class=\"TextRun SCXW265149341 BCX0\"><span class=\"NormalTextRun SCXW265149341 BCX0\"><strong>Vilnius<\/strong> <br \/><\/span><span class=\"NormalTextRun SCXW265149341 BCX0\">La scuola<\/span> B<span class=\"NormalTextRun SCXW265149341 BCX0\">e<\/span>ato Theo<span class=\"NormalTextRun SCXW265149341 BCX0\">phil<\/span>us M<span class=\"NormalTextRun SCXW265149341 BCX0\">atuli<\/span>onis \u00e8 u<span class=\"NormalTextRun SCXW265149341 BCX0\">n<\/span>a sc<span class=\"NormalTextRun SCXW265149341 BCX0\">uo<\/span>la prim<span class=\"NormalTextRun SCXW265149341 BCX0\">a<\/span>ria e seco<span class=\"NormalTextRun SCXW265149341 BCX0\">nd<\/span>aria di primo e di secondo grado, per ragazzi e ragazze dai 7 <span class=\"NormalTextRun SCXW265149341 BCX0\">ai 19<\/span><span class=\"NormalTextRun SCXW265149341 BCX0\"> <\/span><span class=\"NormalTextRun SCXW265149341 BCX0\">anni<\/span><span class=\"NormalTextRun SCXW265149341 BCX0\">. In <\/span>o<span class=\"NormalTextRun SCXW265149341 BCX0\">gn<\/span>i cl<span class=\"NormalTextRun SCXW265149341 BCX0\">as<\/span>se ci s<span class=\"NormalTextRun SCXW265149341 BCX0\">on<\/span>o s<span class=\"NormalTextRun SCXW265149341 BCX0\">tu<\/span>denti c<span class=\"NormalTextRun SCXW265149341 BCX0\">o<\/span>n bi<span class=\"NormalTextRun SCXW265149341 BCX0\">so<\/span>gni euca<span class=\"NormalTextRun SCXW265149341 BCX0\">ti<\/span>vi speciali<span class=\"NormalTextRun SCXW265149341 BCX0\">. La scuola \u00e8 gestita dalle Religiose dell&#8217;Assunzione e dalla diocesi di Vilnius.<\/span><span class=\"NormalTextRun SCXW265149341 BCX0\"> <\/span><\/span><a class=\"Hyperlink SCXW265149341 BCX0\" href=\"http:\/\/www.ptmg.lt\/\" target=\"_blank\" rel=\"noreferrer noopener\"><span data-contrast=\"none\" xml:lang=\"IT-IT\" lang=\"IT-IT\" class=\"TextRun Underlined SCXW265149341 BCX0\"><span class=\"NormalTextRun SCXW265149341 BCX0\" data-ccp-charstyle=\"Hyperlink\">www.ptmg.lt<\/span><\/span><\/a><span data-contrast=\"auto\" xml:lang=\"IT-IT\" lang=\"IT-IT\" class=\"TextRun SCXW265149341 BCX0\"><span class=\"NormalTextRun SCXW265149341 BCX0\"> <\/span><\/span><span class=\"EOP SCXW265149341 BCX0\" data-ccp-props=\"{\"201341983\":0,\"335551550\":6,\"335551620\":6,\"335559739\":160,\"335559740\":257}\"> <\/span><\/p>\n<p>[\/et_pb_tab][et_pb_tab title=&#8221;Italia&#8221; _builder_version=&#8221;4.27.5&#8243; _module_preset=&#8221;default&#8221; hover_enabled=&#8221;0&#8243; global_colors_info=&#8221;{}&#8221; sticky_enabled=&#8221;0&#8243;]<\/p>\n<p><span data-contrast=\"auto\"><strong>Como<br \/><\/strong><\/span><span data-contrast=\"auto\">L&#8217;istituto San Carpoforo \u00e8 un istituto comprensivo bilingue per alunni dai 3 ai 14 anni attento all&#8217;inclusione e alla crescita di ogni alunno <\/span><a href=\"http:\/\/www.istitutosancarpoforo.com\/\" target=\"_blank\" rel=\"noreferrer noopener\"><span data-contrast=\"none\">www.istitutosancarpoforo.com<\/span><\/a>.<\/p>\n<p>[\/et_pb_tab][et_pb_tab title=&#8221;Danimarca&#8221; _builder_version=&#8221;4.27.0&#8243; _module_preset=&#8221;default&#8221; global_colors_info=&#8221;{}&#8221;]<\/p>\n<p class=\"p1\"><span>L&#8217; Asumcion School di Copenagen fu fondata nel 1903 come scuola francese internazionale, \u00e8 la pi\u00f9 antica scuola internazionale in Danimarca. Oggi vi sono due sezioni: danese e internazionale (in inglese). Bench\u00e9 non vi siano pi\u00f9 comunit\u00e0 di religiose in Danimarca, la scuola fa parte della rete di scuole Assunzione e implementa la loro etica e visione educativa. La scuola pone un&#8217;enfasi particolare sulla comprensione e sul rispetto reciproco tra le diverse nazionalit\u00e0. Lo scopo della scuola internazionale \u00e8 di fornire un&#8217;educazione solida in lingua inglese, che permetta agli studenti sia di ritornare al proprio sistema educativo nazionale, sia di proseguire gli studi in un&#8217;altra scuola internazionale. La proposta educativa \u00e8 ispirata innanzitutto allo spirito cristiano e viene data grande importanza allo sviluppo religioso e morale di ogni studente <a href=\"https:\/\/rygaards.com\/\" target=\"_blank\" rel=\"noreferrer noopener\"> https:\/\/rygaards.com\/<\/a>.<\/span><\/p>\n<p>[\/et_pb_tab][\/et_pb_tabs][\/et_pb_column][\/et_pb_row][\/et_pb_section]<\/p>\n","protected":false},"excerpt":{"rendered":"<p>MissioneEducazione\u201cLa missione specifica che la Chiesa affida alla congregazione \u00e8 quella di ricapitolare tutto in Cristo attraverso l&#8217;opera di educazione.\u201d Regola di vita delle Religiose dell&#8217;Assunzione n. 76VisioneL&#8217;educazione trasformatriceLa missione educativa nell&#8217;Assunzione \u00e8 caratterizzata da un&#8217;educazione trasformatrice. Si tratta di una trasformazione graduale, personale e integrale, che permette a ciascuno di essere se stesso con [&hellip;]<\/p>\n","protected":false},"author":1,"featured_media":0,"parent":1438,"menu_order":0,"comment_status":"closed","ping_status":"closed","template":"","meta":{"_et_pb_use_builder":"on","_et_pb_old_content":"","_et_gb_content_width":"","footnotes":""},"class_list":["post-1455","page","type-page","status-publish","hentry"],"yoast_head":"<!-- This site is optimized with the Yoast SEO plugin v27.5 - https:\/\/yoast.com\/product\/yoast-seo-wordpress\/ -->\n<title>Educazione - Religious of the Assumption &gt; Province of Europe<\/title>\n<meta name=\"robots\" content=\"index, follow, max-snippet:-1, max-image-preview:large, max-video-preview:-1\" \/>\n<link rel=\"canonical\" href=\"https:\/\/assumpta-eu.org\/it\/missione\/educazione\/\" \/>\n<meta property=\"og:locale\" content=\"it_IT\" \/>\n<meta property=\"og:type\" content=\"article\" \/>\n<meta property=\"og:title\" content=\"Educazione - Religious of the Assumption &gt; Province of Europe\" \/>\n<meta property=\"og:description\" content=\"MissioneEducazione\u201cLa missione specifica che la Chiesa affida alla congregazione \u00e8 quella di ricapitolare tutto in Cristo attraverso l&#039;opera di educazione.\u201d Regola di vita delle Religiose dell&#039;Assunzione n. 76VisioneL&#039;educazione trasformatriceLa missione educativa nell&#039;Assunzione \u00e8 caratterizzata da un&#039;educazione trasformatrice. Si tratta di una trasformazione graduale, personale e integrale, che permette a ciascuno di essere se stesso con [&hellip;]\" \/>\n<meta property=\"og:url\" content=\"https:\/\/assumpta-eu.org\/it\/missione\/educazione\/\" \/>\n<meta property=\"og:site_name\" content=\"Religious of the Assumption &gt; Province of Europe\" \/>\n<meta property=\"article:publisher\" content=\"http:\/\/www.facebook.com\/assumptionUK\" \/>\n<meta property=\"article:modified_time\" content=\"2026-02-17T16:15:57+00:00\" \/>\n<meta name=\"twitter:card\" content=\"summary_large_image\" \/>\n<meta name=\"twitter:site\" content=\"@AssumptionRA\" \/>\n<meta name=\"twitter:label1\" content=\"Tempo di lettura stimato\" \/>\n\t<meta name=\"twitter:data1\" content=\"10 minuti\" \/>\n<script type=\"application\/ld+json\" class=\"yoast-schema-graph\">{\"@context\":\"https:\\\/\\\/schema.org\",\"@graph\":[{\"@type\":\"WebPage\",\"@id\":\"https:\\\/\\\/assumpta-eu.org\\\/it\\\/missione\\\/educazione\\\/\",\"url\":\"https:\\\/\\\/assumpta-eu.org\\\/it\\\/missione\\\/educazione\\\/\",\"name\":\"Educazione - Religious of the Assumption &gt; Province of Europe\",\"isPartOf\":{\"@id\":\"https:\\\/\\\/assumpta-eu.org\\\/it\\\/#website\"},\"datePublished\":\"2023-08-24T15:50:02+00:00\",\"dateModified\":\"2026-02-17T16:15:57+00:00\",\"breadcrumb\":{\"@id\":\"https:\\\/\\\/assumpta-eu.org\\\/it\\\/missione\\\/educazione\\\/#breadcrumb\"},\"inLanguage\":\"it-IT\",\"potentialAction\":[{\"@type\":\"ReadAction\",\"target\":[\"https:\\\/\\\/assumpta-eu.org\\\/it\\\/missione\\\/educazione\\\/\"]}]},{\"@type\":\"BreadcrumbList\",\"@id\":\"https:\\\/\\\/assumpta-eu.org\\\/it\\\/missione\\\/educazione\\\/#breadcrumb\",\"itemListElement\":[{\"@type\":\"ListItem\",\"position\":1,\"name\":\"Home\",\"item\":\"https:\\\/\\\/assumpta-eu.org\\\/it\\\/\"},{\"@type\":\"ListItem\",\"position\":2,\"name\":\"Missione\",\"item\":\"https:\\\/\\\/assumpta-eu.org\\\/it\\\/missione\\\/\"},{\"@type\":\"ListItem\",\"position\":3,\"name\":\"Educazione\"}]},{\"@type\":\"WebSite\",\"@id\":\"https:\\\/\\\/assumpta-eu.org\\\/it\\\/#website\",\"url\":\"https:\\\/\\\/assumpta-eu.org\\\/it\\\/\",\"name\":\"Province of Europe of the Religious of the Assumption\",\"description\":\"Make Christ known and loved\",\"publisher\":{\"@id\":\"https:\\\/\\\/assumpta-eu.org\\\/it\\\/#organization\"},\"potentialAction\":[{\"@type\":\"SearchAction\",\"target\":{\"@type\":\"EntryPoint\",\"urlTemplate\":\"https:\\\/\\\/assumpta-eu.org\\\/it\\\/?s={search_term_string}\"},\"query-input\":{\"@type\":\"PropertyValueSpecification\",\"valueRequired\":true,\"valueName\":\"search_term_string\"}}],\"inLanguage\":\"it-IT\"},{\"@type\":\"Organization\",\"@id\":\"https:\\\/\\\/assumpta-eu.org\\\/it\\\/#organization\",\"name\":\"Religious of the Assumption\",\"url\":\"https:\\\/\\\/assumpta-eu.org\\\/it\\\/\",\"logo\":{\"@type\":\"ImageObject\",\"inLanguage\":\"it-IT\",\"@id\":\"https:\\\/\\\/assumpta-eu.org\\\/it\\\/#\\\/schema\\\/logo\\\/image\\\/\",\"url\":\"https:\\\/\\\/assumpta-eu.org\\\/wp-content\\\/uploads\\\/2023\\\/06\\\/RA-EU-logos-02.png\",\"contentUrl\":\"https:\\\/\\\/assumpta-eu.org\\\/wp-content\\\/uploads\\\/2023\\\/06\\\/RA-EU-logos-02.png\",\"width\":705,\"height\":729,\"caption\":\"Religious of the Assumption\"},\"image\":{\"@id\":\"https:\\\/\\\/assumpta-eu.org\\\/it\\\/#\\\/schema\\\/logo\\\/image\\\/\"},\"sameAs\":[\"http:\\\/\\\/www.facebook.com\\\/assumptionUK\",\"https:\\\/\\\/x.com\\\/AssumptionRA\",\"http:\\\/\\\/www.instagram.com\\\/assumptionuk\"]}]}<\/script>\n<!-- \/ Yoast SEO plugin. -->","yoast_head_json":{"title":"Educazione - Religious of the Assumption &gt; Province of Europe","robots":{"index":"index","follow":"follow","max-snippet":"max-snippet:-1","max-image-preview":"max-image-preview:large","max-video-preview":"max-video-preview:-1"},"canonical":"https:\/\/assumpta-eu.org\/it\/missione\/educazione\/","og_locale":"it_IT","og_type":"article","og_title":"Educazione - Religious of the Assumption &gt; Province of Europe","og_description":"MissioneEducazione\u201cLa missione specifica che la Chiesa affida alla congregazione \u00e8 quella di ricapitolare tutto in Cristo attraverso l'opera di educazione.\u201d Regola di vita delle Religiose dell'Assunzione n. 76VisioneL'educazione trasformatriceLa missione educativa nell'Assunzione \u00e8 caratterizzata da un'educazione trasformatrice. Si tratta di una trasformazione graduale, personale e integrale, che permette a ciascuno di essere se stesso con [&hellip;]","og_url":"https:\/\/assumpta-eu.org\/it\/missione\/educazione\/","og_site_name":"Religious of the Assumption &gt; Province of Europe","article_publisher":"http:\/\/www.facebook.com\/assumptionUK","article_modified_time":"2026-02-17T16:15:57+00:00","twitter_card":"summary_large_image","twitter_site":"@AssumptionRA","twitter_misc":{"Tempo di lettura stimato":"10 minuti"},"schema":{"@context":"https:\/\/schema.org","@graph":[{"@type":"WebPage","@id":"https:\/\/assumpta-eu.org\/it\/missione\/educazione\/","url":"https:\/\/assumpta-eu.org\/it\/missione\/educazione\/","name":"Educazione - Religious of the Assumption &gt; Province of Europe","isPartOf":{"@id":"https:\/\/assumpta-eu.org\/it\/#website"},"datePublished":"2023-08-24T15:50:02+00:00","dateModified":"2026-02-17T16:15:57+00:00","breadcrumb":{"@id":"https:\/\/assumpta-eu.org\/it\/missione\/educazione\/#breadcrumb"},"inLanguage":"it-IT","potentialAction":[{"@type":"ReadAction","target":["https:\/\/assumpta-eu.org\/it\/missione\/educazione\/"]}]},{"@type":"BreadcrumbList","@id":"https:\/\/assumpta-eu.org\/it\/missione\/educazione\/#breadcrumb","itemListElement":[{"@type":"ListItem","position":1,"name":"Home","item":"https:\/\/assumpta-eu.org\/it\/"},{"@type":"ListItem","position":2,"name":"Missione","item":"https:\/\/assumpta-eu.org\/it\/missione\/"},{"@type":"ListItem","position":3,"name":"Educazione"}]},{"@type":"WebSite","@id":"https:\/\/assumpta-eu.org\/it\/#website","url":"https:\/\/assumpta-eu.org\/it\/","name":"Province of Europe of the Religious of the Assumption","description":"Make Christ known and loved","publisher":{"@id":"https:\/\/assumpta-eu.org\/it\/#organization"},"potentialAction":[{"@type":"SearchAction","target":{"@type":"EntryPoint","urlTemplate":"https:\/\/assumpta-eu.org\/it\/?s={search_term_string}"},"query-input":{"@type":"PropertyValueSpecification","valueRequired":true,"valueName":"search_term_string"}}],"inLanguage":"it-IT"},{"@type":"Organization","@id":"https:\/\/assumpta-eu.org\/it\/#organization","name":"Religious of the Assumption","url":"https:\/\/assumpta-eu.org\/it\/","logo":{"@type":"ImageObject","inLanguage":"it-IT","@id":"https:\/\/assumpta-eu.org\/it\/#\/schema\/logo\/image\/","url":"https:\/\/assumpta-eu.org\/wp-content\/uploads\/2023\/06\/RA-EU-logos-02.png","contentUrl":"https:\/\/assumpta-eu.org\/wp-content\/uploads\/2023\/06\/RA-EU-logos-02.png","width":705,"height":729,"caption":"Religious of the Assumption"},"image":{"@id":"https:\/\/assumpta-eu.org\/it\/#\/schema\/logo\/image\/"},"sameAs":["http:\/\/www.facebook.com\/assumptionUK","https:\/\/x.com\/AssumptionRA","http:\/\/www.instagram.com\/assumptionuk"]}]}},"_links":{"self":[{"href":"https:\/\/assumpta-eu.org\/it\/wp-json\/wp\/v2\/pages\/1455","targetHints":{"allow":["GET"]}}],"collection":[{"href":"https:\/\/assumpta-eu.org\/it\/wp-json\/wp\/v2\/pages"}],"about":[{"href":"https:\/\/assumpta-eu.org\/it\/wp-json\/wp\/v2\/types\/page"}],"author":[{"embeddable":true,"href":"https:\/\/assumpta-eu.org\/it\/wp-json\/wp\/v2\/users\/1"}],"replies":[{"embeddable":true,"href":"https:\/\/assumpta-eu.org\/it\/wp-json\/wp\/v2\/comments?post=1455"}],"version-history":[{"count":21,"href":"https:\/\/assumpta-eu.org\/it\/wp-json\/wp\/v2\/pages\/1455\/revisions"}],"predecessor-version":[{"id":6940,"href":"https:\/\/assumpta-eu.org\/it\/wp-json\/wp\/v2\/pages\/1455\/revisions\/6940"}],"up":[{"embeddable":true,"href":"https:\/\/assumpta-eu.org\/it\/wp-json\/wp\/v2\/pages\/1438"}],"wp:attachment":[{"href":"https:\/\/assumpta-eu.org\/it\/wp-json\/wp\/v2\/media?parent=1455"}],"curies":[{"name":"wp","href":"https:\/\/api.w.org\/{rel}","templated":true}]}}