{"id":1448,"date":"2023-08-24T13:40:41","date_gmt":"2023-08-24T11:40:41","guid":{"rendered":"https:\/\/assumpta-eu.org\/missione\/clima-e-giustizia\/"},"modified":"2024-08-20T14:24:13","modified_gmt":"2024-08-20T12:24:13","slug":"clima-e-giustizia","status":"publish","type":"page","link":"https:\/\/assumpta-eu.org\/it\/missione\/clima-e-giustizia\/","title":{"rendered":"Clima e giustizia"},"content":{"rendered":"<p>[et_pb_section fb_built=&#8221;1&#8243; custom_padding_last_edited=&#8221;on|phone&#8221; admin_label=&#8221;Header&#8221; _builder_version=&#8221;4.22.1&#8243; _module_preset=&#8221;default&#8221; background_color=&#8221;#755882&#8243; use_background_color_gradient=&#8221;on&#8221; background_color_gradient_direction=&#8221;80deg&#8221; background_color_gradient_stops=&#8221;rgba(44,0,71,0.88) 0%|rgba(117,88,130,0.5) 100%&#8221; background_color_gradient_overlays_image=&#8221;on&#8221; background_image=&#8221;https:\/\/assumpta-eu.org\/wp-content\/uploads\/2023\/08\/PXL_20220630_131922609.MP_as.jpg&#8221; parallax=&#8221;on&#8221; z_index=&#8221;10&#8243; custom_padding=&#8221;0px||0px||true|false&#8221; custom_padding_tablet=&#8221;20px||80px||false|false&#8221; custom_padding_phone=&#8221;30px||100px||false|false&#8221; top_divider_style=&#8221;wave2&#8243; top_divider_color=&#8221;#F5F5F5&#8243; top_divider_height=&#8221;108px&#8221; top_divider_arrangement=&#8221;above_content&#8221; bottom_divider_style=&#8221;wave2&#8243; bottom_divider_color=&#8221;#F5F5F5&#8243; bottom_divider_repeat=&#8221;1x&#8221; bottom_divider_flip=&#8221;horizontal&#8221; bottom_divider_arrangement=&#8221;above_content&#8221; locked=&#8221;off&#8221; collapsed=&#8221;on&#8221; global_colors_info=&#8221;{}&#8221;][et_pb_row use_custom_gutter=&#8221;on&#8221; gutter_width=&#8221;1&#8243; make_equal=&#8221;on&#8221; _builder_version=&#8221;4.21.0&#8243; _module_preset=&#8221;default&#8221; background_enable_color=&#8221;off&#8221; background_enable_image=&#8221;off&#8221; parallax=&#8221;on&#8221; width=&#8221;100%&#8221; max_width=&#8221;100%&#8221; custom_padding=&#8221;6vw||6vw||true|false&#8221; global_colors_info=&#8221;{}&#8221;][et_pb_column type=&#8221;4_4&#8243; _builder_version=&#8221;4.18.0&#8243; _module_preset=&#8221;default&#8221; custom_padding=&#8221;10%|4%|10%|8%|true|false&#8221; global_colors_info=&#8221;{}&#8221;][et_pb_text _builder_version=&#8221;4.22.1&#8243; _module_preset=&#8221;e6504a1b-67eb-4b3d-b023-bcab277610b6&#8243; text_text_color=&#8221;#BEB2CF&#8221; header_font=&#8221;Ubuntu|||on|||||&#8221; header_text_color=&#8221;#FFD23F&#8221; header_letter_spacing=&#8221;2px&#8221; header_4_font=&#8221;Ubuntu|700||on|||||&#8221; header_4_text_color=&#8221;#FFD23F&#8221; header_4_font_size=&#8221;14px&#8221; header_4_line_height=&#8221;1.5em&#8221; custom_margin=&#8221;||0px||false|false&#8221; header_font_size_tablet=&#8221;26px&#8221; header_font_size_phone=&#8221;22px&#8221; header_font_size_last_edited=&#8221;on|phone&#8221; global_colors_info=&#8221;{}&#8221;]<\/p>\n<h1>Missione<\/h1>\n<p>[\/et_pb_text][et_pb_text _builder_version=&#8221;4.22.1&#8243; _module_preset=&#8221;c16985e1-e0d6-4022-964d-e2bfc04fa633&#8243; header_font=&#8221;Playfair Display||||||||&#8221; header_text_color=&#8221;#FFFFFF&#8221; header_font_size=&#8221;70px&#8221; header_letter_spacing=&#8221;2px&#8221; header_line_height=&#8221;1.1em&#8221; header_2_text_color=&#8221;#FFFFFF&#8221; header_2_font_size=&#8221;50px&#8221; header_2_line_height=&#8221;1.2em&#8221; max_width=&#8221;800px&#8221; custom_margin=&#8221;||30px||false|false&#8221; animation_style=&#8221;fade&#8221; animation_duration=&#8221;1500ms&#8221; animation_delay=&#8221;200ms&#8221; header_font_size_tablet=&#8221;40px&#8221; header_font_size_phone=&#8221;24px&#8221; header_font_size_last_edited=&#8221;on|desktop&#8221; header_2_font_size_tablet=&#8221;42px&#8221; header_2_font_size_phone=&#8221;36px&#8221; header_2_font_size_last_edited=&#8221;on|desktop&#8221; global_colors_info=&#8221;{}&#8221;]<\/p>\n<h2>Clima e giustizia<\/h2>\n<p>[\/et_pb_text][et_pb_text module_class=&#8221;claro&#8221; _builder_version=&#8221;4.23.1&#8243; _module_preset=&#8221;1f09816e-184e-4ce5-a4cf-b39c52c423ca&#8221; text_font=&#8221;||||||||&#8221; text_text_color=&#8221;#F5F5F5&#8243; text_line_height=&#8221;1.8em&#8221; header_text_align=&#8221;center&#8221; max_width=&#8221;800px&#8221; module_alignment=&#8221;left&#8221; custom_margin=&#8221;||30px||false|false&#8221; animation_style=&#8221;fade&#8221; animation_duration=&#8221;1500ms&#8221; animation_delay=&#8221;400ms&#8221; text_font_size_tablet=&#8221;15px&#8221; text_font_size_phone=&#8221;14px&#8221; text_font_size_last_edited=&#8221;on|phone&#8221; header_font_size_tablet=&#8221;55px&#8221; header_font_size_last_edited=&#8221;off|desktop&#8221; global_colors_info=&#8221;{}&#8221;]<\/p>\n<p><em><span data-contrast=\"auto\" lang=\"EN-US\" class=\"TextRun SCXW102881961 BCX0\"><span class=\"NormalTextRun SCXW102881961 BCX0\">\u201c<span data-contrast=\"auto\" lang=\"EN-GB\" class=\"TextRun SCXW28508394 BCX0\"><span class=\"NormalTextRun SCXW28508394 BCX0\">Insieme a tutti coloro che si impegnano a costruire un mondo pi\u00f9 fraterno, le suore lavorano per la promozione della giustizia, che \u00e8 la condizione e l&#8217;espressione di una societ\u00e0 influenzata dal Vangelo.<\/span><\/span><\/span><\/span><span data-contrast=\"auto\" lang=\"EN-US\" class=\"TextRun SCXW102881961 BCX0\"><span class=\"NormalTextRun SCXW102881961 BCX0\">\u201d<\/span><\/span><\/em><\/p>\n<p style=\"text-align: right;\"><strong><span data-contrast=\"auto\" xml:lang=\"EN-GB\" lang=\"EN-GB\" class=\"TextRun SCXW28508394 BCX0\"><span class=\"NormalTextRun SCXW28508394 BCX0\">Regola di Vita delle Religiose dell&#8217;Assunzione n. 79<\/span><\/span><\/strong><\/p>\n<p>[\/et_pb_text][\/et_pb_column][\/et_pb_row][\/et_pb_section][et_pb_section fb_built=&#8221;1&#8243; admin_label=&#8221;About&#8221; _builder_version=&#8221;4.21.0&#8243; _module_preset=&#8221;default&#8221; background_color=&#8221;#F5F5F5&#8243; background_enable_image=&#8221;off&#8221; background_size=&#8221;custom&#8221; background_image_width=&#8221;800px&#8221; background_position=&#8221;bottom_left&#8221; background_horizontal_offset=&#8221;-28%&#8221; background_blend=&#8221;multiply&#8221; custom_margin=&#8221;||||false|false&#8221; custom_padding=&#8221;0px||0px||false|false&#8221; locked=&#8221;off&#8221; collapsed=&#8221;on&#8221; global_colors_info=&#8221;{}&#8221;][et_pb_row column_structure=&#8221;3_5,2_5&#8243; make_equal=&#8221;on&#8221; _builder_version=&#8221;4.21.0&#8243; _module_preset=&#8221;default&#8221; width=&#8221;90%&#8221; module_alignment=&#8221;center&#8221; custom_padding=&#8221;0px||0px||true|false&#8221; global_colors_info=&#8221;{}&#8221;][et_pb_column type=&#8221;3_5&#8243; _builder_version=&#8221;4.21.0&#8243; _module_preset=&#8221;default&#8221; custom_padding=&#8221;8%||20px||false|true&#8221; global_colors_info=&#8221;{}&#8221;][et_pb_text _builder_version=&#8221;4.22.1&#8243; _module_preset=&#8221;e6504a1b-67eb-4b3d-b023-bcab277610b6&#8243; header_4_font=&#8221;Ubuntu|700||on|||||&#8221; header_4_text_align=&#8221;left&#8221; header_4_text_color=&#8221;#9583B3&#8243; header_4_font_size=&#8221;14px&#8221; header_4_line_height=&#8221;1.5em&#8221; custom_margin=&#8221;||0px||false|false&#8221; global_colors_info=&#8221;{}&#8221;]<\/p>\n<h4>Impegno per il cambiamento<\/h4>\n<p>[\/et_pb_text][et_pb_text _builder_version=&#8221;4.23.1&#8243; _module_preset=&#8221;b327cbe4-b1d5-4b66-ad37-40c8f2f061ba&#8221; header_text_align=&#8221;left&#8221; header_2_font=&#8221;Playfair Display||||||||&#8221; header_2_text_align=&#8221;left&#8221; header_2_text_color=&#8221;#2C0047&#8243; header_2_font_size=&#8221;45px&#8221; header_2_letter_spacing=&#8221;2px&#8221; header_2_line_height=&#8221;1.35em&#8221; custom_margin=&#8221;||30px||false|false&#8221; animation_style=&#8221;fade&#8221; animation_duration=&#8221;1500ms&#8221; animation_delay=&#8221;200ms&#8221; header_2_font_size_tablet=&#8221;32px&#8221; header_2_font_size_phone=&#8221;20px&#8221; header_2_font_size_last_edited=&#8221;on|desktop&#8221; global_colors_info=&#8221;{}&#8221;]<\/p>\n<h2><span>I valori del Vangelo nelle sfide del mondo<\/span><\/h2>\n<p>[\/et_pb_text][et_pb_text _builder_version=&#8221;4.23.1&#8243; _module_preset=&#8221;1f09816e-184e-4ce5-a4cf-b39c52c423ca&#8221; text_font=&#8221;||||||||&#8221; text_line_height=&#8221;1.8em&#8221; header_text_align=&#8221;center&#8221; max_width=&#8221;800%&#8221; module_alignment=&#8221;left&#8221; custom_margin=&#8221;||30px||false|false&#8221; animation_style=&#8221;fade&#8221; animation_duration=&#8221;1500ms&#8221; animation_delay=&#8221;400ms&#8221; text_font_size_tablet=&#8221;15px&#8221; text_font_size_phone=&#8221;14px&#8221; text_font_size_last_edited=&#8221;on|phone&#8221; header_font_size_tablet=&#8221;55px&#8221; header_font_size_last_edited=&#8221;off|desktop&#8221; global_colors_info=&#8221;{}&#8221;]<\/p>\n<p>All&#8217;Assunzione riconosciamo che, <strong>di fronte alle sfide del nostro mondo<\/strong>, <strong>amare il nostro tempo <\/strong> e collaborare alla trasformazione sociale secondo i valori del Vangelo, richiede un impegno ineludibile per la <strong>giustizia, la pace e l&#8217;integrit\u00e0 del creato<\/strong>. Questo impegno \u00e8 radicato nelle fonti bibliche e nella dottrina sociale della Chiesa.<\/p>\n<p><strong>La giustizia, la pace, la cura del creato e la solidariet\u00e0<\/strong> fanno parte della nostra vita personale e comunitaria e delle nostre missioni. &#8220;Ci<em>Ci aspettiamo di essere chiamate a continuare a portare avanti azioni efficaci, con creativit\u00e0, consapevoli dell&#8217;intima relazione tra i poveri e la fragilit\u00e0 del nostro pianeta<\/em>&#8220;. (Capitolo Generale 2018)<\/p>\n<p>[\/et_pb_text][\/et_pb_column][et_pb_column type=&#8221;2_5&#8243; _builder_version=&#8221;4.21.0&#8243; _module_preset=&#8221;default&#8221; custom_padding=&#8221;8%||20px||false|true&#8221; global_colors_info=&#8221;{}&#8221;][et_pb_image src=&#8221;https:\/\/assumpta-eu.org\/wp-content\/uploads\/2023\/08\/DSCN2155_as.jpg&#8221; title_text=&#8221;DSCN2155_as&#8221; disabled_on=&#8221;on|on|off&#8221; _builder_version=&#8221;4.22.1&#8243; _module_preset=&#8221;default&#8221; max_width=&#8221;360px&#8221; module_alignment=&#8221;right&#8221; animation_style=&#8221;slide&#8221; animation_direction=&#8221;right&#8221; animation_duration=&#8221;1400ms&#8221; animation_delay=&#8221;400ms&#8221; border_radii=&#8221;on|10px|10px|10px|10px&#8221; box_shadow_style=&#8221;preset2&#8243; global_colors_info=&#8221;{}&#8221;][\/et_pb_image][\/et_pb_column][\/et_pb_row][\/et_pb_section][et_pb_section fb_built=&#8221;1&#8243; _builder_version=&#8221;4.22.2&#8243; _module_preset=&#8221;default&#8221; background_color=&#8221;#BEB2CF&#8221; use_background_color_gradient=&#8221;on&#8221; background_color_gradient_stops=&#8221;#f5f5f5 0%|#beb2cf 100%&#8221; background_enable_image=&#8221;off&#8221; background_size=&#8221;contain&#8221; background_position=&#8221;top_left&#8221; custom_padding=&#8221;0px||||false|false&#8221; global_colors_info=&#8221;{}&#8221;][et_pb_row column_structure=&#8221;3_5,2_5&#8243; _builder_version=&#8221;4.22.2&#8243; _module_preset=&#8221;default&#8221; global_colors_info=&#8221;{}&#8221;][et_pb_column type=&#8221;3_5&#8243; _builder_version=&#8221;4.22.2&#8243; _module_preset=&#8221;default&#8221; global_colors_info=&#8221;{}&#8221;][et_pb_text _builder_version=&#8221;4.23.1&#8243; _module_preset=&#8221;1f09816e-184e-4ce5-a4cf-b39c52c423ca&#8221; text_font=&#8221;||||||||&#8221; text_line_height=&#8221;1.8em&#8221; header_text_align=&#8221;center&#8221; max_width=&#8221;800%&#8221; module_alignment=&#8221;left&#8221; custom_margin=&#8221;||30px||false|false&#8221; animation_style=&#8221;fade&#8221; animation_duration=&#8221;1500ms&#8221; animation_delay=&#8221;400ms&#8221; text_font_size_tablet=&#8221;15px&#8221; text_font_size_phone=&#8221;14px&#8221; text_font_size_last_edited=&#8221;on|phone&#8221; header_font_size_tablet=&#8221;55px&#8221; header_font_size_last_edited=&#8221;off|desktop&#8221; global_colors_info=&#8221;{}&#8221;]<\/p>\n<blockquote>\n<p><span class=\"NormalTextRun SCXW14431040 BCX0\">La nuova <\/span><span class=\"NormalTextRun SpellingErrorV2Themed SCXW14431040 BCX0\">visione cosmica <\/span><span class=\"NormalTextRun SCXW14431040 BCX0\">che d\u00e0 energia alla spiritualit\u00e0, allo stile di vita e all&#8217;educazione dell&#8217;Assunzione recupera l&#8217;esperienza, le intuizioni e le riflessioni che Maria Eugenia ha condiviso con le prime suore dell&#8217;Assunzione.<\/span><\/p>\n<p style=\"text-align: right;\"><strong><span class=\"NormalTextRun SCXW14431040 BCX0\">Sr Ana Senties<br \/><\/span><\/strong><span class=\"NormalTextRun SCXW14431040 BCX0\">Verso un&#8217;Assunzione ecologica 2015<\/span><\/p>\n<\/blockquote>\n<p>[\/et_pb_text][\/et_pb_column][et_pb_column type=&#8221;2_5&#8243; _builder_version=&#8221;4.22.2&#8243; _module_preset=&#8221;default&#8221; global_colors_info=&#8221;{}&#8221;][\/et_pb_column][\/et_pb_row][\/et_pb_section][et_pb_section fb_built=&#8221;1&#8243; admin_label=&#8221;Footer&#8221; _builder_version=&#8221;4.22.1&#8243; _module_preset=&#8221;default&#8221; background_color=&#8221;#2C0047&#8243; use_background_color_gradient=&#8221;on&#8221; background_color_gradient_direction=&#8221;90deg&#8221; background_color_gradient_stops=&#8221;rgba(44,0,71,0.9) 0%|rgba(44, 0, 71, 0.69) 23%|rgba(44,0,71,0.64) 47%|rgba(44,0,71,0) 100%&#8221; background_color_gradient_overlays_image=&#8221;on&#8221; background_image=&#8221;https:\/\/assumpta-eu.org\/wp-content\/uploads\/2023\/08\/IMG_20200818_154502-1_as-rotated.jpg&#8221; parallax=&#8221;on&#8221; custom_padding=&#8221;16vw||16vw||true|false&#8221; top_divider_style=&#8221;wave2&#8243; top_divider_color=&#8221;#beb2cf&#8221; top_divider_flip=&#8221;vertical&#8221; bottom_divider_style=&#8221;wave2&#8243; bottom_divider_color=&#8221;#2C0047&#8243; bottom_divider_flip=&#8221;horizontal|vertical&#8221; saved_tabs=&#8221;all&#8221; collapsed=&#8221;on&#8221; global_colors_info=&#8221;{}&#8221;][et_pb_row _builder_version=&#8221;4.22.1&#8243; _module_preset=&#8221;default&#8221; global_colors_info=&#8221;{}&#8221;][et_pb_column type=&#8221;4_4&#8243; _builder_version=&#8221;4.22.1&#8243; _module_preset=&#8221;default&#8221; global_colors_info=&#8221;{}&#8221;][et_pb_tabs active_tab_background_color=&#8221;#FFD23F&#8221; inactive_tab_background_color=&#8221;#BEB2CF&#8221; active_tab_text_color=&#8221;#2C0047&#8243; _builder_version=&#8221;4.27.0&#8243; _module_preset=&#8221;default&#8221; tab_text_color=&#8221;#755882&#8243; body_font=&#8221;||||||||&#8221; tab_font_size=&#8221;20px&#8221; tab_line_height=&#8221;3em&#8221; background_color=&#8221;rgba(255,255,255,0.75)&#8221; hover_enabled=&#8221;0&#8243; border_radii=&#8221;on|10px|10px|10px|10px&#8221; border_color_all=&#8221;#2C0047&#8243; box_shadow_style=&#8221;preset2&#8243; global_colors_info=&#8221;{}&#8221; sticky_enabled=&#8221;0&#8243;][et_pb_tab title=&#8221;Perch\u00e9?&#8221; _builder_version=&#8221;4.23.1&#8243; _module_preset=&#8221;default&#8221; global_colors_info=&#8221;{}&#8221;]<\/p>\n<p>Dobbiamo attingere alle nostre risorse spirituali per rispondere alle sfide che deve affrontare la nostra casa comune. Come sottolineava madre Maria Eugenia, <em>questa terra \u00e8 un luogo di gloria per Dio.<\/em><\/p>\n<p><b><span data-contrast=\"auto\">L&#8217;Incarnazione:<\/span><\/b> questo mistero fu scelto da Maria Eugenia per la nuova congregazione. In esso vediamo il mistero attraverso cui l&#8217;umanit\u00e0 \u00e8 divinizzata e tutte le cose sono riconciliate in Cristo. Esso illumina lo scopo e la speranza della creazione, perch\u00e9 <em>tutto \u00e8 per Ges\u00f9 Cristo.<\/em> Questo \u00e8 il fondamento del nostro lavoro per la giustizia, la pace e la cura del creato.<span data-ccp-props=\"{\"201341983\":0,\"335559739\":160,\"335559740\":259}\"><\/span><\/p>\n<p><em>&#8220;Dio \u00e8 bont\u00e0 che desidera donarsi\u201d<\/em> (Maria Eugenia 1879). C&#8217;\u00e8 una bont\u00e0 ultima nella creazione anche se deturpata dal fallimento umano. Valorizziamo i doni che riceviamo da Dio e promuoviamo il miracolo della vita. Oggi, in un pianeta messo alla prova da molteplici emergenze (climatiche, ambientali, disuguaglianze esasperate e la recente pandemia) recuperiamo la gioia di essere umani e speriamo nell&#8217;immancabile bont\u00e0 di Dio.<\/p>\n<p>[\/et_pb_tab][et_pb_tab title=&#8221;Come?&#8221; _builder_version=&#8221;4.27.0&#8243; _module_preset=&#8221;default&#8221; hover_enabled=&#8221;0&#8243; global_colors_info=&#8221;{}&#8221; sticky_enabled=&#8221;0&#8243;]<\/p>\n<p><b><span data-contrast=\"auto\">Valori del Regno<\/span><\/b><\/p>\n<p>Ci diamo da fare per una trasformazione della societ\u00e0, all&#8217;interno della quale tutto \u00e8 interconnesso. Poich\u00e9 &#8220;<em>siamo custodi della nostra casa comune, della terra e di ogni creatura<\/em>&#8221; (Papa Francesco, Fratelli Tutti) le nostre scelte devono essere informate. Consideriamo le conseguenze sociali e l&#8217;impatto delle nostre azioni sul clima e sull&#8217;ambiente, e cerchiamo di favorire il dialogo, la pace e la riconciliazione. Vivendo in modo semplice, con uno spirito di distacco gioioso, possiamo camminare con gioia verso l&#8217;avvento del Regno di Dio, consapevoli del fatto che tutta la creazione \u00e8 chiamata alla pienezza di vita. <\/p>\n<p><b><span data-contrast=\"auto\">Preghiera<\/span><\/b><\/p>\n<p>La venuta del Regno inizia nel cuore, \u00e8 guidata dallo Spirito. Nella preghiera ascoltiamo ci\u00f2 che ci viene chiesto e nella nostra debolezza riceviamo la forza per rispondere. Crediamo che sia &#8216;<em>Dio che dirige tutto e nessuna mano pi\u00f9 amorevole e saggia potrebbe dirigere i nostri destini<\/em>\u2019. (S. Maria Eugenia) <\/p>\n<p><span data-contrast=\"auto\">Per notizie e aggiornamenti dal Segretariato Internazionale di GPIC della famiglia dell&#8217;Assunzione: <\/span><a href=\"https:\/\/jpic-assumpta.org\/\" target=\"_blank\" rel=\"noreferrer noopener\"><span data-contrast=\"none\">https:\/\/jpic-assumpta.org<\/span><\/a>.<\/p>\n<p>[\/et_pb_tab][\/et_pb_tabs][\/et_pb_column][\/et_pb_row][\/et_pb_section]<\/p>\n","protected":false},"excerpt":{"rendered":"<p>MissioneClima e giustizia\u201cInsieme a tutti coloro che si impegnano a costruire un mondo pi\u00f9 fraterno, le suore lavorano per la promozione della giustizia, che \u00e8 la condizione e l&#8217;espressione di una societ\u00e0 influenzata dal Vangelo.\u201d Regola di Vita delle Religiose dell&#8217;Assunzione n. 79Impegno per il cambiamentoI valori del Vangelo nelle sfide del mondoAll&#8217;Assunzione riconosciamo che, [&hellip;]<\/p>\n","protected":false},"author":1,"featured_media":0,"parent":1438,"menu_order":0,"comment_status":"closed","ping_status":"closed","template":"","meta":{"_et_pb_use_builder":"on","_et_pb_old_content":"","_et_gb_content_width":"","footnotes":""},"class_list":["post-1448","page","type-page","status-publish","hentry"],"yoast_head":"<!-- This site is optimized with the Yoast SEO plugin v27.5 - https:\/\/yoast.com\/product\/yoast-seo-wordpress\/ -->\n<title>Clima e giustizia - Religious of the Assumption &gt; Province of Europe<\/title>\n<meta name=\"robots\" content=\"index, follow, max-snippet:-1, max-image-preview:large, max-video-preview:-1\" \/>\n<link rel=\"canonical\" href=\"https:\/\/assumpta-eu.org\/it\/missione\/clima-e-giustizia\/\" \/>\n<meta property=\"og:locale\" content=\"it_IT\" \/>\n<meta property=\"og:type\" content=\"article\" \/>\n<meta property=\"og:title\" content=\"Clima e giustizia - Religious of the Assumption &gt; Province of Europe\" \/>\n<meta property=\"og:description\" content=\"MissioneClima e giustizia\u201cInsieme a tutti coloro che si impegnano a costruire un mondo pi\u00f9 fraterno, le suore lavorano per la promozione della giustizia, che \u00e8 la condizione e l&#039;espressione di una societ\u00e0 influenzata dal Vangelo.\u201d Regola di Vita delle Religiose dell&#039;Assunzione n. 79Impegno per il cambiamentoI valori del Vangelo nelle sfide del mondoAll&#039;Assunzione riconosciamo che, [&hellip;]\" \/>\n<meta property=\"og:url\" content=\"https:\/\/assumpta-eu.org\/it\/missione\/clima-e-giustizia\/\" \/>\n<meta property=\"og:site_name\" content=\"Religious of the Assumption &gt; Province of Europe\" \/>\n<meta property=\"article:publisher\" content=\"http:\/\/www.facebook.com\/assumptionUK\" \/>\n<meta property=\"article:modified_time\" content=\"2024-08-20T12:24:13+00:00\" \/>\n<meta name=\"twitter:card\" content=\"summary_large_image\" \/>\n<meta name=\"twitter:site\" content=\"@AssumptionRA\" \/>\n<meta name=\"twitter:label1\" content=\"Tempo di lettura stimato\" \/>\n\t<meta name=\"twitter:data1\" content=\"9 minuti\" \/>\n<script type=\"application\/ld+json\" class=\"yoast-schema-graph\">{\"@context\":\"https:\\\/\\\/schema.org\",\"@graph\":[{\"@type\":\"WebPage\",\"@id\":\"https:\\\/\\\/assumpta-eu.org\\\/it\\\/missione\\\/clima-e-giustizia\\\/\",\"url\":\"https:\\\/\\\/assumpta-eu.org\\\/it\\\/missione\\\/clima-e-giustizia\\\/\",\"name\":\"Clima e giustizia - Religious of the Assumption &gt; Province of Europe\",\"isPartOf\":{\"@id\":\"https:\\\/\\\/assumpta-eu.org\\\/it\\\/#website\"},\"datePublished\":\"2023-08-24T11:40:41+00:00\",\"dateModified\":\"2024-08-20T12:24:13+00:00\",\"breadcrumb\":{\"@id\":\"https:\\\/\\\/assumpta-eu.org\\\/it\\\/missione\\\/clima-e-giustizia\\\/#breadcrumb\"},\"inLanguage\":\"it-IT\",\"potentialAction\":[{\"@type\":\"ReadAction\",\"target\":[\"https:\\\/\\\/assumpta-eu.org\\\/it\\\/missione\\\/clima-e-giustizia\\\/\"]}]},{\"@type\":\"BreadcrumbList\",\"@id\":\"https:\\\/\\\/assumpta-eu.org\\\/it\\\/missione\\\/clima-e-giustizia\\\/#breadcrumb\",\"itemListElement\":[{\"@type\":\"ListItem\",\"position\":1,\"name\":\"Home\",\"item\":\"https:\\\/\\\/assumpta-eu.org\\\/it\\\/\"},{\"@type\":\"ListItem\",\"position\":2,\"name\":\"Missione\",\"item\":\"https:\\\/\\\/assumpta-eu.org\\\/it\\\/missione\\\/\"},{\"@type\":\"ListItem\",\"position\":3,\"name\":\"Clima e giustizia\"}]},{\"@type\":\"WebSite\",\"@id\":\"https:\\\/\\\/assumpta-eu.org\\\/it\\\/#website\",\"url\":\"https:\\\/\\\/assumpta-eu.org\\\/it\\\/\",\"name\":\"Province of Europe of the Religious of the Assumption\",\"description\":\"Make Christ known and loved\",\"publisher\":{\"@id\":\"https:\\\/\\\/assumpta-eu.org\\\/it\\\/#organization\"},\"potentialAction\":[{\"@type\":\"SearchAction\",\"target\":{\"@type\":\"EntryPoint\",\"urlTemplate\":\"https:\\\/\\\/assumpta-eu.org\\\/it\\\/?s={search_term_string}\"},\"query-input\":{\"@type\":\"PropertyValueSpecification\",\"valueRequired\":true,\"valueName\":\"search_term_string\"}}],\"inLanguage\":\"it-IT\"},{\"@type\":\"Organization\",\"@id\":\"https:\\\/\\\/assumpta-eu.org\\\/it\\\/#organization\",\"name\":\"Religious of the Assumption\",\"url\":\"https:\\\/\\\/assumpta-eu.org\\\/it\\\/\",\"logo\":{\"@type\":\"ImageObject\",\"inLanguage\":\"it-IT\",\"@id\":\"https:\\\/\\\/assumpta-eu.org\\\/it\\\/#\\\/schema\\\/logo\\\/image\\\/\",\"url\":\"https:\\\/\\\/assumpta-eu.org\\\/wp-content\\\/uploads\\\/2023\\\/06\\\/RA-EU-logos-02.png\",\"contentUrl\":\"https:\\\/\\\/assumpta-eu.org\\\/wp-content\\\/uploads\\\/2023\\\/06\\\/RA-EU-logos-02.png\",\"width\":705,\"height\":729,\"caption\":\"Religious of the Assumption\"},\"image\":{\"@id\":\"https:\\\/\\\/assumpta-eu.org\\\/it\\\/#\\\/schema\\\/logo\\\/image\\\/\"},\"sameAs\":[\"http:\\\/\\\/www.facebook.com\\\/assumptionUK\",\"https:\\\/\\\/x.com\\\/AssumptionRA\",\"http:\\\/\\\/www.instagram.com\\\/assumptionuk\"]}]}<\/script>\n<!-- \/ Yoast SEO plugin. -->","yoast_head_json":{"title":"Clima e giustizia - Religious of the Assumption &gt; Province of Europe","robots":{"index":"index","follow":"follow","max-snippet":"max-snippet:-1","max-image-preview":"max-image-preview:large","max-video-preview":"max-video-preview:-1"},"canonical":"https:\/\/assumpta-eu.org\/it\/missione\/clima-e-giustizia\/","og_locale":"it_IT","og_type":"article","og_title":"Clima e giustizia - Religious of the Assumption &gt; Province of Europe","og_description":"MissioneClima e giustizia\u201cInsieme a tutti coloro che si impegnano a costruire un mondo pi\u00f9 fraterno, le suore lavorano per la promozione della giustizia, che \u00e8 la condizione e l'espressione di una societ\u00e0 influenzata dal Vangelo.\u201d Regola di Vita delle Religiose dell'Assunzione n. 79Impegno per il cambiamentoI valori del Vangelo nelle sfide del mondoAll'Assunzione riconosciamo che, [&hellip;]","og_url":"https:\/\/assumpta-eu.org\/it\/missione\/clima-e-giustizia\/","og_site_name":"Religious of the Assumption &gt; Province of Europe","article_publisher":"http:\/\/www.facebook.com\/assumptionUK","article_modified_time":"2024-08-20T12:24:13+00:00","twitter_card":"summary_large_image","twitter_site":"@AssumptionRA","twitter_misc":{"Tempo di lettura stimato":"9 minuti"},"schema":{"@context":"https:\/\/schema.org","@graph":[{"@type":"WebPage","@id":"https:\/\/assumpta-eu.org\/it\/missione\/clima-e-giustizia\/","url":"https:\/\/assumpta-eu.org\/it\/missione\/clima-e-giustizia\/","name":"Clima e giustizia - Religious of the Assumption &gt; Province of Europe","isPartOf":{"@id":"https:\/\/assumpta-eu.org\/it\/#website"},"datePublished":"2023-08-24T11:40:41+00:00","dateModified":"2024-08-20T12:24:13+00:00","breadcrumb":{"@id":"https:\/\/assumpta-eu.org\/it\/missione\/clima-e-giustizia\/#breadcrumb"},"inLanguage":"it-IT","potentialAction":[{"@type":"ReadAction","target":["https:\/\/assumpta-eu.org\/it\/missione\/clima-e-giustizia\/"]}]},{"@type":"BreadcrumbList","@id":"https:\/\/assumpta-eu.org\/it\/missione\/clima-e-giustizia\/#breadcrumb","itemListElement":[{"@type":"ListItem","position":1,"name":"Home","item":"https:\/\/assumpta-eu.org\/it\/"},{"@type":"ListItem","position":2,"name":"Missione","item":"https:\/\/assumpta-eu.org\/it\/missione\/"},{"@type":"ListItem","position":3,"name":"Clima e giustizia"}]},{"@type":"WebSite","@id":"https:\/\/assumpta-eu.org\/it\/#website","url":"https:\/\/assumpta-eu.org\/it\/","name":"Province of Europe of the Religious of the Assumption","description":"Make Christ known and loved","publisher":{"@id":"https:\/\/assumpta-eu.org\/it\/#organization"},"potentialAction":[{"@type":"SearchAction","target":{"@type":"EntryPoint","urlTemplate":"https:\/\/assumpta-eu.org\/it\/?s={search_term_string}"},"query-input":{"@type":"PropertyValueSpecification","valueRequired":true,"valueName":"search_term_string"}}],"inLanguage":"it-IT"},{"@type":"Organization","@id":"https:\/\/assumpta-eu.org\/it\/#organization","name":"Religious of the Assumption","url":"https:\/\/assumpta-eu.org\/it\/","logo":{"@type":"ImageObject","inLanguage":"it-IT","@id":"https:\/\/assumpta-eu.org\/it\/#\/schema\/logo\/image\/","url":"https:\/\/assumpta-eu.org\/wp-content\/uploads\/2023\/06\/RA-EU-logos-02.png","contentUrl":"https:\/\/assumpta-eu.org\/wp-content\/uploads\/2023\/06\/RA-EU-logos-02.png","width":705,"height":729,"caption":"Religious of the Assumption"},"image":{"@id":"https:\/\/assumpta-eu.org\/it\/#\/schema\/logo\/image\/"},"sameAs":["http:\/\/www.facebook.com\/assumptionUK","https:\/\/x.com\/AssumptionRA","http:\/\/www.instagram.com\/assumptionuk"]}]}},"_links":{"self":[{"href":"https:\/\/assumpta-eu.org\/it\/wp-json\/wp\/v2\/pages\/1448","targetHints":{"allow":["GET"]}}],"collection":[{"href":"https:\/\/assumpta-eu.org\/it\/wp-json\/wp\/v2\/pages"}],"about":[{"href":"https:\/\/assumpta-eu.org\/it\/wp-json\/wp\/v2\/types\/page"}],"author":[{"embeddable":true,"href":"https:\/\/assumpta-eu.org\/it\/wp-json\/wp\/v2\/users\/1"}],"replies":[{"embeddable":true,"href":"https:\/\/assumpta-eu.org\/it\/wp-json\/wp\/v2\/comments?post=1448"}],"version-history":[{"count":12,"href":"https:\/\/assumpta-eu.org\/it\/wp-json\/wp\/v2\/pages\/1448\/revisions"}],"predecessor-version":[{"id":4750,"href":"https:\/\/assumpta-eu.org\/it\/wp-json\/wp\/v2\/pages\/1448\/revisions\/4750"}],"up":[{"embeddable":true,"href":"https:\/\/assumpta-eu.org\/it\/wp-json\/wp\/v2\/pages\/1438"}],"wp:attachment":[{"href":"https:\/\/assumpta-eu.org\/it\/wp-json\/wp\/v2\/media?parent=1448"}],"curies":[{"name":"wp","href":"https:\/\/api.w.org\/{rel}","templated":true}]}}