{"id":1426,"date":"2023-10-11T13:29:26","date_gmt":"2023-10-11T11:29:26","guid":{"rendered":"https:\/\/assumpta-eu.org\/partecipa\/pregare-con-noi\/"},"modified":"2024-04-15T15:58:45","modified_gmt":"2024-04-15T13:58:45","slug":"pregare-con-noi","status":"publish","type":"page","link":"https:\/\/assumpta-eu.org\/it\/partecipa\/pregare-con-noi\/","title":{"rendered":"Pregare con noi"},"content":{"rendered":"<p>[et_pb_section fb_built=&#8221;1&#8243; custom_padding_last_edited=&#8221;on|phone&#8221; admin_label=&#8221;Header&#8221; _builder_version=&#8221;4.22.2&#8243; _module_preset=&#8221;default&#8221; background_color=&#8221;#FFD23F&#8221; use_background_color_gradient=&#8221;on&#8221; background_color_gradient_direction=&#8221;80deg&#8221; background_color_gradient_stops=&#8221;#ffd23f 0%|rgba(255,210,63,0.1) 99%&#8221; background_color_gradient_overlays_image=&#8221;on&#8221; background_image=&#8221;https:\/\/assumpta-eu.org\/wp-content\/uploads\/2023\/10\/DSCN2346_as.jpg&#8221; parallax=&#8221;on&#8221; z_index=&#8221;10&#8243; custom_padding=&#8221;0px||0px||true|false&#8221; custom_padding_tablet=&#8221;20px||80px||false|false&#8221; custom_padding_phone=&#8221;30px||100px||false|false&#8221; top_divider_style=&#8221;wave2&#8243; top_divider_color=&#8221;#F5F5F5&#8243; top_divider_height=&#8221;108px&#8221; top_divider_arrangement=&#8221;above_content&#8221; bottom_divider_style=&#8221;wave2&#8243; bottom_divider_color=&#8221;#F5F5F5&#8243; bottom_divider_repeat=&#8221;1x&#8221; bottom_divider_flip=&#8221;horizontal&#8221; bottom_divider_arrangement=&#8221;above_content&#8221; locked=&#8221;off&#8221; collapsed=&#8221;on&#8221; global_colors_info=&#8221;{}&#8221;][et_pb_row use_custom_gutter=&#8221;on&#8221; gutter_width=&#8221;1&#8243; make_equal=&#8221;on&#8221; _builder_version=&#8221;4.21.0&#8243; _module_preset=&#8221;default&#8221; background_enable_color=&#8221;off&#8221; background_enable_image=&#8221;off&#8221; parallax=&#8221;on&#8221; width=&#8221;100%&#8221; max_width=&#8221;100%&#8221; custom_padding=&#8221;6vw||6vw||true|false&#8221; global_colors_info=&#8221;{}&#8221;][et_pb_column type=&#8221;4_4&#8243; _builder_version=&#8221;4.18.0&#8243; _module_preset=&#8221;default&#8221; custom_padding=&#8221;10%|4%|10%|8%|true|false&#8221; global_colors_info=&#8221;{}&#8221;][et_pb_text _builder_version=&#8221;4.22.2&#8243; _module_preset=&#8221;e6504a1b-67eb-4b3d-b023-bcab277610b6&#8243; text_text_color=&#8221;#BEB2CF&#8221; header_font=&#8221;Ubuntu|||on|||||&#8221; header_text_color=&#8221;#755882&#8243; header_letter_spacing=&#8221;2px&#8221; header_4_font=&#8221;Ubuntu|700||on|||||&#8221; header_4_text_color=&#8221;#755882&#8243; header_4_font_size=&#8221;16px&#8221; header_4_line_height=&#8221;1.5em&#8221; custom_margin=&#8221;||0px||false|false&#8221; header_font_size_tablet=&#8221;26px&#8221; header_font_size_phone=&#8221;22px&#8221; header_font_size_last_edited=&#8221;on|phone&#8221; global_colors_info=&#8221;{}&#8221;]<\/p>\n<h4>Partecipa<\/h4>\n<p>[\/et_pb_text][et_pb_text _builder_version=&#8221;4.22.2&#8243; _module_preset=&#8221;c16985e1-e0d6-4022-964d-e2bfc04fa633&#8243; header_font=&#8221;Playfair Display||||||||&#8221; header_text_color=&#8221;#FFFFFF&#8221; header_font_size=&#8221;70px&#8221; header_letter_spacing=&#8221;2px&#8221; header_line_height=&#8221;1.1em&#8221; header_2_text_color=&#8221;#2C0047&#8243; header_2_font_size=&#8221;50px&#8221; header_2_line_height=&#8221;1.2em&#8221; max_width=&#8221;800px&#8221; custom_margin=&#8221;||30px||false|false&#8221; animation_style=&#8221;fade&#8221; animation_duration=&#8221;1500ms&#8221; animation_delay=&#8221;200ms&#8221; header_font_size_tablet=&#8221;40px&#8221; header_font_size_phone=&#8221;24px&#8221; header_font_size_last_edited=&#8221;on|desktop&#8221; header_2_font_size_tablet=&#8221;42px&#8221; header_2_font_size_phone=&#8221;36px&#8221; header_2_font_size_last_edited=&#8221;on|desktop&#8221; global_colors_info=&#8221;{}&#8221;]<\/p>\n<h2>Pregare con noi<\/h2>\n<p>[\/et_pb_text][et_pb_text module_class=&#8221;claro&#8221; _builder_version=&#8221;4.23.1&#8243; _module_preset=&#8221;1f09816e-184e-4ce5-a4cf-b39c52c423ca&#8221; text_font=&#8221;||||||||&#8221; text_text_color=&#8221;rgba(44,0,71,0.7)&#8221; text_line_height=&#8221;1.8em&#8221; header_text_align=&#8221;center&#8221; max_width=&#8221;800px&#8221; module_alignment=&#8221;left&#8221; custom_margin=&#8221;||30px||false|false&#8221; animation_style=&#8221;fade&#8221; animation_duration=&#8221;1500ms&#8221; animation_delay=&#8221;400ms&#8221; hover_enabled=&#8221;0&#8243; text_font_size_tablet=&#8221;15px&#8221; text_font_size_phone=&#8221;14px&#8221; text_font_size_last_edited=&#8221;on|phone&#8221; header_font_size_tablet=&#8221;55px&#8221; header_font_size_last_edited=&#8221;off|desktop&#8221; global_colors_info=&#8221;{}&#8221; sticky_enabled=&#8221;0&#8243;]<\/p>\n<p><em><span data-contrast=\"auto\" xml:lang=\"FR-FR\" lang=\"FR-FR\" class=\"TextRun SCXW115077048 BCX0\"><span class=\"NormalTextRun SCXW115077048 BCX0\"><span data-contrast=\"auto\" lang=\"EN-US\" class=\"TextRun MacChromeBold SCXW146419962 BCX0\"><span class=\"NormalTextRun SCXW146419962 BCX0\">\u201cHo chiesto a Dio il dono della preghiera ininterrotta, la grazia di dimenticare me stessa e ogni consolazione umana per potermi affidare a Lui solo.<\/span><\/span>\u201d <\/span><\/span><span class=\"EOP SCXW115077048 BCX0\" data-ccp-props=\"{\"201341983\":0,\"335559739\":160,\"335559740\":259}\"> <\/span><\/em><\/p>\n<p style=\"text-align: right;\"><span class=\"NormalTextRun SCXW146419962 BCX0\">(S. Maria Eugenia<\/span><span class=\"NormalTextRun SCXW146419962 BCX0\">1847)<\/span><\/p>\n<p>[\/et_pb_text][\/et_pb_column][\/et_pb_row][\/et_pb_section][et_pb_section fb_built=&#8221;1&#8243; _builder_version=&#8221;4.22.1&#8243; _module_preset=&#8221;default&#8221; background_color=&#8221;#BEB2CF&#8221; use_background_color_gradient=&#8221;on&#8221; background_color_gradient_stops=&#8221;#f5f5f5 0%|#beb2cf 100%&#8221; background_enable_image=&#8221;off&#8221; background_size=&#8221;contain&#8221; background_position=&#8221;top_left&#8221; custom_padding=&#8221;||||false|false&#8221; global_colors_info=&#8221;{}&#8221;][et_pb_row column_structure=&#8221;3_5,2_5&#8243; make_equal=&#8221;on&#8221; _builder_version=&#8221;4.21.0&#8243; _module_preset=&#8221;default&#8221; width=&#8221;90%&#8221; module_alignment=&#8221;center&#8221; custom_padding=&#8221;0px||0px||true|false&#8221; global_colors_info=&#8221;{}&#8221;][et_pb_column type=&#8221;3_5&#8243; _builder_version=&#8221;4.21.0&#8243; _module_preset=&#8221;default&#8221; custom_padding=&#8221;8%||20px||false|true&#8221; global_colors_info=&#8221;{}&#8221;][et_pb_text _builder_version=&#8221;4.22.2&#8243; _module_preset=&#8221;e6504a1b-67eb-4b3d-b023-bcab277610b6&#8243; header_4_font=&#8221;Ubuntu|700||on|||||&#8221; header_4_text_align=&#8221;left&#8221; header_4_text_color=&#8221;#9583B3&#8243; header_4_font_size=&#8221;16px&#8221; header_4_line_height=&#8221;1.5em&#8221; custom_margin=&#8221;||0px||false|false&#8221; global_colors_info=&#8221;{}&#8221;]<\/p>\n<h4><span class=\"NormalTextRun SCXW53572490 BCX0\">Un incontro con Dio<\/span><\/h4>\n<p>[\/et_pb_text][et_pb_text _builder_version=&#8221;4.22.2&#8243; _module_preset=&#8221;b327cbe4-b1d5-4b66-ad37-40c8f2f061ba&#8221; header_text_align=&#8221;left&#8221; header_2_font=&#8221;Playfair Display||||||||&#8221; header_2_text_align=&#8221;left&#8221; header_2_text_color=&#8221;#2C0047&#8243; header_2_font_size=&#8221;45px&#8221; header_2_letter_spacing=&#8221;2px&#8221; header_2_line_height=&#8221;1.35em&#8221; custom_margin=&#8221;||30px||false|false&#8221; animation_style=&#8221;fade&#8221; animation_duration=&#8221;1500ms&#8221; animation_delay=&#8221;200ms&#8221; header_2_font_size_tablet=&#8221;32px&#8221; header_2_font_size_phone=&#8221;20px&#8221; header_2_font_size_last_edited=&#8221;on|desktop&#8221; global_colors_info=&#8221;{}&#8221;]<\/p>\n<h2><span data-contrast=\"auto\" xml:lang=\"EN-GB\" lang=\"EN-GB\" class=\"TextRun MacChromeBold SCXW265711410 BCX0\"><span class=\"NormalTextRun SCXW265711410 BCX0\">L&#8217;importanza della preghiera<\/span><\/span><\/h2>\n<p>[\/et_pb_text][et_pb_text _builder_version=&#8221;4.23.1&#8243; _module_preset=&#8221;default&#8221; text_font=&#8221;||||||||&#8221; text_line_height=&#8221;1.8em&#8221; header_text_align=&#8221;center&#8221; max_width=&#8221;800%&#8221; module_alignment=&#8221;left&#8221; custom_margin=&#8221;||30px||false|false&#8221; animation_style=&#8221;fade&#8221; animation_duration=&#8221;1500ms&#8221; animation_delay=&#8221;400ms&#8221; hover_enabled=&#8221;0&#8243; text_font_size_tablet=&#8221;15px&#8221; text_font_size_phone=&#8221;14px&#8221; text_font_size_last_edited=&#8221;on|phone&#8221; header_font_size_tablet=&#8221;55px&#8221; header_font_size_last_edited=&#8221;off|desktop&#8221; global_colors_info=&#8221;{}&#8221; sticky_enabled=&#8221;0&#8243;]<\/p>\n<blockquote>\n<p><span data-contrast=\"auto\">\u201cLa preghiera \u00e8 un incontro con il <strong>mistero di Dio<\/strong>, \u00e8 ascolto della Parola, \u00e8 consenso all&#8217;amore<\/span> <span data-contrast=\"auto\">che si impossessa dolcemente <\/span> <span data-contrast=\"auto\">del nostro cuore, della nostra mente e della nostra volont\u00e0.<\/span><\/p>\n<p><strong>La preghiera contemplativa,<\/strong> <span data-contrast=\"auto\">a cui tutti sono chiamati,<\/span> <span data-contrast=\"auto\">\u00e8 un dono dello Spirito. Ci prepariamo a riceverlo con lo sforzo costante di vivere una vita interiore che ci renda sensibili a Dio<\/span> <span data-contrast=\"auto\">attraverso i segni che egli d\u00e0<\/span> <span data-contrast=\"auto\">nel momento presente. La qualit\u00e0 della nostra preghiera<\/span> <span data-contrast=\"auto\">dipender\u00e0 sempre da questa costante fedelt\u00e0 all&#8217;amore. La preghiera di ogni persona \u00e8 unica, ma per tutti \u00e8 un momento<\/span> <span data-contrast=\"auto\">di profonda relazione e intimit\u00e0<\/span> <span data-contrast=\"auto\">con Dio.<\/span><span data-ccp-props=\"{\"201341983\":0,\"335551550\":1,\"335551620\":1,\"335559739\":160,\"335559740\":259}\"> <\/span><br \/><span data-contrast=\"auto\"><\/span><\/p>\n<p><span data-contrast=\"auto\">Non temiamo i momenti di solitudine con Dio. Potremmo dover lottare durante la notte e combattere con la depressione e l&#8217;oscurit\u00e0 che sono effetti del peccato. La Fede, la Speranza e l&#8217;Amore ci permetteranno di resistere fino al sorgere del giorno. Allora conosceremo la <strong>tenerezza della benedizione di Dio<\/strong> che ci tocca nel segreto del nostro essere.<\/span><span data-ccp-props=\"{\"201341983\":0,\"335551550\":1,\"335551620\":1,\"335559739\":160,\"335559740\":259}\"> <\/span><br \/><span data-ccp-props=\"{\"201341983\":0,\"335551550\":1,\"335551620\":1,\"335559739\":160,\"335559740\":259}\"><\/span><\/p>\n<p><span data-contrast=\"auto\">Dobbiamo perseverare con coraggio nella preghiera<\/span> <span data-contrast=\"auto\">senza mai arrenderci, tenendoci davanti a Dio<\/span> <span data-contrast=\"auto\">come un povero davanti a Colui che \u00e8 ricco<\/span> <span data-contrast=\"auto\">di ogni bene e desidera condividerlo. Questa esperienza pu\u00f2 essere spesso oscura, ma i suoi frutti saranno riconoscibili: purezza di cuore, pace profonda e dono totale e gioioso di noi stessi al minimo segno della volont\u00e0 di Dio. La preghiera ci apre all&#8217;<strong>azione dello Spirito<\/strong> e ci permette di abbandonarci a Lui che ci viene incontro in ogni circostanza, rendendoci gli adoratori in Spirito e Verit\u00e0 che il Padre cerca. Questa unit\u00e0 di vita \u00e8 il frutto di uno sforzo lungo e paziente.<\/span><i><span data-contrast=\"auto\">.\u201d<\/span><\/i><br \/><span data-ccp-props=\"{\"201341983\":0,\"335551550\":1,\"335551620\":1,\"335559739\":160,\"335559740\":259}\"><\/span><\/p>\n<p style=\"text-align: right;\"><span data-contrast=\"auto\" xml:lang=\"EN-GB\" lang=\"EN-GB\" class=\"TextRun SCXW82511141 BCX0\"><span class=\"NormalTextRun SCXW82511141 BCX0\"><\/span><\/span><\/p>\n<p style=\"text-align: right;\"><em>D<span data-contrast=\"auto\" lang=\"EN-GB\" class=\"TextRun SCXW82511141 BCX0\" xml:lang=\"EN-GB\"><span class=\"NormalTextRun SCXW82511141 BCX0\">al<\/span><\/span>la <span data-contrast=\"auto\" lang=\"EN-GB\" class=\"TextRun SCXW82511141 BCX0\" xml:lang=\"EN-GB\"><span class=\"NormalTextRun SCXW82511141 BCX0\">Regola di Vita delle Religiose dell&#8217;Assunzione<\/span><\/span><\/em><\/p>\n<\/blockquote>\n<p>[\/et_pb_text][\/et_pb_column][et_pb_column type=&#8221;2_5&#8243; _builder_version=&#8221;4.21.0&#8243; _module_preset=&#8221;default&#8221; custom_padding=&#8221;8%||20px||false|true&#8221; global_colors_info=&#8221;{}&#8221;][et_pb_image src=&#8221;https:\/\/assumpta-eu.org\/wp-content\/uploads\/2023\/10\/DSCN1751_as.jpg&#8221; title_text=&#8221;DSCN1751_as&#8221; disabled_on=&#8221;on|on|off&#8221; _builder_version=&#8221;4.22.2&#8243; _module_preset=&#8221;default&#8221; max_width=&#8221;360px&#8221; module_alignment=&#8221;right&#8221; animation_style=&#8221;slide&#8221; animation_direction=&#8221;right&#8221; animation_duration=&#8221;1400ms&#8221; animation_delay=&#8221;400ms&#8221; border_radii=&#8221;on|10px|10px|10px|10px&#8221; box_shadow_style=&#8221;preset2&#8243; global_colors_info=&#8221;{}&#8221;][\/et_pb_image][\/et_pb_column][\/et_pb_row][\/et_pb_section][et_pb_section fb_built=&#8221;1&#8243; admin_label=&#8221;Footer&#8221; _builder_version=&#8221;4.22.2&#8243; _module_preset=&#8221;default&#8221; background_color=&#8221;#2C0047&#8243; use_background_color_gradient=&#8221;on&#8221; background_color_gradient_direction=&#8221;90deg&#8221; background_color_gradient_stops=&#8221;rgba(44,0,71,0.9) 0%|rgba(44, 0, 71, 0.69) 23%|rgba(44,0,71,0.64) 47%|rgba(44,0,71,0) 100%&#8221; background_color_gradient_overlays_image=&#8221;on&#8221; background_image=&#8221;https:\/\/assumpta-eu.org\/wp-content\/uploads\/2023\/10\/DSCN2118_as.jpg&#8221; parallax=&#8221;on&#8221; custom_padding=&#8221;16vw||16vw||true|false&#8221; top_divider_style=&#8221;wave2&#8243; top_divider_color=&#8221;#beb2cf&#8221; top_divider_flip=&#8221;vertical&#8221; bottom_divider_style=&#8221;wave2&#8243; bottom_divider_color=&#8221;#F5F5F5&#8243; bottom_divider_flip=&#8221;horizontal|vertical&#8221; saved_tabs=&#8221;all&#8221; collapsed=&#8221;on&#8221; global_colors_info=&#8221;{}&#8221;][et_pb_row _builder_version=&#8221;4.22.1&#8243; _module_preset=&#8221;default&#8221; global_colors_info=&#8221;{}&#8221;][et_pb_column type=&#8221;4_4&#8243; _builder_version=&#8221;4.22.1&#8243; _module_preset=&#8221;default&#8221; global_colors_info=&#8221;{}&#8221;][et_pb_text _builder_version=&#8221;4.22.2&#8243; _module_preset=&#8221;b327cbe4-b1d5-4b66-ad37-40c8f2f061ba&#8221; header_text_align=&#8221;left&#8221; header_2_font=&#8221;Playfair Display||||||||&#8221; header_2_text_align=&#8221;left&#8221; header_2_text_color=&#8221;#FFFFFF&#8221; header_2_font_size=&#8221;45px&#8221; header_2_letter_spacing=&#8221;2px&#8221; header_2_line_height=&#8221;1.35em&#8221; custom_margin=&#8221;||30px||false|false&#8221; animation_style=&#8221;fade&#8221; animation_duration=&#8221;1500ms&#8221; animation_delay=&#8221;200ms&#8221; header_2_font_size_tablet=&#8221;32px&#8221; header_2_font_size_phone=&#8221;20px&#8221; header_2_font_size_last_edited=&#8221;on|desktop&#8221; global_colors_info=&#8221;{}&#8221;]<\/p>\n<h2><span>Risorse per la preghiera<\/span><\/h2>\n<p>[\/et_pb_text][et_pb_tabs active_tab_background_color=&#8221;#FFD23F&#8221; inactive_tab_background_color=&#8221;#BEB2CF&#8221; active_tab_text_color=&#8221;#2C0047&#8243; _builder_version=&#8221;4.23.1&#8243; _module_preset=&#8221;default&#8221; tab_text_color=&#8221;#755882&#8243; body_font=&#8221;||||||||&#8221; tab_font_size=&#8221;20px&#8221; tab_line_height=&#8221;3em&#8221; body_link_text_color=&#8221;#2C0047&#8243; background_color=&#8221;rgba(255,255,255,0.75)&#8221; hover_enabled=&#8221;0&#8243; border_radii=&#8221;on|10px|10px|10px|10px&#8221; border_color_all=&#8221;#2C0047&#8243; box_shadow_style=&#8221;preset2&#8243; global_colors_info=&#8221;{}&#8221; sticky_enabled=&#8221;0&#8243;][et_pb_tab title=&#8221;Il Credo di S. Maria Eugenia &#8221; _builder_version=&#8221;4.23.1&#8243; _module_preset=&#8221;default&#8221; body_link_text_color=&#8221;#2C0047&#8243; hover_enabled=&#8221;0&#8243; global_colors_info=&#8221;{}&#8221; sticky_enabled=&#8221;0&#8243;]<\/p>\n<blockquote>\n<p><span data-contrast=\"auto\" xml:lang=\"EN-US\" lang=\"EN-US\" class=\"TextRun SCXW140302359 BCX0\"><span class=\"NormalTextRun SCXW140302359 BCX0\">\u201c<\/span><span class=\"NormalTextRun SCXW140302359 BCX0\">Credo che<\/span><span class=\"NormalTextRun SCXW140302359 BCX0\"> siamo posti in questo universo per lavorare per l&#8217;avvento del Regno di Dio in noi stessi e negli altri. Credo che Ges\u00f9 Cristo ci abbia salvati per renderci liberi di lavorare secondo la sua Parola. Mi addolora sentire definire questa terra <\/span><span class=\"NormalTextRun ContextualSpellingAndGrammarErrorV2Themed SCXW140302359 BCX0\">come<\/span><span class=\"NormalTextRun SCXW140302359 BCX0\"> una terra di esilio. La considero un luogo di gloria per Dio. Credo che ognuno di noi abbia una missione sulla terra<\/span><span class=\"NormalTextRun SCXW140302359 BCX0\">.<\/span><span class=\"NormalTextRun SCXW140302359 BCX0\">Si tratta semplicemente di<\/span><span class=\"NormalTextRun SCXW140302359 BCX0\">cercare<\/span><span class=\"NormalTextRun SCXW140302359 BCX0\"> come Dio pu\u00f2 usarci per far conoscere e vivere il suo Vangelo. Credo che dobbiamo farlo con coraggio <\/span><span class=\"NormalTextRun SCXW140302359 BCX0\">e per mezzo<\/span><span class=\"NormalTextRun SCXW140302359 BCX0\"> della fede&#8230; i poveri mezzi di Ges\u00f9 Cristo, affidando a Lui il successo. Credo in una societ\u00e0 veramente cristiana dove Dio, anche se invisibile, regna ovunque ed \u00e8 preferito a tutto. Far conoscere Ges\u00f9 Cristo, liberatore e Re del mondo, insegnare che tutto appartiene a Lui, che Egli vuole formare in ognuno di noi la <\/span><span class=\"NormalTextRun SCXW140302359 BCX0\">grande opera<\/span> <span class=\"NormalTextRun SCXW140302359 BCX0\">del regno di Dio e desidera che ognuno di noi<\/span> <span class=\"NormalTextRun AdvancedProofingIssueV2Themed SCXW140302359 BCX0\">entri nel<\/span><span class=\"NormalTextRun SCXW140302359 BCX0\"> suo progetto: o per pregare o per soffrire o per agire. Le confesso che questo \u00e8 per me l&#8217;inizio e il fine di ogni educazione cristiana.\u201d<\/span><\/span><span class=\"EOP SCXW140302359 BCX0\" data-ccp-props=\"{\"201341983\":0,\"335551550\":1,\"335551620\":1,\"335559739\":160,\"335559740\":259}\"> <\/span><\/p>\n<p style=\"text-align: right;\"><em><span class=\"EOP SCXW140302359 BCX0\" data-ccp-props=\"{\"201341983\":0,\"335551550\":1,\"335551620\":1,\"335559739\":160,\"335559740\":259}\"><span data-contrast=\"auto\" xml:lang=\"EN-GB\" lang=\"EN-GB\" class=\"TextRun SCXW113480406 BCX0\"><span class=\"NormalTextRun SCXW113480406 BCX0\">Da una lettera di S. Maria Eugenia scr<\/span>itta <span class=\"NormalTextRun SCXW113480406 BCX0\">tra il 1841 e il 1844.<\/span><\/span><span class=\"EOP SCXW113480406 BCX0\" data-ccp-props=\"{\"201341983\":0,\"335551550\":1,\"335551620\":1,\"335559739\":160,\"335559740\":259}\"> <\/span><\/span><\/em><\/p>\n<\/blockquote>\n<p>[\/et_pb_tab][et_pb_tab title=&#8221;Lo spirito dell&#039;Assunzione: il distacco gioioso &#8221; _builder_version=&#8221;4.23.1&#8243; _module_preset=&#8221;default&#8221; hover_enabled=&#8221;0&#8243; global_colors_info=&#8221;{}&#8221; sticky_enabled=&#8221;0&#8243;]<\/p>\n<blockquote>\n<p><span data-contrast=\"auto\">\u201cLo spirito dell&#8217;Assunzione tende a un distacco gioioso dalle cose terrene e ad andare oltre le prove e le difficolt\u00e0 senza lamentarsi o perdere tempo per esse. La Vergine ci chiama ad elevarci con lei verso una vita celeste, ponendo i nostri pensieri e i nostri affetti in cielo.<\/span><span data-ccp-props=\"{\"201341983\":0,\"335551550\":1,\"335551620\":1,\"335559739\":160,\"335559740\":259}\"> <\/span><\/p>\n<p><span data-contrast=\"auto\">Liberandoci da parole e azioni inutili, da lamentele, preoccupazioni e affari mondani, rendiamo presente il regno di Dio. Parliamo pi\u00f9 spesso con Dio e di Dio. In questo c&#8217;\u00e8 tutto da guadagnare e se c&#8217;\u00e8 qualcosa da perdere \u00e8 un certo bisogno di pensare a noi stessi. Chiediamo a Dio di toglierci questo bisogno. <\/span><span data-ccp-props=\"{\"201341983\":0,\"335551550\":1,\"335551620\":1,\"335559739\":160,\"335559740\":259}\"> <\/span><\/p>\n<p><span data-contrast=\"auto\">Lasciamo sotto i nostri piedi le cose minori e inferiori per poter elevare continuamente la mente e il cuore verso Dio, occuparci di Dio, cercare Dio, vedere Dio, parlare di Dio e amare Dio.\u201d<\/span><span data-ccp-props=\"{\"201341983\":0,\"335551550\":1,\"335551620\":1,\"335559739\":160,\"335559740\":259}\"> <\/span><\/p>\n<p style=\"text-align: right;\"><span data-ccp-props=\"{\"201341983\":0,\"335551550\":1,\"335551620\":1,\"335559739\":160,\"335559740\":259}\"><span data-contrast=\"auto\" lang=\"EN-GB\" class=\"TextRun SCXW89957679 BCX0\"><span class=\"NormalTextRun SCXW89957679 BCX0\">S. Maria Eugenia<\/span><\/span><span data-contrast=\"auto\" lang=\"EN-GB\" class=\"TextRun SCXW89957679 BCX0\"><span class=\"NormalTextRun SCXW89957679 BCX0\">1878<\/span><\/span><\/span><\/p>\n<\/blockquote>\n<p>[\/et_pb_tab][\/et_pb_tabs][\/et_pb_column][\/et_pb_row][\/et_pb_section][et_pb_section fb_built=&#8221;1&#8243; _builder_version=&#8221;4.22.2&#8243; _module_preset=&#8221;default&#8221; background_color=&#8221;#F5F5F5&#8243; bottom_divider_style=&#8221;wave2&#8243; bottom_divider_color=&#8221;#2C0047&#8243; global_colors_info=&#8221;{}&#8221;][et_pb_row _builder_version=&#8221;4.22.2&#8243; _module_preset=&#8221;default&#8221; global_colors_info=&#8221;{}&#8221;][et_pb_column type=&#8221;4_4&#8243; _builder_version=&#8221;4.22.2&#8243; _module_preset=&#8221;default&#8221; global_colors_info=&#8221;{}&#8221;][et_pb_text _builder_version=&#8221;4.22.2&#8243; _module_preset=&#8221;b327cbe4-b1d5-4b66-ad37-40c8f2f061ba&#8221; header_text_align=&#8221;left&#8221; header_2_font=&#8221;Playfair Display||||||||&#8221; header_2_text_align=&#8221;left&#8221; header_2_text_color=&#8221;#2C0047&#8243; header_2_font_size=&#8221;45px&#8221; header_2_letter_spacing=&#8221;2px&#8221; header_2_line_height=&#8221;1.35em&#8221; custom_margin=&#8221;||30px||false|false&#8221; animation_style=&#8221;fade&#8221; animation_duration=&#8221;1500ms&#8221; animation_delay=&#8221;200ms&#8221; header_2_font_size_tablet=&#8221;32px&#8221; header_2_font_size_phone=&#8221;20px&#8221; header_2_font_size_last_edited=&#8221;on|desktop&#8221; global_colors_info=&#8221;{}&#8221;]<\/p>\n<h2><span data-contrast=\"auto\" lang=\"EN-GB\" class=\"TextRun SCXW192096171 BCX0\"><span class=\"NormalTextRun SCXW192096171 BCX0\">Unitevi<\/span><\/span><span data-contrast=\"auto\" lang=\"EN-GB\" class=\"TextRun MacChromeBold SCXW192096171 BCX0\"><span class=\"NormalTextRun SCXW192096171 BCX0\">alla preghiera<\/span><\/span><span data-contrast=\"auto\" lang=\"EN-GB\" class=\"TextRun SCXW192096171 BCX0\"><span class=\"NormalTextRun SCXW192096171 BCX0\">delle comunit\u00e0 locali<\/span><\/span><\/h2>\n<p>[\/et_pb_text][et_pb_pricing_tables featured_table_background_color=&#8221;#755882&#8243; featured_table_header_text_color=&#8221;#F5F5F5&#8243; header_background_color=&#8221;#755882&#8243; featured_table_bullet_color=&#8221;#FFFFFF&#8221; bullet_color=&#8221;#755882&#8243; show_featured_drop_shadow=&#8221;off&#8221; featured_table_price_background_color=&#8221;#2C0047&#8243; featured_table_price_color=&#8221;#2C0047&#8243; price_background_color=&#8221;#2C0047&#8243; _builder_version=&#8221;4.23.1&#8243; _module_preset=&#8221;default&#8221; header_text_color=&#8221;#FFD23F&#8221; body_font_size=&#8221;18px&#8221; price_font_size=&#8221;1px&#8221; price_line_height=&#8221;1px&#8221; hover_enabled=&#8221;0&#8243; custom_css_pricing_top=&#8221;display: none;&#8221; global_colors_info=&#8221;{}&#8221; sticky_enabled=&#8221;0&#8243;][et_pb_pricing_table title=&#8221;Regno Unito&#8221; subtitle=&#8221;Kensington Maria Assumpta Chapel&#8221; _builder_version=&#8221;4.23.1&#8243; _module_preset=&#8221;default&#8221; hover_enabled=&#8221;0&#8243; global_colors_info=&#8221;{}&#8221; sticky_transition=&#8221;on&#8221; sticky_enabled=&#8221;0&#8243;]<\/p>\n<p><span data-contrast=\"none\">Aperta ogni giorno dalle 9:00 alle 19:00<\/span><\/p>\n<p><span data-contrast=\"none\">Adorazione Eucaristica: 15:30 &#8211; 17:00<\/span><\/p>\n<p><span data-contrast=\"none\">Messa domenicale: 10:00<\/span><\/p>\n<p>[\/et_pb_pricing_table][et_pb_pricing_table title=&#8221;Italia &#8221; subtitle=&#8221;Roma&#8221; _builder_version=&#8221;4.23.1&#8243; _module_preset=&#8221;default&#8221; hover_enabled=&#8221;0&#8243; global_colors_info=&#8221;{}&#8221; sticky_transition=&#8221;on&#8221; sticky_enabled=&#8221;0&#8243;]<\/p>\n<p><span data-contrast=\"none\">Lodi 8:00 (Domenica 8:30)<\/span><\/p>\n<p><span data-contrast=\"none\">Messa 8:30 (Domenica 9:00)<\/span><\/p>\n<p><span data-contrast=\"none\">Ufficio delle letture 12:30 <\/span><\/p>\n<p><span data-contrast=\"none\">Adorazione del Ss. Sacramento 15:00 \u2013 18:30 <\/span><\/p>\n<p><span data-contrast=\"none\">Vespri<\/span> 18:30<\/p>\n<p>[\/et_pb_pricing_table][et_pb_pricing_table title=&#8221;Lituania &#8221; subtitle=&#8221;Vilnius&#8221; _builder_version=&#8221;4.23.1&#8243; _module_preset=&#8221;default&#8221; hover_enabled=&#8221;0&#8243; global_colors_info=&#8221;{}&#8221; sticky_transition=&#8221;on&#8221; sticky_enabled=&#8221;0&#8243;]<\/p>\n<p><span data-contrast=\"auto\">Lodi: 7:30 (Domenica 8:30)<\/span><\/p>\n<p><span data-contrast=\"auto\">Adorazione: un&#8217;ora prima dei vespri<\/span><\/p>\n<p><span data-contrast=\"auto\">Vespri: 19:00 (Weekend 18:30)<\/span><\/p>\n<p><span data-contrast=\"auto\">Vigilie Sabato: 20:30<\/span><\/p>\n<p>[\/et_pb_pricing_table][\/et_pb_pricing_tables][\/et_pb_column][\/et_pb_row][et_pb_row _builder_version=&#8221;4.23.1&#8243; _module_preset=&#8221;default&#8221; custom_margin=&#8221;||6vw||false|false&#8221; global_colors_info=&#8221;{}&#8221;][et_pb_column type=&#8221;4_4&#8243; _builder_version=&#8221;4.22.2&#8243; _module_preset=&#8221;default&#8221; global_colors_info=&#8221;{}&#8221;][et_pb_text _builder_version=&#8221;4.23.1&#8243; _module_preset=&#8221;b327cbe4-b1d5-4b66-ad37-40c8f2f061ba&#8221; header_text_align=&#8221;left&#8221; header_2_font=&#8221;Playfair Display||||||||&#8221; header_2_text_align=&#8221;left&#8221; header_2_text_color=&#8221;#2C0047&#8243; header_2_font_size=&#8221;45px&#8221; header_2_letter_spacing=&#8221;2px&#8221; header_2_line_height=&#8221;1.35em&#8221; custom_margin=&#8221;||30px||false|false&#8221; animation_style=&#8221;fade&#8221; animation_duration=&#8221;1500ms&#8221; animation_delay=&#8221;200ms&#8221; header_2_font_size_tablet=&#8221;32px&#8221; header_2_font_size_phone=&#8221;20px&#8221; header_2_font_size_last_edited=&#8221;on|desktop&#8221; global_colors_info=&#8221;{}&#8221;]<\/p>\n<h2>Volete che preghiamo per le vostre intenzioni? <\/h2>\n<div><span>Mandateci un&#8217;intenzione di preghiera e pregheremo con voi!<\/span><\/div>\n<p>[\/et_pb_text][et_pb_contact_form email=&#8221;info@assumpta-eu.org&#8221; custom_message=&#8221;New prayer intention||et_pb_line_break_holder||||et_pb_line_break_holder||Name: %%Name%%||et_pb_line_break_holder||Email: %%Email%%||et_pb_line_break_holder||Prayer intention:||et_pb_line_break_holder||%%Message%%&#8221; success_message=&#8221;Grazie. Pregheremo presto per la vostra intenzione&#8221; submit_button_text=&#8221;Prega&#8221; _builder_version=&#8221;4.23.1&#8243; _module_preset=&#8221;default&#8221; _unique_id=&#8221;d720cfd1-fd7a-43c3-b645-b47dffd77113&#8243; form_field_background_color=&#8221;#BEB2CF&#8221; form_field_text_color=&#8221;#FFFFFF&#8221; form_field_focus_background_color=&#8221;rgba(255,210,63,0.1)&#8221; form_field_focus_text_color=&#8221;#2C0047&#8243; form_field_font_size=&#8221;16px&#8221; form_field_line_height=&#8221;1.6em&#8221; custom_button=&#8221;on&#8221; button_bg_color=&#8221;#755882&#8243; button_border_width=&#8221;0px&#8221; global_colors_info=&#8221;{}&#8221;][et_pb_contact_field field_id=&#8221;Name&#8221; field_title=&#8221;Nome&#8221; _builder_version=&#8221;4.23.1&#8243; global_colors_info=&#8221;{}&#8221; button_text_size__hover_enabled=&#8221;off&#8221; button_one_text_size__hover_enabled=&#8221;off&#8221; button_two_text_size__hover_enabled=&#8221;off&#8221; button_text_color__hover_enabled=&#8221;off&#8221; button_one_text_color__hover_enabled=&#8221;off&#8221; button_two_text_color__hover_enabled=&#8221;off&#8221; button_border_width__hover_enabled=&#8221;off&#8221; button_one_border_width__hover_enabled=&#8221;off&#8221; button_two_border_width__hover_enabled=&#8221;off&#8221; button_border_color__hover_enabled=&#8221;off&#8221; button_one_border_color__hover_enabled=&#8221;off&#8221; button_two_border_color__hover_enabled=&#8221;off&#8221; button_border_radius__hover_enabled=&#8221;off&#8221; button_one_border_radius__hover_enabled=&#8221;off&#8221; button_two_border_radius__hover_enabled=&#8221;off&#8221; button_letter_spacing__hover_enabled=&#8221;off&#8221; button_one_letter_spacing__hover_enabled=&#8221;off&#8221; button_two_letter_spacing__hover_enabled=&#8221;off&#8221; button_bg_color__hover_enabled=&#8221;off&#8221; button_one_bg_color__hover_enabled=&#8221;off&#8221; button_two_bg_color__hover_enabled=&#8221;off&#8221;][\/et_pb_contact_field][et_pb_contact_field field_id=&#8221;Email&#8221; field_title=&#8221;Indirizzo email&#8221; field_type=&#8221;email&#8221; _builder_version=&#8221;4.23.1&#8243; global_colors_info=&#8221;{}&#8221; button_text_size__hover_enabled=&#8221;off&#8221; button_one_text_size__hover_enabled=&#8221;off&#8221; button_two_text_size__hover_enabled=&#8221;off&#8221; button_text_color__hover_enabled=&#8221;off&#8221; button_one_text_color__hover_enabled=&#8221;off&#8221; button_two_text_color__hover_enabled=&#8221;off&#8221; button_border_width__hover_enabled=&#8221;off&#8221; button_one_border_width__hover_enabled=&#8221;off&#8221; button_two_border_width__hover_enabled=&#8221;off&#8221; button_border_color__hover_enabled=&#8221;off&#8221; button_one_border_color__hover_enabled=&#8221;off&#8221; button_two_border_color__hover_enabled=&#8221;off&#8221; button_border_radius__hover_enabled=&#8221;off&#8221; button_one_border_radius__hover_enabled=&#8221;off&#8221; button_two_border_radius__hover_enabled=&#8221;off&#8221; button_letter_spacing__hover_enabled=&#8221;off&#8221; button_one_letter_spacing__hover_enabled=&#8221;off&#8221; button_two_letter_spacing__hover_enabled=&#8221;off&#8221; button_bg_color__hover_enabled=&#8221;off&#8221; button_one_bg_color__hover_enabled=&#8221;off&#8221; button_two_bg_color__hover_enabled=&#8221;off&#8221;][\/et_pb_contact_field][et_pb_contact_field field_id=&#8221;Message&#8221; field_title=&#8221;Intenzione di preghiera&#8221; field_type=&#8221;text&#8221; fullwidth_field=&#8221;on&#8221; _builder_version=&#8221;4.23.1&#8243; global_colors_info=&#8221;{}&#8221; button_text_size__hover_enabled=&#8221;off&#8221; button_one_text_size__hover_enabled=&#8221;off&#8221; button_two_text_size__hover_enabled=&#8221;off&#8221; button_text_color__hover_enabled=&#8221;off&#8221; button_one_text_color__hover_enabled=&#8221;off&#8221; button_two_text_color__hover_enabled=&#8221;off&#8221; button_border_width__hover_enabled=&#8221;off&#8221; button_one_border_width__hover_enabled=&#8221;off&#8221; button_two_border_width__hover_enabled=&#8221;off&#8221; button_border_color__hover_enabled=&#8221;off&#8221; button_one_border_color__hover_enabled=&#8221;off&#8221; button_two_border_color__hover_enabled=&#8221;off&#8221; button_border_radius__hover_enabled=&#8221;off&#8221; button_one_border_radius__hover_enabled=&#8221;off&#8221; button_two_border_radius__hover_enabled=&#8221;off&#8221; button_letter_spacing__hover_enabled=&#8221;off&#8221; button_one_letter_spacing__hover_enabled=&#8221;off&#8221; button_two_letter_spacing__hover_enabled=&#8221;off&#8221; button_bg_color__hover_enabled=&#8221;off&#8221; button_one_bg_color__hover_enabled=&#8221;off&#8221; button_two_bg_color__hover_enabled=&#8221;off&#8221;][\/et_pb_contact_field][\/et_pb_contact_form][\/et_pb_column][\/et_pb_row][\/et_pb_section]<\/p>\n","protected":false},"excerpt":{"rendered":"<p>PartecipaPregare con noi\u201cHo chiesto a Dio il dono della preghiera ininterrotta, la grazia di dimenticare me stessa e ogni consolazione umana per potermi affidare a Lui solo.\u201d (S. Maria Eugenia1847)Un incontro con DioL&#8217;importanza della preghiera \u201cLa preghiera \u00e8 un incontro con il mistero di Dio, \u00e8 ascolto della Parola, \u00e8 consenso all&#8217;amore che si impossessa [&hellip;]<\/p>\n","protected":false},"author":1,"featured_media":0,"parent":1364,"menu_order":0,"comment_status":"closed","ping_status":"closed","template":"","meta":{"_et_pb_use_builder":"on","_et_pb_old_content":"","_et_gb_content_width":"","footnotes":""},"class_list":["post-1426","page","type-page","status-publish","hentry"],"yoast_head":"<!-- This site is optimized with the Yoast SEO plugin v27.5 - https:\/\/yoast.com\/product\/yoast-seo-wordpress\/ -->\n<title>Pregare con noi - Religious of the Assumption &gt; Province of Europe<\/title>\n<meta name=\"robots\" content=\"index, follow, max-snippet:-1, max-image-preview:large, max-video-preview:-1\" \/>\n<link rel=\"canonical\" href=\"https:\/\/assumpta-eu.org\/it\/partecipa\/pregare-con-noi\/\" \/>\n<meta property=\"og:locale\" content=\"it_IT\" \/>\n<meta property=\"og:type\" content=\"article\" \/>\n<meta property=\"og:title\" content=\"Pregare con noi - Religious of the Assumption &gt; Province of Europe\" \/>\n<meta property=\"og:description\" content=\"PartecipaPregare con noi\u201cHo chiesto a Dio il dono della preghiera ininterrotta, la grazia di dimenticare me stessa e ogni consolazione umana per potermi affidare a Lui solo.\u201d (S. Maria Eugenia1847)Un incontro con DioL&#039;importanza della preghiera \u201cLa preghiera \u00e8 un incontro con il mistero di Dio, \u00e8 ascolto della Parola, \u00e8 consenso all&#039;amore che si impossessa [&hellip;]\" \/>\n<meta property=\"og:url\" content=\"https:\/\/assumpta-eu.org\/it\/partecipa\/pregare-con-noi\/\" \/>\n<meta property=\"og:site_name\" content=\"Religious of the Assumption &gt; Province of Europe\" \/>\n<meta property=\"article:publisher\" content=\"http:\/\/www.facebook.com\/assumptionUK\" \/>\n<meta property=\"article:modified_time\" content=\"2024-04-15T13:58:45+00:00\" \/>\n<meta name=\"twitter:card\" content=\"summary_large_image\" \/>\n<meta name=\"twitter:site\" content=\"@AssumptionRA\" \/>\n<meta name=\"twitter:label1\" content=\"Tempo di lettura stimato\" \/>\n\t<meta name=\"twitter:data1\" content=\"15 minuti\" \/>\n<script type=\"application\/ld+json\" class=\"yoast-schema-graph\">{\"@context\":\"https:\\\/\\\/schema.org\",\"@graph\":[{\"@type\":\"WebPage\",\"@id\":\"https:\\\/\\\/assumpta-eu.org\\\/it\\\/partecipa\\\/pregare-con-noi\\\/\",\"url\":\"https:\\\/\\\/assumpta-eu.org\\\/it\\\/partecipa\\\/pregare-con-noi\\\/\",\"name\":\"Pregare con noi - Religious of the Assumption &gt; Province of Europe\",\"isPartOf\":{\"@id\":\"https:\\\/\\\/assumpta-eu.org\\\/it\\\/#website\"},\"datePublished\":\"2023-10-11T11:29:26+00:00\",\"dateModified\":\"2024-04-15T13:58:45+00:00\",\"breadcrumb\":{\"@id\":\"https:\\\/\\\/assumpta-eu.org\\\/it\\\/partecipa\\\/pregare-con-noi\\\/#breadcrumb\"},\"inLanguage\":\"it-IT\",\"potentialAction\":[{\"@type\":\"ReadAction\",\"target\":[\"https:\\\/\\\/assumpta-eu.org\\\/it\\\/partecipa\\\/pregare-con-noi\\\/\"]}]},{\"@type\":\"BreadcrumbList\",\"@id\":\"https:\\\/\\\/assumpta-eu.org\\\/it\\\/partecipa\\\/pregare-con-noi\\\/#breadcrumb\",\"itemListElement\":[{\"@type\":\"ListItem\",\"position\":1,\"name\":\"Home\",\"item\":\"https:\\\/\\\/assumpta-eu.org\\\/it\\\/\"},{\"@type\":\"ListItem\",\"position\":2,\"name\":\"Partecipa\",\"item\":\"https:\\\/\\\/assumpta-eu.org\\\/it\\\/partecipa\\\/\"},{\"@type\":\"ListItem\",\"position\":3,\"name\":\"Pregare con noi\"}]},{\"@type\":\"WebSite\",\"@id\":\"https:\\\/\\\/assumpta-eu.org\\\/it\\\/#website\",\"url\":\"https:\\\/\\\/assumpta-eu.org\\\/it\\\/\",\"name\":\"Province of Europe of the Religious of the Assumption\",\"description\":\"Make Christ known and loved\",\"publisher\":{\"@id\":\"https:\\\/\\\/assumpta-eu.org\\\/it\\\/#organization\"},\"potentialAction\":[{\"@type\":\"SearchAction\",\"target\":{\"@type\":\"EntryPoint\",\"urlTemplate\":\"https:\\\/\\\/assumpta-eu.org\\\/it\\\/?s={search_term_string}\"},\"query-input\":{\"@type\":\"PropertyValueSpecification\",\"valueRequired\":true,\"valueName\":\"search_term_string\"}}],\"inLanguage\":\"it-IT\"},{\"@type\":\"Organization\",\"@id\":\"https:\\\/\\\/assumpta-eu.org\\\/it\\\/#organization\",\"name\":\"Religious of the Assumption\",\"url\":\"https:\\\/\\\/assumpta-eu.org\\\/it\\\/\",\"logo\":{\"@type\":\"ImageObject\",\"inLanguage\":\"it-IT\",\"@id\":\"https:\\\/\\\/assumpta-eu.org\\\/it\\\/#\\\/schema\\\/logo\\\/image\\\/\",\"url\":\"https:\\\/\\\/assumpta-eu.org\\\/wp-content\\\/uploads\\\/2023\\\/06\\\/RA-EU-logos-02.png\",\"contentUrl\":\"https:\\\/\\\/assumpta-eu.org\\\/wp-content\\\/uploads\\\/2023\\\/06\\\/RA-EU-logos-02.png\",\"width\":705,\"height\":729,\"caption\":\"Religious of the Assumption\"},\"image\":{\"@id\":\"https:\\\/\\\/assumpta-eu.org\\\/it\\\/#\\\/schema\\\/logo\\\/image\\\/\"},\"sameAs\":[\"http:\\\/\\\/www.facebook.com\\\/assumptionUK\",\"https:\\\/\\\/x.com\\\/AssumptionRA\",\"http:\\\/\\\/www.instagram.com\\\/assumptionuk\"]}]}<\/script>\n<!-- \/ Yoast SEO plugin. -->","yoast_head_json":{"title":"Pregare con noi - Religious of the Assumption &gt; Province of Europe","robots":{"index":"index","follow":"follow","max-snippet":"max-snippet:-1","max-image-preview":"max-image-preview:large","max-video-preview":"max-video-preview:-1"},"canonical":"https:\/\/assumpta-eu.org\/it\/partecipa\/pregare-con-noi\/","og_locale":"it_IT","og_type":"article","og_title":"Pregare con noi - Religious of the Assumption &gt; Province of Europe","og_description":"PartecipaPregare con noi\u201cHo chiesto a Dio il dono della preghiera ininterrotta, la grazia di dimenticare me stessa e ogni consolazione umana per potermi affidare a Lui solo.\u201d (S. Maria Eugenia1847)Un incontro con DioL'importanza della preghiera \u201cLa preghiera \u00e8 un incontro con il mistero di Dio, \u00e8 ascolto della Parola, \u00e8 consenso all'amore che si impossessa [&hellip;]","og_url":"https:\/\/assumpta-eu.org\/it\/partecipa\/pregare-con-noi\/","og_site_name":"Religious of the Assumption &gt; Province of Europe","article_publisher":"http:\/\/www.facebook.com\/assumptionUK","article_modified_time":"2024-04-15T13:58:45+00:00","twitter_card":"summary_large_image","twitter_site":"@AssumptionRA","twitter_misc":{"Tempo di lettura stimato":"15 minuti"},"schema":{"@context":"https:\/\/schema.org","@graph":[{"@type":"WebPage","@id":"https:\/\/assumpta-eu.org\/it\/partecipa\/pregare-con-noi\/","url":"https:\/\/assumpta-eu.org\/it\/partecipa\/pregare-con-noi\/","name":"Pregare con noi - Religious of the Assumption &gt; Province of Europe","isPartOf":{"@id":"https:\/\/assumpta-eu.org\/it\/#website"},"datePublished":"2023-10-11T11:29:26+00:00","dateModified":"2024-04-15T13:58:45+00:00","breadcrumb":{"@id":"https:\/\/assumpta-eu.org\/it\/partecipa\/pregare-con-noi\/#breadcrumb"},"inLanguage":"it-IT","potentialAction":[{"@type":"ReadAction","target":["https:\/\/assumpta-eu.org\/it\/partecipa\/pregare-con-noi\/"]}]},{"@type":"BreadcrumbList","@id":"https:\/\/assumpta-eu.org\/it\/partecipa\/pregare-con-noi\/#breadcrumb","itemListElement":[{"@type":"ListItem","position":1,"name":"Home","item":"https:\/\/assumpta-eu.org\/it\/"},{"@type":"ListItem","position":2,"name":"Partecipa","item":"https:\/\/assumpta-eu.org\/it\/partecipa\/"},{"@type":"ListItem","position":3,"name":"Pregare con noi"}]},{"@type":"WebSite","@id":"https:\/\/assumpta-eu.org\/it\/#website","url":"https:\/\/assumpta-eu.org\/it\/","name":"Province of Europe of the Religious of the Assumption","description":"Make Christ known and loved","publisher":{"@id":"https:\/\/assumpta-eu.org\/it\/#organization"},"potentialAction":[{"@type":"SearchAction","target":{"@type":"EntryPoint","urlTemplate":"https:\/\/assumpta-eu.org\/it\/?s={search_term_string}"},"query-input":{"@type":"PropertyValueSpecification","valueRequired":true,"valueName":"search_term_string"}}],"inLanguage":"it-IT"},{"@type":"Organization","@id":"https:\/\/assumpta-eu.org\/it\/#organization","name":"Religious of the Assumption","url":"https:\/\/assumpta-eu.org\/it\/","logo":{"@type":"ImageObject","inLanguage":"it-IT","@id":"https:\/\/assumpta-eu.org\/it\/#\/schema\/logo\/image\/","url":"https:\/\/assumpta-eu.org\/wp-content\/uploads\/2023\/06\/RA-EU-logos-02.png","contentUrl":"https:\/\/assumpta-eu.org\/wp-content\/uploads\/2023\/06\/RA-EU-logos-02.png","width":705,"height":729,"caption":"Religious of the Assumption"},"image":{"@id":"https:\/\/assumpta-eu.org\/it\/#\/schema\/logo\/image\/"},"sameAs":["http:\/\/www.facebook.com\/assumptionUK","https:\/\/x.com\/AssumptionRA","http:\/\/www.instagram.com\/assumptionuk"]}]}},"_links":{"self":[{"href":"https:\/\/assumpta-eu.org\/it\/wp-json\/wp\/v2\/pages\/1426","targetHints":{"allow":["GET"]}}],"collection":[{"href":"https:\/\/assumpta-eu.org\/it\/wp-json\/wp\/v2\/pages"}],"about":[{"href":"https:\/\/assumpta-eu.org\/it\/wp-json\/wp\/v2\/types\/page"}],"author":[{"embeddable":true,"href":"https:\/\/assumpta-eu.org\/it\/wp-json\/wp\/v2\/users\/1"}],"replies":[{"embeddable":true,"href":"https:\/\/assumpta-eu.org\/it\/wp-json\/wp\/v2\/comments?post=1426"}],"version-history":[{"count":14,"href":"https:\/\/assumpta-eu.org\/it\/wp-json\/wp\/v2\/pages\/1426\/revisions"}],"predecessor-version":[{"id":2652,"href":"https:\/\/assumpta-eu.org\/it\/wp-json\/wp\/v2\/pages\/1426\/revisions\/2652"}],"up":[{"embeddable":true,"href":"https:\/\/assumpta-eu.org\/it\/wp-json\/wp\/v2\/pages\/1364"}],"wp:attachment":[{"href":"https:\/\/assumpta-eu.org\/it\/wp-json\/wp\/v2\/media?parent=1426"}],"curies":[{"name":"wp","href":"https:\/\/api.w.org\/{rel}","templated":true}]}}