{"id":1335,"date":"2023-06-03T05:58:06","date_gmt":"2023-06-03T03:58:06","guid":{"rendered":"https:\/\/assumpta-eu.org\/comunita\/"},"modified":"2024-08-20T12:56:04","modified_gmt":"2024-08-20T10:56:04","slug":"comunita","status":"publish","type":"page","link":"https:\/\/assumpta-eu.org\/it\/comunita\/","title":{"rendered":"Comunit\u00e0"},"content":{"rendered":"<p>[et_pb_section fb_built=&#8221;1&#8243; custom_padding_last_edited=&#8221;on|phone&#8221; admin_label=&#8221;Header&#8221; _builder_version=&#8221;4.22.2&#8243; _module_preset=&#8221;default&#8221; background_color=&#8221;#755882&#8243; use_background_color_gradient=&#8221;on&#8221; background_color_gradient_direction=&#8221;80deg&#8221; background_color_gradient_stops=&#8221;rgba(44,0,71,0.88) 0%|rgba(117,88,130,0.5) 100%&#8221; background_color_gradient_overlays_image=&#8221;on&#8221; background_image=&#8221;https:\/\/assumpta-eu.org\/wp-content\/uploads\/2023\/10\/sjdigital_A_sleek_modern_map_of_Europe_medium_digital_art_style_947fa446-f5cc-43b6-b7ed-4abf6be4d91a-1.png&#8221; parallax=&#8221;on&#8221; z_index=&#8221;10&#8243; custom_padding=&#8221;0px||0px||true|false&#8221; custom_padding_tablet=&#8221;20px||80px||false|false&#8221; custom_padding_phone=&#8221;30px||100px||false|false&#8221; top_divider_style=&#8221;wave2&#8243; top_divider_color=&#8221;#F5F5F5&#8243; top_divider_height=&#8221;108px&#8221; top_divider_arrangement=&#8221;above_content&#8221; bottom_divider_style=&#8221;wave2&#8243; bottom_divider_color=&#8221;#F5F5F5&#8243; bottom_divider_repeat=&#8221;1x&#8221; bottom_divider_flip=&#8221;horizontal&#8221; bottom_divider_arrangement=&#8221;above_content&#8221; locked=&#8221;off&#8221; collapsed=&#8221;on&#8221; global_colors_info=&#8221;{}&#8221;][et_pb_row use_custom_gutter=&#8221;on&#8221; gutter_width=&#8221;1&#8243; make_equal=&#8221;on&#8221; _builder_version=&#8221;4.21.0&#8243; _module_preset=&#8221;default&#8221; background_enable_color=&#8221;off&#8221; background_enable_image=&#8221;off&#8221; parallax=&#8221;on&#8221; width=&#8221;100%&#8221; max_width=&#8221;100%&#8221; custom_padding=&#8221;6vw||6vw||true|false&#8221; global_colors_info=&#8221;{}&#8221;][et_pb_column type=&#8221;4_4&#8243; _builder_version=&#8221;4.18.0&#8243; _module_preset=&#8221;default&#8221; custom_padding=&#8221;10%|4%|10%|8%|true|false&#8221; global_colors_info=&#8221;{}&#8221;][et_pb_text _builder_version=&#8221;4.22.1&#8243; _module_preset=&#8221;e6504a1b-67eb-4b3d-b023-bcab277610b6&#8243; text_text_color=&#8221;#BEB2CF&#8221; header_font=&#8221;Ubuntu|||on|||||&#8221; header_text_color=&#8221;#FFD23F&#8221; header_letter_spacing=&#8221;2px&#8221; header_4_font=&#8221;Ubuntu|700||on|||||&#8221; header_4_text_color=&#8221;#FFD23F&#8221; header_4_font_size=&#8221;14px&#8221; header_4_line_height=&#8221;1.5em&#8221; custom_margin=&#8221;||0px||false|false&#8221; header_font_size_tablet=&#8221;26px&#8221; header_font_size_phone=&#8221;22px&#8221; header_font_size_last_edited=&#8221;on|phone&#8221; global_colors_info=&#8221;{}&#8221;]<\/p>\n<h1>Comunit\u00e0<\/h1>\n<p>[\/et_pb_text][et_pb_text _builder_version=&#8221;4.22.1&#8243; _module_preset=&#8221;c16985e1-e0d6-4022-964d-e2bfc04fa633&#8243; header_font=&#8221;Playfair Display||||||||&#8221; header_text_color=&#8221;#FFFFFF&#8221; header_font_size=&#8221;70px&#8221; header_letter_spacing=&#8221;2px&#8221; header_line_height=&#8221;1.1em&#8221; header_2_text_color=&#8221;#FFFFFF&#8221; header_2_font_size=&#8221;50px&#8221; header_2_line_height=&#8221;1.2em&#8221; max_width=&#8221;800px&#8221; custom_margin=&#8221;||30px||false|false&#8221; animation_style=&#8221;fade&#8221; animation_duration=&#8221;1500ms&#8221; animation_delay=&#8221;200ms&#8221; header_font_size_tablet=&#8221;40px&#8221; header_font_size_phone=&#8221;24px&#8221; header_font_size_last_edited=&#8221;on|desktop&#8221; header_2_font_size_tablet=&#8221;42px&#8221; header_2_font_size_phone=&#8221;36px&#8221; header_2_font_size_last_edited=&#8221;on|desktop&#8221; global_colors_info=&#8221;{}&#8221;]<\/p>\n<h2><span>Provincia d&#8217;Europa<\/span><\/h2>\n<p>[\/et_pb_text][\/et_pb_column][\/et_pb_row][\/et_pb_section][et_pb_section fb_built=&#8221;1&#8243; admin_label=&#8221;About&#8221; _builder_version=&#8221;4.21.0&#8243; _module_preset=&#8221;default&#8221; background_color=&#8221;#F5F5F5&#8243; background_enable_image=&#8221;off&#8221; background_size=&#8221;custom&#8221; background_image_width=&#8221;800px&#8221; background_position=&#8221;bottom_left&#8221; background_horizontal_offset=&#8221;-28%&#8221; background_blend=&#8221;multiply&#8221; custom_margin=&#8221;||||false|false&#8221; custom_padding=&#8221;0px||0px||false|false&#8221; locked=&#8221;off&#8221; collapsed=&#8221;on&#8221; global_colors_info=&#8221;{}&#8221;][et_pb_row column_structure=&#8221;1_2,1_2&#8243; make_equal=&#8221;on&#8221; _builder_version=&#8221;4.22.1&#8243; _module_preset=&#8221;default&#8221; width=&#8221;90%&#8221; module_alignment=&#8221;center&#8221; custom_padding=&#8221;0px||0px||true|false&#8221; global_colors_info=&#8221;{}&#8221;][et_pb_column type=&#8221;1_2&#8243; _builder_version=&#8221;4.21.0&#8243; _module_preset=&#8221;default&#8221; custom_padding=&#8221;8%||20px||false|true&#8221; global_colors_info=&#8221;{}&#8221;][et_pb_text _builder_version=&#8221;4.22.2&#8243; _module_preset=&#8221;e6504a1b-67eb-4b3d-b023-bcab277610b6&#8243; header_4_font=&#8221;Ubuntu|700||on|||||&#8221; header_4_text_align=&#8221;left&#8221; header_4_text_color=&#8221;#9583B3&#8243; header_4_font_size=&#8221;16px&#8221; header_4_line_height=&#8221;1.5em&#8221; custom_margin=&#8221;||0px||false|false&#8221; global_colors_info=&#8221;{}&#8221;]<\/p>\n<h4><span>Dal 2018<\/span><\/h4>\n<p>[\/et_pb_text][et_pb_text _builder_version=&#8221;4.22.1&#8243; _module_preset=&#8221;b327cbe4-b1d5-4b66-ad37-40c8f2f061ba&#8221; header_text_align=&#8221;left&#8221; header_2_font=&#8221;Playfair Display||||||||&#8221; header_2_text_align=&#8221;left&#8221; header_2_text_color=&#8221;#2C0047&#8243; header_2_font_size=&#8221;45px&#8221; header_2_letter_spacing=&#8221;2px&#8221; header_2_line_height=&#8221;1.35em&#8221; custom_margin=&#8221;||30px||false|false&#8221; animation_style=&#8221;fade&#8221; animation_duration=&#8221;1500ms&#8221; animation_delay=&#8221;200ms&#8221; header_2_font_size_tablet=&#8221;32px&#8221; header_2_font_size_phone=&#8221;20px&#8221; header_2_font_size_last_edited=&#8221;on|desktop&#8221; global_colors_info=&#8221;{}&#8221;]<\/p>\n<h2><span>Unione al di l\u00e0 delle frontiere<\/span><\/h2>\n<p>[\/et_pb_text][et_pb_text _builder_version=&#8221;4.25.2&#8243; _module_preset=&#8221;1f09816e-184e-4ce5-a4cf-b39c52c423ca&#8221; text_font=&#8221;||||||||&#8221; text_line_height=&#8221;1.8em&#8221; header_text_align=&#8221;center&#8221; max_width=&#8221;800%&#8221; module_alignment=&#8221;left&#8221; custom_margin=&#8221;||30px||false|false&#8221; animation_style=&#8221;fade&#8221; animation_duration=&#8221;1500ms&#8221; animation_delay=&#8221;400ms&#8221; text_font_size_tablet=&#8221;15px&#8221; text_font_size_phone=&#8221;14px&#8221; text_font_size_last_edited=&#8221;on|phone&#8221; header_font_size_tablet=&#8221;55px&#8221; header_font_size_last_edited=&#8221;off|desktop&#8221; global_colors_info=&#8221;{}&#8221;]<\/p>\n<p><span data-contrast=\"auto\" xml:lang=\"FR-FR\" lang=\"FR-FR\" class=\"TextRun SCXW160825970 BCX0\">La nuova Provincia d&#8217;Europa nasce <span class=\"NormalTextRun SCXW160825970 BCX0\">nell&#8217;<\/span><strong><span class=\"NormalTextRun SpellingErrorV2Themed SCXW160825970 BCX0\">estate<\/span><\/strong> <span class=\"NormalTextRun SCXW160825970 BCX0\"><strong>del 2018<\/strong>,<\/span> <\/span><span>e riunisce quattro paesi: Gran Bretagna, Belgio, Italia e Lituania. L\u2019\u00e9quipe alla guida della provincia con la superiora generale. Da sinistra a destra: suor Cathy (Inghilterra), suor Rekha (India, superiora generale), suor Kotryna-Danguol\u0117 (Lituania, superiora provinciale), suor Paola (Italia) e suor Fran<\/span>\u00e7<span>oise<\/span><span>-Emmanuel (Belgio)<\/span><\/p>\n<p>[\/et_pb_text][et_pb_text _builder_version=&#8221;4.23.1&#8243; _module_preset=&#8221;1f09816e-184e-4ce5-a4cf-b39c52c423ca&#8221; text_font=&#8221;||||||||&#8221; text_line_height=&#8221;1.8em&#8221; quote_font=&#8221;||on||||||&#8221; header_text_align=&#8221;center&#8221; max_width=&#8221;800%&#8221; module_alignment=&#8221;left&#8221; custom_margin=&#8221;||30px||false|false&#8221; animation_style=&#8221;fade&#8221; animation_duration=&#8221;1500ms&#8221; animation_delay=&#8221;400ms&#8221; text_font_size_tablet=&#8221;15px&#8221; text_font_size_phone=&#8221;14px&#8221; text_font_size_last_edited=&#8221;on|phone&#8221; header_font_size_tablet=&#8221;55px&#8221; header_font_size_last_edited=&#8221;off|desktop&#8221; global_colors_info=&#8221;{}&#8221;]<\/p>\n<blockquote>\n<p><span data-contrast=\"auto\">&#8220;Adottare il discernimento come stile di vita, in questo tempo di nascita e costruzione della Provincia d&#8217;Europa. <\/span><span data-contrast=\"auto\">Lo Spirito ci spinge a discernere per andare avanti e osare rispondere insieme a nuove chiamate. <\/span><span data-ccp-props=\"{\"201341983\":0,\"335559739\":160,\"335559740\":259}\"> <\/span><span data-contrast=\"auto\">Le parole di Maria a Cana: &#8220;Fate quello che vi dir\u00e0&#8221; si rivelano un&#8217;ispirazione.<\/span><span data-ccp-props=\"{\"201341983\":0,\"335559739\":160,\"335559740\":259}\"> <\/span><\/p>\n<\/blockquote>\n<p>(Dal documento del progetto provinciale, 2019)<\/p>\n<p>[\/et_pb_text][\/et_pb_column][et_pb_column type=&#8221;1_2&#8243; _builder_version=&#8221;4.21.0&#8243; _module_preset=&#8221;default&#8221; custom_padding=&#8221;8%||20px||false|true&#8221; global_colors_info=&#8221;{}&#8221;][et_pb_image src=&#8221;https:\/\/assumpta-eu.org\/wp-content\/uploads\/2023\/08\/20230114_123408.jpg&#8221; title_text=&#8221;20230114_123408&#8243; disabled_on=&#8221;on|on|off&#8221; _builder_version=&#8221;4.22.1&#8243; _module_preset=&#8221;default&#8221; max_width=&#8221;500px&#8221; module_alignment=&#8221;right&#8221; animation_style=&#8221;slide&#8221; animation_direction=&#8221;right&#8221; animation_duration=&#8221;1400ms&#8221; animation_delay=&#8221;400ms&#8221; border_radii=&#8221;on|10px|10px|10px|10px&#8221; box_shadow_style=&#8221;preset2&#8243; global_colors_info=&#8221;{}&#8221;][\/et_pb_image][\/et_pb_column][\/et_pb_row][\/et_pb_section][et_pb_section fb_built=&#8221;1&#8243; _builder_version=&#8221;4.21.0&#8243; _module_preset=&#8221;default&#8221; background_color=&#8221;#BEB2CF&#8221; use_background_color_gradient=&#8221;on&#8221; background_color_gradient_stops=&#8221;#f5f5f5 0%|#beb2cf 100%&#8221; background_enable_image=&#8221;off&#8221; background_size=&#8221;contain&#8221; background_position=&#8221;top_left&#8221; custom_padding=&#8221;0px||||false|false&#8221; global_colors_info=&#8221;{}&#8221;][et_pb_row column_structure=&#8221;2_5,3_5&#8243; _builder_version=&#8221;4.21.0&#8243; _module_preset=&#8221;default&#8221; width=&#8221;100%&#8221; max_width=&#8221;40000px&#8221; global_colors_info=&#8221;{}&#8221;][et_pb_column type=&#8221;2_5&#8243; _builder_version=&#8221;4.21.0&#8243; _module_preset=&#8221;default&#8221; global_colors_info=&#8221;{}&#8221;][et_pb_image src=&#8221;https:\/\/assumpta-eu.org\/wp-content\/uploads\/2023\/06\/cropped-RA-EU-logos-01.png&#8221; title_text=&#8221;cropped-RA-EU-logos-01.png&#8221; _builder_version=&#8221;4.22.1&#8243; _module_preset=&#8221;default&#8221; max_width=&#8221;300px&#8221; module_alignment=&#8221;right&#8221; animation_style=&#8221;slide&#8221; animation_direction=&#8221;left&#8221; animation_duration=&#8221;1750ms&#8221; animation_delay=&#8221;750ms&#8221; global_colors_info=&#8221;{}&#8221;][\/et_pb_image][\/et_pb_column][et_pb_column type=&#8221;3_5&#8243; _builder_version=&#8221;4.21.0&#8243; _module_preset=&#8221;default&#8221; global_colors_info=&#8221;{}&#8221;][et_pb_text _builder_version=&#8221;4.23.1&#8243; _module_preset=&#8221;1f09816e-184e-4ce5-a4cf-b39c52c423ca&#8221; text_font=&#8221;||||||||&#8221; text_line_height=&#8221;1.8em&#8221; header_text_align=&#8221;center&#8221; max_width=&#8221;800px&#8221; module_alignment=&#8221;left&#8221; custom_margin=&#8221;30px||30px||true|false&#8221; animation_style=&#8221;fade&#8221; animation_duration=&#8221;1500ms&#8221; animation_delay=&#8221;500ms&#8221; text_font_size_tablet=&#8221;15px&#8221; text_font_size_phone=&#8221;14px&#8221; text_font_size_last_edited=&#8221;on|phone&#8221; header_font_size_tablet=&#8221;55px&#8221; header_font_size_last_edited=&#8221;off|desktop&#8221; global_colors_info=&#8221;{}&#8221;]<\/p>\n<p>Il logo della provincia d\u2019Europa \u00e8 una <strong>barca stilizzata<\/strong>, simbolo della <strong>Chiesa<\/strong>, con la <strong>croce<\/strong> di <strong>Ges\u00f9 Cristo<\/strong> e la <strong>stella<\/strong> che rappresenta <strong>Maria<\/strong>. Le <strong>onde<\/strong> e la <strong>vela<\/strong> significano il soffio dello <strong>Spirito Santo<\/strong> all\u2019opera nella Chiesa e nella congregazione. <\/p>\n<p>[\/et_pb_text][\/et_pb_column][\/et_pb_row][\/et_pb_section][et_pb_section fb_built=&#8221;1&#8243; _builder_version=&#8221;4.22.1&#8243; _module_preset=&#8221;default&#8221; custom_padding=&#8221;0px|0px|0px|0px|true|true&#8221; top_divider_style=&#8221;wave2&#8243; top_divider_color=&#8221;#BEB2CF&#8221; top_divider_arrangement=&#8221;above_content&#8221; bottom_divider_style=&#8221;wave2&#8243; bottom_divider_color=&#8221;#FFFFFF&#8221; bottom_divider_arrangement=&#8221;above_content&#8221; global_colors_info=&#8221;{}&#8221;][et_pb_row column_structure=&#8221;1_4,1_4,1_4,1_4&#8243; use_custom_gutter=&#8221;on&#8221; gutter_width=&#8221;1&#8243; make_equal=&#8221;on&#8221; _builder_version=&#8221;4.27.0&#8243; _module_preset=&#8221;default&#8221; width=&#8221;100%&#8221; max_width=&#8221;5000px&#8221; custom_padding=&#8221;0px||0px||true|false&#8221; hover_enabled=&#8221;0&#8243; global_colors_info=&#8221;{}&#8221; sticky_enabled=&#8221;0&#8243;][et_pb_column type=&#8221;1_4&#8243; _builder_version=&#8221;4.27.0&#8243; _module_preset=&#8221;default&#8221; background_color=&#8221;#755882&#8243; background_image=&#8221;https:\/\/assumpta-eu.org\/wp-content\/uploads\/2023\/08\/england_as-scaled.jpeg&#8221; background_blend=&#8221;multiply&#8221; custom_padding=&#8221;20vw||20vw||true|false&#8221; link_option_url=&#8221;https:\/\/assumpta-eu.org\/it\/comunita\/regno-unito\/&#8221; hover_enabled=&#8221;0&#8243; global_colors_info=&#8221;{}&#8221; background__hover_enabled=&#8221;on|hover&#8221; background_color__hover=&#8221;#FFD23F&#8221; background_enable_color__hover=&#8221;on&#8221; sticky_enabled=&#8221;0&#8243;][et_pb_text _builder_version=&#8221;4.22.1&#8243; _module_preset=&#8221;default&#8221; text_text_color=&#8221;#FFD23F&#8221; text_font_size=&#8221;30px&#8221; text_orientation=&#8221;center&#8221; global_colors_info=&#8221;{}&#8221;]<\/p>\n<p>Regno Unito<\/p>\n<p>[\/et_pb_text][\/et_pb_column][et_pb_column type=&#8221;1_4&#8243; _builder_version=&#8221;4.27.0&#8243; _module_preset=&#8221;default&#8221; background_color=&#8221;#755882&#8243; background_image=&#8221;https:\/\/assumpta-eu.org\/wp-content\/uploads\/2023\/08\/belgium_as-scaled.jpeg&#8221; background_blend=&#8221;multiply&#8221; custom_padding=&#8221;20vw||20vw||true|false&#8221; link_option_url=&#8221;https:\/\/assumpta-eu.org\/it\/comunita\/belgio\/&#8221; hover_enabled=&#8221;0&#8243; global_colors_info=&#8221;{}&#8221; background__hover_enabled=&#8221;on|hover&#8221; background_color__hover=&#8221;#FFD23F&#8221; background_enable_color__hover=&#8221;on&#8221; sticky_enabled=&#8221;0&#8243;][et_pb_text _builder_version=&#8221;4.22.1&#8243; _module_preset=&#8221;default&#8221; text_text_color=&#8221;#FFD23F&#8221; text_font_size=&#8221;30px&#8221; text_orientation=&#8221;center&#8221; global_colors_info=&#8221;{}&#8221;]<\/p>\n<p>Belgio<\/p>\n<p>[\/et_pb_text][\/et_pb_column][et_pb_column type=&#8221;1_4&#8243; _builder_version=&#8221;4.27.0&#8243; _module_preset=&#8221;default&#8221; background_color=&#8221;#755882&#8243; background_image=&#8221;https:\/\/assumpta-eu.org\/wp-content\/uploads\/2023\/08\/italy_as-scaled.jpeg&#8221; background_blend=&#8221;multiply&#8221; custom_padding=&#8221;20vw||20vw||true|false&#8221; link_option_url=&#8221;https:\/\/assumpta-eu.org\/it\/comunita\/italia\/&#8221; hover_enabled=&#8221;0&#8243; global_colors_info=&#8221;{}&#8221; background__hover_enabled=&#8221;on|hover&#8221; background_color__hover=&#8221;#FFD23F&#8221; background_enable_color__hover=&#8221;on&#8221; sticky_enabled=&#8221;0&#8243;][et_pb_text _builder_version=&#8221;4.22.1&#8243; _module_preset=&#8221;default&#8221; text_text_color=&#8221;#FFD23F&#8221; text_font_size=&#8221;30px&#8221; text_orientation=&#8221;center&#8221; global_colors_info=&#8221;{}&#8221;]<\/p>\n<p>Italia<\/p>\n<p>[\/et_pb_text][\/et_pb_column][et_pb_column type=&#8221;1_4&#8243; _builder_version=&#8221;4.27.0&#8243; _module_preset=&#8221;default&#8221; background_color=&#8221;#755882&#8243; background_image=&#8221;https:\/\/assumpta-eu.org\/wp-content\/uploads\/2023\/08\/Lithuania_as-scaled.jpeg&#8221; background_blend=&#8221;multiply&#8221; custom_padding=&#8221;20vw||20vw||true|false&#8221; link_option_url=&#8221;https:\/\/assumpta-eu.org\/it\/comunita\/lituania\/&#8221; hover_enabled=&#8221;0&#8243; global_colors_info=&#8221;{}&#8221; background__hover_enabled=&#8221;on|hover&#8221; background_color__hover=&#8221;#FFD23F&#8221; background_enable_color__hover=&#8221;on&#8221; sticky_enabled=&#8221;0&#8243;][et_pb_text _builder_version=&#8221;4.22.1&#8243; _module_preset=&#8221;default&#8221; text_text_color=&#8221;#FFD23F&#8221; text_font_size=&#8221;30px&#8221; text_orientation=&#8221;center&#8221; global_colors_info=&#8221;{}&#8221;]<\/p>\n<p>Lituania<\/p>\n<p>[\/et_pb_text][\/et_pb_column][\/et_pb_row][\/et_pb_section][et_pb_section fb_built=&#8221;1&#8243; _builder_version=&#8221;4.27.0&#8243; _module_preset=&#8221;default&#8221; background_color=&#8221;rgba(255,255,255,0.7)&#8221; background_image=&#8221;https:\/\/assumpta-eu.org\/wp-content\/uploads\/2023\/08\/Captura-de-pantalla-2023-08-23-a-las-13.30.13.png&#8221; background_size=&#8221;contain&#8221; background_blend=&#8221;screen&#8221; custom_padding=&#8221;10vw||10vw||true|false&#8221; bottom_divider_style=&#8221;wave2&#8243; bottom_divider_color=&#8221;#2C0047&#8243; link_option_url=&#8221;https:\/\/assumpta-eu.org\/it\/comunita\/mondo\/&#8221; global_colors_info=&#8221;{}&#8221; background__hover_enabled=&#8221;on|hover&#8221; background_color__hover=&#8221;rgba(255,255,255,0.35)&#8221; background_enable_color__hover=&#8221;on&#8221; background_blend__hover=&#8221;screen&#8221;][et_pb_row _builder_version=&#8221;4.27.0&#8243; _module_preset=&#8221;default&#8221; global_colors_info=&#8221;{}&#8221;][et_pb_column type=&#8221;4_4&#8243; _builder_version=&#8221;4.27.0&#8243; _module_preset=&#8221;default&#8221; global_colors_info=&#8221;{}&#8221;][et_pb_text _builder_version=&#8221;4.25.2&#8243; _module_preset=&#8221;default&#8221; text_text_color=&#8221;#755882&#8243; text_font_size=&#8221;40px&#8221; text_orientation=&#8221;center&#8221; global_colors_info=&#8221;{}&#8221;]<\/p>\n<p><span>Nel Mondo<\/span><\/p>\n<p>[\/et_pb_text][\/et_pb_column][\/et_pb_row][\/et_pb_section]<\/p>\n","protected":false},"excerpt":{"rendered":"<p>Comunit\u00e0Provincia d&#8217;EuropaDal 2018Unione al di l\u00e0 delle frontiereLa nuova Provincia d&#8217;Europa nasce nell&#8217;estate del 2018, e riunisce quattro paesi: Gran Bretagna, Belgio, Italia e Lituania. L\u2019\u00e9quipe alla guida della provincia con la superiora generale. Da sinistra a destra: suor Cathy (Inghilterra), suor Rekha (India, superiora generale), suor Kotryna-Danguol\u0117 (Lituania, superiora provinciale), suor Paola (Italia) e [&hellip;]<\/p>\n","protected":false},"author":1,"featured_media":0,"parent":0,"menu_order":0,"comment_status":"closed","ping_status":"closed","template":"","meta":{"_et_pb_use_builder":"on","_et_pb_old_content":"","_et_gb_content_width":"","footnotes":""},"class_list":["post-1335","page","type-page","status-publish","hentry"],"yoast_head":"<!-- This site is optimized with the Yoast SEO plugin v27.5 - https:\/\/yoast.com\/product\/yoast-seo-wordpress\/ -->\n<title>Comunit\u00e0 - Religious of the Assumption &gt; Province of Europe<\/title>\n<meta name=\"robots\" content=\"index, follow, max-snippet:-1, max-image-preview:large, max-video-preview:-1\" \/>\n<link rel=\"canonical\" href=\"https:\/\/assumpta-eu.org\/it\/comunita\/\" \/>\n<meta property=\"og:locale\" content=\"it_IT\" \/>\n<meta property=\"og:type\" content=\"article\" \/>\n<meta property=\"og:title\" content=\"Comunit\u00e0 - Religious of the Assumption &gt; Province of Europe\" \/>\n<meta property=\"og:description\" content=\"Comunit\u00e0Provincia d&#039;EuropaDal 2018Unione al di l\u00e0 delle frontiereLa nuova Provincia d&#039;Europa nasce nell&#039;estate del 2018, e riunisce quattro paesi: Gran Bretagna, Belgio, Italia e Lituania. L\u2019\u00e9quipe alla guida della provincia con la superiora generale. Da sinistra a destra: suor Cathy (Inghilterra), suor Rekha (India, superiora generale), suor Kotryna-Danguol\u0117 (Lituania, superiora provinciale), suor Paola (Italia) e [&hellip;]\" \/>\n<meta property=\"og:url\" content=\"https:\/\/assumpta-eu.org\/it\/comunita\/\" \/>\n<meta property=\"og:site_name\" content=\"Religious of the Assumption &gt; Province of Europe\" \/>\n<meta property=\"article:publisher\" content=\"http:\/\/www.facebook.com\/assumptionUK\" \/>\n<meta property=\"article:modified_time\" content=\"2024-08-20T10:56:04+00:00\" \/>\n<meta name=\"twitter:card\" content=\"summary_large_image\" \/>\n<meta name=\"twitter:site\" content=\"@AssumptionRA\" \/>\n<meta name=\"twitter:label1\" content=\"Tempo di lettura stimato\" \/>\n\t<meta name=\"twitter:data1\" content=\"9 minuti\" \/>\n<script type=\"application\/ld+json\" class=\"yoast-schema-graph\">{\"@context\":\"https:\\\/\\\/schema.org\",\"@graph\":[{\"@type\":\"WebPage\",\"@id\":\"https:\\\/\\\/assumpta-eu.org\\\/it\\\/comunita\\\/\",\"url\":\"https:\\\/\\\/assumpta-eu.org\\\/it\\\/comunita\\\/\",\"name\":\"Comunit\u00e0 - Religious of the Assumption &gt; Province of Europe\",\"isPartOf\":{\"@id\":\"https:\\\/\\\/assumpta-eu.org\\\/it\\\/#website\"},\"datePublished\":\"2023-06-03T03:58:06+00:00\",\"dateModified\":\"2024-08-20T10:56:04+00:00\",\"breadcrumb\":{\"@id\":\"https:\\\/\\\/assumpta-eu.org\\\/it\\\/comunita\\\/#breadcrumb\"},\"inLanguage\":\"it-IT\",\"potentialAction\":[{\"@type\":\"ReadAction\",\"target\":[\"https:\\\/\\\/assumpta-eu.org\\\/it\\\/comunita\\\/\"]}]},{\"@type\":\"BreadcrumbList\",\"@id\":\"https:\\\/\\\/assumpta-eu.org\\\/it\\\/comunita\\\/#breadcrumb\",\"itemListElement\":[{\"@type\":\"ListItem\",\"position\":1,\"name\":\"Home\",\"item\":\"https:\\\/\\\/assumpta-eu.org\\\/it\\\/\"},{\"@type\":\"ListItem\",\"position\":2,\"name\":\"Comunit\u00e0\"}]},{\"@type\":\"WebSite\",\"@id\":\"https:\\\/\\\/assumpta-eu.org\\\/it\\\/#website\",\"url\":\"https:\\\/\\\/assumpta-eu.org\\\/it\\\/\",\"name\":\"Province of Europe of the Religious of the Assumption\",\"description\":\"Make Christ known and loved\",\"publisher\":{\"@id\":\"https:\\\/\\\/assumpta-eu.org\\\/it\\\/#organization\"},\"potentialAction\":[{\"@type\":\"SearchAction\",\"target\":{\"@type\":\"EntryPoint\",\"urlTemplate\":\"https:\\\/\\\/assumpta-eu.org\\\/it\\\/?s={search_term_string}\"},\"query-input\":{\"@type\":\"PropertyValueSpecification\",\"valueRequired\":true,\"valueName\":\"search_term_string\"}}],\"inLanguage\":\"it-IT\"},{\"@type\":\"Organization\",\"@id\":\"https:\\\/\\\/assumpta-eu.org\\\/it\\\/#organization\",\"name\":\"Religious of the Assumption\",\"url\":\"https:\\\/\\\/assumpta-eu.org\\\/it\\\/\",\"logo\":{\"@type\":\"ImageObject\",\"inLanguage\":\"it-IT\",\"@id\":\"https:\\\/\\\/assumpta-eu.org\\\/it\\\/#\\\/schema\\\/logo\\\/image\\\/\",\"url\":\"https:\\\/\\\/assumpta-eu.org\\\/wp-content\\\/uploads\\\/2023\\\/06\\\/RA-EU-logos-02.png\",\"contentUrl\":\"https:\\\/\\\/assumpta-eu.org\\\/wp-content\\\/uploads\\\/2023\\\/06\\\/RA-EU-logos-02.png\",\"width\":705,\"height\":729,\"caption\":\"Religious of the Assumption\"},\"image\":{\"@id\":\"https:\\\/\\\/assumpta-eu.org\\\/it\\\/#\\\/schema\\\/logo\\\/image\\\/\"},\"sameAs\":[\"http:\\\/\\\/www.facebook.com\\\/assumptionUK\",\"https:\\\/\\\/x.com\\\/AssumptionRA\",\"http:\\\/\\\/www.instagram.com\\\/assumptionuk\"]}]}<\/script>\n<!-- \/ Yoast SEO plugin. -->","yoast_head_json":{"title":"Comunit\u00e0 - Religious of the Assumption &gt; Province of Europe","robots":{"index":"index","follow":"follow","max-snippet":"max-snippet:-1","max-image-preview":"max-image-preview:large","max-video-preview":"max-video-preview:-1"},"canonical":"https:\/\/assumpta-eu.org\/it\/comunita\/","og_locale":"it_IT","og_type":"article","og_title":"Comunit\u00e0 - Religious of the Assumption &gt; Province of Europe","og_description":"Comunit\u00e0Provincia d'EuropaDal 2018Unione al di l\u00e0 delle frontiereLa nuova Provincia d'Europa nasce nell'estate del 2018, e riunisce quattro paesi: Gran Bretagna, Belgio, Italia e Lituania. L\u2019\u00e9quipe alla guida della provincia con la superiora generale. Da sinistra a destra: suor Cathy (Inghilterra), suor Rekha (India, superiora generale), suor Kotryna-Danguol\u0117 (Lituania, superiora provinciale), suor Paola (Italia) e [&hellip;]","og_url":"https:\/\/assumpta-eu.org\/it\/comunita\/","og_site_name":"Religious of the Assumption &gt; Province of Europe","article_publisher":"http:\/\/www.facebook.com\/assumptionUK","article_modified_time":"2024-08-20T10:56:04+00:00","twitter_card":"summary_large_image","twitter_site":"@AssumptionRA","twitter_misc":{"Tempo di lettura stimato":"9 minuti"},"schema":{"@context":"https:\/\/schema.org","@graph":[{"@type":"WebPage","@id":"https:\/\/assumpta-eu.org\/it\/comunita\/","url":"https:\/\/assumpta-eu.org\/it\/comunita\/","name":"Comunit\u00e0 - Religious of the Assumption &gt; Province of Europe","isPartOf":{"@id":"https:\/\/assumpta-eu.org\/it\/#website"},"datePublished":"2023-06-03T03:58:06+00:00","dateModified":"2024-08-20T10:56:04+00:00","breadcrumb":{"@id":"https:\/\/assumpta-eu.org\/it\/comunita\/#breadcrumb"},"inLanguage":"it-IT","potentialAction":[{"@type":"ReadAction","target":["https:\/\/assumpta-eu.org\/it\/comunita\/"]}]},{"@type":"BreadcrumbList","@id":"https:\/\/assumpta-eu.org\/it\/comunita\/#breadcrumb","itemListElement":[{"@type":"ListItem","position":1,"name":"Home","item":"https:\/\/assumpta-eu.org\/it\/"},{"@type":"ListItem","position":2,"name":"Comunit\u00e0"}]},{"@type":"WebSite","@id":"https:\/\/assumpta-eu.org\/it\/#website","url":"https:\/\/assumpta-eu.org\/it\/","name":"Province of Europe of the Religious of the Assumption","description":"Make Christ known and loved","publisher":{"@id":"https:\/\/assumpta-eu.org\/it\/#organization"},"potentialAction":[{"@type":"SearchAction","target":{"@type":"EntryPoint","urlTemplate":"https:\/\/assumpta-eu.org\/it\/?s={search_term_string}"},"query-input":{"@type":"PropertyValueSpecification","valueRequired":true,"valueName":"search_term_string"}}],"inLanguage":"it-IT"},{"@type":"Organization","@id":"https:\/\/assumpta-eu.org\/it\/#organization","name":"Religious of the Assumption","url":"https:\/\/assumpta-eu.org\/it\/","logo":{"@type":"ImageObject","inLanguage":"it-IT","@id":"https:\/\/assumpta-eu.org\/it\/#\/schema\/logo\/image\/","url":"https:\/\/assumpta-eu.org\/wp-content\/uploads\/2023\/06\/RA-EU-logos-02.png","contentUrl":"https:\/\/assumpta-eu.org\/wp-content\/uploads\/2023\/06\/RA-EU-logos-02.png","width":705,"height":729,"caption":"Religious of the Assumption"},"image":{"@id":"https:\/\/assumpta-eu.org\/it\/#\/schema\/logo\/image\/"},"sameAs":["http:\/\/www.facebook.com\/assumptionUK","https:\/\/x.com\/AssumptionRA","http:\/\/www.instagram.com\/assumptionuk"]}]}},"_links":{"self":[{"href":"https:\/\/assumpta-eu.org\/it\/wp-json\/wp\/v2\/pages\/1335","targetHints":{"allow":["GET"]}}],"collection":[{"href":"https:\/\/assumpta-eu.org\/it\/wp-json\/wp\/v2\/pages"}],"about":[{"href":"https:\/\/assumpta-eu.org\/it\/wp-json\/wp\/v2\/types\/page"}],"author":[{"embeddable":true,"href":"https:\/\/assumpta-eu.org\/it\/wp-json\/wp\/v2\/users\/1"}],"replies":[{"embeddable":true,"href":"https:\/\/assumpta-eu.org\/it\/wp-json\/wp\/v2\/comments?post=1335"}],"version-history":[{"count":24,"href":"https:\/\/assumpta-eu.org\/it\/wp-json\/wp\/v2\/pages\/1335\/revisions"}],"predecessor-version":[{"id":4735,"href":"https:\/\/assumpta-eu.org\/it\/wp-json\/wp\/v2\/pages\/1335\/revisions\/4735"}],"wp:attachment":[{"href":"https:\/\/assumpta-eu.org\/it\/wp-json\/wp\/v2\/media?parent=1335"}],"curies":[{"name":"wp","href":"https:\/\/api.w.org\/{rel}","templated":true}]}}