{"id":6380,"date":"2025-10-24T11:10:50","date_gmt":"2025-10-24T09:10:50","guid":{"rendered":"https:\/\/assumpta-eu.org\/protection-des-mineurs-et-des-adultes-vulnerables\/"},"modified":"2025-12-18T11:33:46","modified_gmt":"2025-12-18T10:33:46","slug":"protection-des-mineurs-et-des-adultes-vulnerables","status":"publish","type":"page","link":"https:\/\/assumpta-eu.org\/fr\/protection-des-mineurs-et-des-adultes-vulnerables\/","title":{"rendered":"Sauvegarde"},"content":{"rendered":"\n<h2 class=\"wp-block-heading\">Protection des mineurs et des adultes vuln\u00e9rables<\/h2>\n\n\n\n<p>Les Religieuses de l&rsquo;Assomption s&rsquo;engagent \u00e0 promouvoir une culture qui <strong>ne tol\u00e8re aucune forme de violence<\/strong>. Nous cherchons \u00e0 promouvoir une culture de la vie, des relations saines, \u00e0 garantir la justice, \u00e0 cultiver la communion, \u00e0 accorder une attention particuli\u00e8re aux personnes vuln\u00e9rables et \u00e0 suivre le principe des relations d&rsquo;\u00e9galit\u00e9 dans notre leadership. Nous voulons vivre selon les valeurs de l&rsquo;\u00c9vangile pour le bien du Royaume de Dieu. Nous ne tol\u00e9rons aucune forme de violence dans nos communaut\u00e9s religieuses, nos institutions ou nos lieux de mission. <\/p>\n\n\n\n<p>Nous encourageons une culture de la bienveillance dans les communaut\u00e9s et nous nous effor\u00e7ons de garantir un environnement s\u00fbr et sain dans nos lieux de mission. <\/p>\n\n\n\n<p>Nous voulons promouvoir une culture d&rsquo;entraide au sein de nos communaut\u00e9s et garantir des environnements s\u00fbrs et sains pour notre mission. <\/p>\n\n\n\n<p>Nous nous engageons donc \u00e0 mettre en \u0153uvre des mesures visant \u00e0 pr\u00e9server le bien-\u00eatre de toutes les personnes concern\u00e9es.<\/p>\n\n\n\n<p>Si vous souhaitez signaler un probl\u00e8me relatif \u00e0 la protection des personnes li\u00e9 aux activit\u00e9s des Religieuses de l&rsquo;Assomption, veuillez contacter la responsable de la s\u00e9curit\u00e9 de la province europ\u00e9enne \u00e0 l&rsquo;adresse <a href=\"mailto:marilyn@assumptionreligious.org\">marilyn@assumptionreligious.org<\/a>.  <\/p>\n\n\n\n<h2 class=\"wp-block-heading\"><br><strong>Organisations externes<\/strong><\/h2>\n\n\n\n<p>Les Religieuses de l&rsquo;Assomption respectent les directives qui r\u00e9gissent, dans chaque pays, le comportement du clerg\u00e9 et des repr\u00e9sentants de la vie consacr\u00e9e envers les mineurs et les personnes vuln\u00e9rables.&nbsp;<a href=\"https:\/\/www.kerknet.be\/sites\/default\/files\/19%2006%2026%20Code%20de%20conduite%20-%20contenu.pdf\">Code de conduite pour collaborateurs dans l\u2018Eglise<\/a>.<\/p>\n\n\n\n<p>Vous pouvez \u00e9galement signaler les violations en utilisant les coordonn\u00e9es indiqu\u00e9es par la Coreb (Conf\u00e9rence des religieuses et religieux en Belgique)&nbsp;<a href=\"https:\/\/coreb.be\/contacts\/#abus\">https:\/\/coreb.be\/contacts\/#abus<\/a>, ou les coordonn\u00e9es donn\u00e9es par les dioc\u00e8ses de Belgique&nbsp;<a href=\"http:\/\/www.abusdansleglise.be\/\">http:\/\/www.abusdansleglise.be<\/a><\/p>\n\n\n\n<p><\/p>\n","protected":false},"excerpt":{"rendered":"<p>Protection des mineurs et des adultes vuln\u00e9rables Les Religieuses de l&rsquo;Assomption s&rsquo;engagent \u00e0 promouvoir une culture qui ne tol\u00e8re aucune forme de violence. Nous cherchons \u00e0 promouvoir une culture de la vie, des relations saines, \u00e0 garantir la justice, \u00e0 cultiver la communion, \u00e0 accorder une attention particuli\u00e8re aux personnes vuln\u00e9rables et \u00e0 suivre le [&hellip;]<\/p>\n","protected":false},"author":1,"featured_media":0,"parent":0,"menu_order":0,"comment_status":"closed","ping_status":"closed","template":"","meta":{"_et_pb_use_builder":"off","_et_pb_old_content":"<!-- wp:paragraph -->\n<p>Les Religieuses de l'Assomption s'engagent \u00e0 promouvoir une culture qui <strong>ne tol\u00e8re aucune forme de violence<\/strong>. Nous cherchons \u00e0 promouvoir une culture de la vie, des relations saines, \u00e0 garantir la justice, \u00e0 cultiver la communion, \u00e0 accorder une attention particuli\u00e8re aux personnes vuln\u00e9rables et \u00e0 suivre le principe des relations d'\u00e9galit\u00e9 dans notre leadership. Nous voulons vivre selon les valeurs de l'\u00c9vangile pour le bien du Royaume de Dieu. Nous ne tol\u00e9rons aucune forme de violence dans nos communaut\u00e9s religieuses, nos institutions ou nos lieux de mission. <\/p>\n<!-- \/wp:paragraph -->\n\n<!-- wp:paragraph -->\n<p>Nous encourageons une culture de la bienveillance dans les communaut\u00e9s et nous nous effor\u00e7ons de garantir un environnement s\u00fbr et sain dans nos lieux de mission. <\/p>\n<!-- \/wp:paragraph -->\n\n<!-- wp:paragraph -->\n<p>Nous voulons promouvoir une culture d'entraide au sein de nos communaut\u00e9s et garantir des environnements s\u00fbrs et sains pour notre mission. <\/p>\n<!-- \/wp:paragraph -->\n\n<!-- wp:paragraph -->\n<p>Nous nous engageons donc \u00e0 mettre en \u0153uvre des mesures visant \u00e0 pr\u00e9server le bien-\u00eatre de toutes les personnes concern\u00e9es.<\/p>\n<!-- \/wp:paragraph -->\n\n<!-- wp:paragraph -->\n<p>Si vous souhaitez signaler un probl\u00e8me relatif \u00e0 la protection des personnes li\u00e9 aux activit\u00e9s des Religieuses de l'Assomption, veuillez contacter la responsable de la s\u00e9curit\u00e9 de la province europ\u00e9enne \u00e0 l'adresse <a href=\"mailto:marilyn@assumptionreligious.org\">marilyn@assumptionreligious.org<\/a>.  <\/p>\n<!-- \/wp:paragraph -->\n\n<!-- wp:heading -->\n<h2 class=\"wp-block-heading\"><br><strong>Organisations externes<\/strong><\/h2>\n<!-- \/wp:heading -->\n\n<!-- wp:paragraph -->\n<p>Les Religieuses de l'Assomption respectent les directives qui r\u00e9gissent, dans chaque pays, le comportement du clerg\u00e9 et des repr\u00e9sentants de la vie consacr\u00e9e envers les mineurs et les personnes vuln\u00e9rables.\u00a0<a href=\"https:\/\/www.kerknet.be\/sites\/default\/files\/19%2006%2026%20Code%20de%20conduite%20-%20contenu.pdf\">Code de conduite pour collaborateurs dans l\u2018Eglise<\/a>.<\/p>\n<!-- \/wp:paragraph -->\n\n<!-- wp:paragraph -->\n<p>Vous pouvez \u00e9galement signaler les violations en utilisant les coordonn\u00e9es indiqu\u00e9es par la Coreb (Conf\u00e9rence des religieuses et religieux en Belgique)\u00a0<a href=\"https:\/\/coreb.be\/contacts\/#abus\">https:\/\/coreb.be\/contacts\/#abus<\/a>, ou les coordonn\u00e9es donn\u00e9es par les dioc\u00e8ses de Belgique\u00a0<a href=\"http:\/\/www.abusdansleglise.be\/\">http:\/\/www.abusdansleglise.be<\/a><\/p>\n<!-- \/wp:paragraph -->\n\n<!-- wp:paragraph -->\n<p><\/p>\n<!-- \/wp:paragraph -->","_et_gb_content_width":"","footnotes":""},"class_list":["post-6380","page","type-page","status-publish","hentry"],"yoast_head":"<!-- This site is optimized with the Yoast SEO plugin v27.5 - https:\/\/yoast.com\/product\/yoast-seo-wordpress\/ -->\n<title>Sauvegarde - Religious of the Assumption &gt; Province of Europe<\/title>\n<meta name=\"robots\" content=\"index, follow, max-snippet:-1, max-image-preview:large, max-video-preview:-1\" \/>\n<link rel=\"canonical\" href=\"https:\/\/assumpta-eu.org\/fr\/protection-des-mineurs-et-des-adultes-vulnerables\/\" \/>\n<meta property=\"og:locale\" content=\"fr_FR\" \/>\n<meta property=\"og:type\" content=\"article\" \/>\n<meta property=\"og:title\" content=\"Sauvegarde - Religious of the Assumption &gt; Province of Europe\" \/>\n<meta property=\"og:description\" content=\"Protection des mineurs et des adultes vuln\u00e9rables Les Religieuses de l&rsquo;Assomption s&rsquo;engagent \u00e0 promouvoir une culture qui ne tol\u00e8re aucune forme de violence. Nous cherchons \u00e0 promouvoir une culture de la vie, des relations saines, \u00e0 garantir la justice, \u00e0 cultiver la communion, \u00e0 accorder une attention particuli\u00e8re aux personnes vuln\u00e9rables et \u00e0 suivre le [&hellip;]\" \/>\n<meta property=\"og:url\" content=\"https:\/\/assumpta-eu.org\/fr\/protection-des-mineurs-et-des-adultes-vulnerables\/\" \/>\n<meta property=\"og:site_name\" content=\"Religious of the Assumption &gt; Province of Europe\" \/>\n<meta property=\"article:publisher\" content=\"http:\/\/www.facebook.com\/assumptionUK\" \/>\n<meta property=\"article:modified_time\" content=\"2025-12-18T10:33:46+00:00\" \/>\n<meta name=\"twitter:card\" content=\"summary_large_image\" \/>\n<meta name=\"twitter:site\" content=\"@AssumptionRA\" \/>\n<meta name=\"twitter:label1\" content=\"Dur\u00e9e de lecture estim\u00e9e\" \/>\n\t<meta name=\"twitter:data1\" content=\"2 minutes\" \/>\n<script type=\"application\/ld+json\" class=\"yoast-schema-graph\">{\"@context\":\"https:\\\/\\\/schema.org\",\"@graph\":[{\"@type\":\"WebPage\",\"@id\":\"https:\\\/\\\/assumpta-eu.org\\\/fr\\\/protection-des-mineurs-et-des-adultes-vulnerables\\\/\",\"url\":\"https:\\\/\\\/assumpta-eu.org\\\/fr\\\/protection-des-mineurs-et-des-adultes-vulnerables\\\/\",\"name\":\"Sauvegarde - Religious of the Assumption &gt; Province of Europe\",\"isPartOf\":{\"@id\":\"https:\\\/\\\/assumpta-eu.org\\\/fr\\\/#website\"},\"datePublished\":\"2025-10-24T09:10:50+00:00\",\"dateModified\":\"2025-12-18T10:33:46+00:00\",\"breadcrumb\":{\"@id\":\"https:\\\/\\\/assumpta-eu.org\\\/fr\\\/protection-des-mineurs-et-des-adultes-vulnerables\\\/#breadcrumb\"},\"inLanguage\":\"fr-FR\",\"potentialAction\":[{\"@type\":\"ReadAction\",\"target\":[\"https:\\\/\\\/assumpta-eu.org\\\/fr\\\/protection-des-mineurs-et-des-adultes-vulnerables\\\/\"]}]},{\"@type\":\"BreadcrumbList\",\"@id\":\"https:\\\/\\\/assumpta-eu.org\\\/fr\\\/protection-des-mineurs-et-des-adultes-vulnerables\\\/#breadcrumb\",\"itemListElement\":[{\"@type\":\"ListItem\",\"position\":1,\"name\":\"Home\",\"item\":\"https:\\\/\\\/assumpta-eu.org\\\/fr\\\/\"},{\"@type\":\"ListItem\",\"position\":2,\"name\":\"Sauvegarde\"}]},{\"@type\":\"WebSite\",\"@id\":\"https:\\\/\\\/assumpta-eu.org\\\/fr\\\/#website\",\"url\":\"https:\\\/\\\/assumpta-eu.org\\\/fr\\\/\",\"name\":\"Province of Europe of the Religious of the Assumption\",\"description\":\"Make Christ known and loved\",\"publisher\":{\"@id\":\"https:\\\/\\\/assumpta-eu.org\\\/fr\\\/#organization\"},\"potentialAction\":[{\"@type\":\"SearchAction\",\"target\":{\"@type\":\"EntryPoint\",\"urlTemplate\":\"https:\\\/\\\/assumpta-eu.org\\\/fr\\\/?s={search_term_string}\"},\"query-input\":{\"@type\":\"PropertyValueSpecification\",\"valueRequired\":true,\"valueName\":\"search_term_string\"}}],\"inLanguage\":\"fr-FR\"},{\"@type\":\"Organization\",\"@id\":\"https:\\\/\\\/assumpta-eu.org\\\/fr\\\/#organization\",\"name\":\"Religious of the Assumption\",\"url\":\"https:\\\/\\\/assumpta-eu.org\\\/fr\\\/\",\"logo\":{\"@type\":\"ImageObject\",\"inLanguage\":\"fr-FR\",\"@id\":\"https:\\\/\\\/assumpta-eu.org\\\/fr\\\/#\\\/schema\\\/logo\\\/image\\\/\",\"url\":\"https:\\\/\\\/assumpta-eu.org\\\/wp-content\\\/uploads\\\/2023\\\/06\\\/RA-EU-logos-02.png\",\"contentUrl\":\"https:\\\/\\\/assumpta-eu.org\\\/wp-content\\\/uploads\\\/2023\\\/06\\\/RA-EU-logos-02.png\",\"width\":705,\"height\":729,\"caption\":\"Religious of the Assumption\"},\"image\":{\"@id\":\"https:\\\/\\\/assumpta-eu.org\\\/fr\\\/#\\\/schema\\\/logo\\\/image\\\/\"},\"sameAs\":[\"http:\\\/\\\/www.facebook.com\\\/assumptionUK\",\"https:\\\/\\\/x.com\\\/AssumptionRA\",\"http:\\\/\\\/www.instagram.com\\\/assumptionuk\"]}]}<\/script>\n<!-- \/ Yoast SEO plugin. -->","yoast_head_json":{"title":"Sauvegarde - Religious of the Assumption &gt; Province of Europe","robots":{"index":"index","follow":"follow","max-snippet":"max-snippet:-1","max-image-preview":"max-image-preview:large","max-video-preview":"max-video-preview:-1"},"canonical":"https:\/\/assumpta-eu.org\/fr\/protection-des-mineurs-et-des-adultes-vulnerables\/","og_locale":"fr_FR","og_type":"article","og_title":"Sauvegarde - Religious of the Assumption &gt; Province of Europe","og_description":"Protection des mineurs et des adultes vuln\u00e9rables Les Religieuses de l&rsquo;Assomption s&rsquo;engagent \u00e0 promouvoir une culture qui ne tol\u00e8re aucune forme de violence. Nous cherchons \u00e0 promouvoir une culture de la vie, des relations saines, \u00e0 garantir la justice, \u00e0 cultiver la communion, \u00e0 accorder une attention particuli\u00e8re aux personnes vuln\u00e9rables et \u00e0 suivre le [&hellip;]","og_url":"https:\/\/assumpta-eu.org\/fr\/protection-des-mineurs-et-des-adultes-vulnerables\/","og_site_name":"Religious of the Assumption &gt; Province of Europe","article_publisher":"http:\/\/www.facebook.com\/assumptionUK","article_modified_time":"2025-12-18T10:33:46+00:00","twitter_card":"summary_large_image","twitter_site":"@AssumptionRA","twitter_misc":{"Dur\u00e9e de lecture estim\u00e9e":"2 minutes"},"schema":{"@context":"https:\/\/schema.org","@graph":[{"@type":"WebPage","@id":"https:\/\/assumpta-eu.org\/fr\/protection-des-mineurs-et-des-adultes-vulnerables\/","url":"https:\/\/assumpta-eu.org\/fr\/protection-des-mineurs-et-des-adultes-vulnerables\/","name":"Sauvegarde - Religious of the Assumption &gt; Province of Europe","isPartOf":{"@id":"https:\/\/assumpta-eu.org\/fr\/#website"},"datePublished":"2025-10-24T09:10:50+00:00","dateModified":"2025-12-18T10:33:46+00:00","breadcrumb":{"@id":"https:\/\/assumpta-eu.org\/fr\/protection-des-mineurs-et-des-adultes-vulnerables\/#breadcrumb"},"inLanguage":"fr-FR","potentialAction":[{"@type":"ReadAction","target":["https:\/\/assumpta-eu.org\/fr\/protection-des-mineurs-et-des-adultes-vulnerables\/"]}]},{"@type":"BreadcrumbList","@id":"https:\/\/assumpta-eu.org\/fr\/protection-des-mineurs-et-des-adultes-vulnerables\/#breadcrumb","itemListElement":[{"@type":"ListItem","position":1,"name":"Home","item":"https:\/\/assumpta-eu.org\/fr\/"},{"@type":"ListItem","position":2,"name":"Sauvegarde"}]},{"@type":"WebSite","@id":"https:\/\/assumpta-eu.org\/fr\/#website","url":"https:\/\/assumpta-eu.org\/fr\/","name":"Province of Europe of the Religious of the Assumption","description":"Make Christ known and loved","publisher":{"@id":"https:\/\/assumpta-eu.org\/fr\/#organization"},"potentialAction":[{"@type":"SearchAction","target":{"@type":"EntryPoint","urlTemplate":"https:\/\/assumpta-eu.org\/fr\/?s={search_term_string}"},"query-input":{"@type":"PropertyValueSpecification","valueRequired":true,"valueName":"search_term_string"}}],"inLanguage":"fr-FR"},{"@type":"Organization","@id":"https:\/\/assumpta-eu.org\/fr\/#organization","name":"Religious of the Assumption","url":"https:\/\/assumpta-eu.org\/fr\/","logo":{"@type":"ImageObject","inLanguage":"fr-FR","@id":"https:\/\/assumpta-eu.org\/fr\/#\/schema\/logo\/image\/","url":"https:\/\/assumpta-eu.org\/wp-content\/uploads\/2023\/06\/RA-EU-logos-02.png","contentUrl":"https:\/\/assumpta-eu.org\/wp-content\/uploads\/2023\/06\/RA-EU-logos-02.png","width":705,"height":729,"caption":"Religious of the Assumption"},"image":{"@id":"https:\/\/assumpta-eu.org\/fr\/#\/schema\/logo\/image\/"},"sameAs":["http:\/\/www.facebook.com\/assumptionUK","https:\/\/x.com\/AssumptionRA","http:\/\/www.instagram.com\/assumptionuk"]}]}},"_links":{"self":[{"href":"https:\/\/assumpta-eu.org\/fr\/wp-json\/wp\/v2\/pages\/6380","targetHints":{"allow":["GET"]}}],"collection":[{"href":"https:\/\/assumpta-eu.org\/fr\/wp-json\/wp\/v2\/pages"}],"about":[{"href":"https:\/\/assumpta-eu.org\/fr\/wp-json\/wp\/v2\/types\/page"}],"author":[{"embeddable":true,"href":"https:\/\/assumpta-eu.org\/fr\/wp-json\/wp\/v2\/users\/1"}],"replies":[{"embeddable":true,"href":"https:\/\/assumpta-eu.org\/fr\/wp-json\/wp\/v2\/comments?post=6380"}],"version-history":[{"count":5,"href":"https:\/\/assumpta-eu.org\/fr\/wp-json\/wp\/v2\/pages\/6380\/revisions"}],"predecessor-version":[{"id":6407,"href":"https:\/\/assumpta-eu.org\/fr\/wp-json\/wp\/v2\/pages\/6380\/revisions\/6407"}],"wp:attachment":[{"href":"https:\/\/assumpta-eu.org\/fr\/wp-json\/wp\/v2\/media?parent=6380"}],"curies":[{"name":"wp","href":"https:\/\/api.w.org\/{rel}","templated":true}]}}