{"id":3283,"date":"2023-06-01T09:51:16","date_gmt":"2023-06-01T07:51:16","guid":{"rendered":"https:\/\/assumpta-eu.org\/assomption\/"},"modified":"2024-08-19T16:32:54","modified_gmt":"2024-08-19T14:32:54","slug":"assomption","status":"publish","type":"page","link":"https:\/\/assumpta-eu.org\/fr\/","title":{"rendered":"Assomption"},"content":{"rendered":"<p><div class=\"et_d4_element et_pb_section et_pb_section_0 et_pb_section_parallax et_pb_with_background  et_pb_css_mix_blend_mode et_section_regular section_has_divider et_pb_bottom_divider et_pb_top_divider et_block_section\" >\n\t\t\t\t<div class=\"et_pb_top_inside_divider et-no-transition\"><\/div>\n\t\t\t\t<span class=\"et_parallax_bg_wrap et-pb-parallax-wrapper\"><span\n\t\t\t\t\t\tclass=\"et_parallax_bg et_parallax_bg--et_pb_section_0\"\n\t\t\t\t\t\tstyle=\"background-image: url(https:\/\/assumpta-eu.org\/wp-content\/uploads\/2023\/06\/13584744_10153538268441277_5798689457502286015_o.jpg);\"\n\t\t\t\t\t><\/span><span\n\t\t\t\t\t\tclass=\"et_parallax_gradient\"\n\t\t\t\t\t\tstyle=\"background-image: linear-gradient( 80deg, rgba(44,0,71,0.88) 0%, rgba(117,88,130,0.5) 100% );\"\n\t\t\t\t\t><\/span><\/span>\n\t\t\t\t\n\t\t\t\t\n\t\t\t\t\n\t\t\t\t\n\t\t\t\t<div class=\"et_d4_element et_pb_row et_pb_row_0 et_pb_equal_columns et_pb_gutters1  et_pb_css_mix_blend_mode et_block_row\">\n\t\t\t\t<div class=\"et_d4_element et_pb_column_4_4 et_pb_column et_pb_column_0  et_pb_css_mix_blend_mode et-last-child et_block_column\">\n\t\t\t\t\n\t\t\t\t\n\t\t\t\t\n\t\t\t\t\n\t\t\t\t<div class=\"et_pb_module et_d4_element et_pb_text et_pb_text_0  et_pb_text_align_left et_pb_bg_layout_light\">\n\t\t\t\t\n\t\t\t\t\n\t\t\t\t\n\t\t\t\t\n\t\t\t\t<div class=\"et_pb_text_inner\"><h4>Nous sommes les Religieuses de l'Assomption<\/h4><\/div>\n\t\t\t<\/div><div class=\"et_pb_module et_d4_element et_pb_text et_pb_text_1 et_animated  et_pb_text_align_left et_pb_bg_layout_light\">\n\t\t\t\t\n\t\t\t\t\n\t\t\t\t\n\t\t\t\t\n\t\t\t\t<div class=\"et_pb_text_inner\"><h1>Faire conna\u00eetre et <span style=\"color: #ffd23f;\">aimer<\/span> J\u00e9sus-Christ et son \u00c9glise.<\/h1><\/div>\n\t\t\t<\/div><div class=\"et_pb_module et_d4_element et_pb_text et_pb_text_2 claro et_animated  et_pb_text_align_left et_pb_bg_layout_light\">\n\t\t\t\t\n\t\t\t\t\n\t\t\t\t\n\t\t\t\t\n\t\t\t\t<div class=\"et_pb_text_inner\"><p>Dans notre <strong>Province d\u2019Europe<\/strong> nous sommes au service du Royaume de Dieu en r\u00e9pondant aux d\u00e9fis de nos soci\u00e9t\u00e9s en Belgique, Angleterre, Italie et Lituanie.<\/p><\/div>\n\t\t\t<\/div><div class=\"et_pb_button_module_wrapper et_pb_button_0_wrapper  et_pb_module \">\n\t\t\t\t<a class=\"et_pb_button et_d4_element et_pb_button_0 et_animated et_pb_bg_layout_light et_block_module\" href=\"https:\/\/assumpta-eu.org\/fr\/about-us\/\">En savoir plus<\/a>\n\t\t\t<\/div>\n\t\t\t<\/div>\n\t\t\t\t\n\t\t\t\t\n\t\t\t\t\n\t\t\t\t\n\t\t\t<\/div>\n\t\t\t\t\n\t\t\t\t<div class=\"et_pb_bottom_inside_divider et-no-transition\"><\/div>\n\t\t\t<\/div><div class=\"et_d4_element et_pb_section et_pb_section_1  et_pb_css_mix_blend_mode et_section_regular et_block_section\" >\n\t\t\t\t\n\t\t\t\t\n\t\t\t\t\n\t\t\t\t\n\t\t\t\t\n\t\t\t\t\n\t\t\t\t<div class=\"et_d4_element et_pb_row et_pb_row_1 et_pb_equal_columns et_pb_gutters1  et_pb_css_mix_blend_mode et_block_row\">\n\t\t\t\t<div class=\"et_d4_element et_pb_column_4_4 et_pb_column et_pb_column_1  et_pb_css_mix_blend_mode et-last-child et_block_column\">\n\t\t\t\t\n\t\t\t\t\n\t\t\t\t\n\t\t\t\t\n\t\t\t\t<div class=\"et_pb_module et_d4_element et_pb_text et_pb_text_3  et_pb_text_align_left et_pb_bg_layout_light\">\n\t\t\t\t\n\t\t\t\t\n\t\t\t\t\n\t\t\t\t\n\t\t\t\t<div class=\"et_pb_text_inner\"><h4><span data-contrast=\"auto\" xml:lang=\"EN-GB\" lang=\"EN-GB\" class=\"TextRun SCXW97974955 BCX0\"><span class=\"NormalTextRun SCXW97974955 BCX0\">Les religieuses de l'Assomption<\/span><\/span><\/h4><\/div>\n\t\t\t<\/div><div class=\"et_pb_module et_d4_element et_pb_text et_pb_text_4 et_animated  et_pb_text_align_left et_pb_bg_layout_light\">\n\t\t\t\t\n\t\t\t\t\n\t\t\t\t\n\t\t\t\t\n\t\t\t\t<div class=\"et_pb_text_inner\"><h2>Appel\u00e9es par le Christ en communaut\u00e9 \u00e0 l\u2019adoration et \u00e0 la mission.<\/h2><\/div>\n\t\t\t<\/div><div class=\"et_pb_module et_d4_element et_pb_text et_pb_text_5 et_animated  et_pb_text_align_center et_pb_bg_layout_light\">\n\t\t\t\t\n\t\t\t\t\n\t\t\t\t\n\t\t\t\t\n\t\t\t\t<div class=\"et_pb_text_inner\"><p style=\"text-align: justify;\"><span>Les Religieuses de l\u2019Assomption (S\u0153urs de l\u2019Assomption) sont une congr\u00e9gation catholique internationale d\u2019environ 1 200 S\u0153urs de 40 nationalit\u00e9s, r\u00e9pondant aux d\u00e9fis et aux appels de la soci\u00e9t\u00e9 dans 33 pays \u00e0 travers le monde. Nous avons \u00e9t\u00e9 fond\u00e9es par <strong>sainte Marie-Eug\u00e9nie<\/strong> en 1839 pour <strong>faire conna\u00eetre et aimer J\u00e9sus-Christ et son \u00c9glise<\/strong>. Notre mode de vie est \u00e0 la fois contemplatif et apostolique. \u00c9ducatrices par vocation, nous vivons et prions ensemble en communaut\u00e9.   <\/span><\/p><\/div>\n\t\t\t<\/div><div class=\"et_pb_button_module_wrapper et_pb_button_1_wrapper et_pb_button_alignment_center et_pb_module \">\n\t\t\t\t<a class=\"et_pb_button et_d4_element et_pb_button_1 et_animated et_pb_bg_layout_light et_block_module\" href=\"https:\/\/assumpta-eu.org\/fr\/mission\/\">Notre mission<\/a>\n\t\t\t<\/div>\n\t\t\t<\/div>\n\t\t\t\t\n\t\t\t\t\n\t\t\t\t\n\t\t\t\t\n\t\t\t<\/div>\n\t\t\t\t\n\t\t\t\t\n\t\t\t<\/div><div class=\"et_d4_element et_pb_section et_pb_section_2 et_pb_section_parallax et_pb_with_background  et_pb_css_mix_blend_mode et_section_regular section_has_divider et_pb_bottom_divider et_pb_top_divider et_block_section\" >\n\t\t\t\t<div class=\"et_pb_top_inside_divider et-no-transition\"><\/div>\n\t\t\t\t<span class=\"et_parallax_bg_wrap et-pb-parallax-wrapper\"><span\n\t\t\t\t\t\tclass=\"et_parallax_bg et_parallax_bg--et_pb_section_2\"\n\t\t\t\t\t\tstyle=\"background-image: url(https:\/\/assumpta-eu.org\/wp-content\/uploads\/2023\/06\/20200118_140133-1.jpg);\"\n\t\t\t\t\t><\/span><span\n\t\t\t\t\t\tclass=\"et_parallax_gradient\"\n\t\t\t\t\t\tstyle=\"background-image: linear-gradient( , rgba(117,88,130,0.7) 0%, #2c0047 100% );\"\n\t\t\t\t\t><\/span><\/span>\n\t\t\t\t\n\t\t\t\t\n\t\t\t\t\n\t\t\t\t\n\t\t\t\t<div class=\"et_d4_element et_pb_row et_pb_row_2  et_pb_css_mix_blend_mode et_block_row\">\n\t\t\t\t<div class=\"et_d4_element et_pb_column_3_5 et_pb_column et_pb_column_2  et_pb_css_mix_blend_mode et_block_column\">\n\t\t\t\t\n\t\t\t\t\n\t\t\t\t\n\t\t\t\t\n\t\t\t\t<div class=\"et_pb_module et_d4_element et_pb_text et_pb_text_6 et_animated  et_pb_text_align_left et_pb_bg_layout_light\">\n\t\t\t\t\n\t\t\t\t\n\t\t\t\t\n\t\t\t\t\n\t\t\t\t<div class=\"et_pb_text_inner\"><h2>Province d'Europe<\/h2><\/div>\n\t\t\t<\/div><div class=\"et_pb_module et_d4_element et_pb_text et_pb_text_7 claro et_animated  et_pb_text_align_left et_pb_bg_layout_light\">\n\t\t\t\t\n\t\t\t\t\n\t\t\t\t\n\t\t\t\t\n\t\t\t\t<div class=\"et_pb_text_inner\"><p>Notre province europ\u00e9enne a \u00e9t\u00e9 cr\u00e9\u00e9e en 2018 et r\u00e9unit 10 communaut\u00e9s de <strong>Belgique, Angleterre, Italie et Lituanie<\/strong>. Nous partageons notre charisme et notre mission dans un contexte <strong>international<\/strong> : nous appr\u00e9cions nos diff\u00e9rences qui nous enrichissent et nous permettent d\u2019apprendre les unes des autres. L\u2019Esprit nous pousse \u00e0 <strong>aller de l\u2019avant<\/strong> et \u00e0 \u00ab nous risquer ensemble en r\u00e9ponse \u00e0 de nouveaux appels \u00bb.  <\/p><\/div>\n\t\t\t<\/div><div class=\"et_pb_button_module_wrapper et_pb_button_2_wrapper  et_pb_module \">\n\t\t\t\t<a class=\"et_pb_button et_d4_element et_pb_button_2 et_animated et_pb_bg_layout_light et_block_module\" href=\"https:\/\/assumpta-eu.org\/fr\/communautes\/\">O\u00f9 sommes-nous?<\/a>\n\t\t\t<\/div>\n\t\t\t<\/div><div class=\"et_d4_element et_pb_column_2_5 et_pb_column et_pb_column_3  et_pb_css_mix_blend_mode et-last-child et_block_column et_pb_column_empty\">\n\t\t\t\t\n\t\t\t\t\n\t\t\t\t\n\t\t\t\t\n\t\t\t\t\n\t\t\t<\/div>\n\t\t\t\t\n\t\t\t\t\n\t\t\t\t\n\t\t\t\t\n\t\t\t<\/div>\n\t\t\t\t\n\t\t\t\t\n\t\t\t<\/div><div class=\"et_d4_element et_pb_section et_pb_section_3 et_pb_with_background  et_pb_css_mix_blend_mode et_section_regular et_block_section\" >\n\t\t\t\t\n\t\t\t\t\n\t\t\t\t\n\t\t\t\t\n\t\t\t\t\n\t\t\t\t\n\t\t\t\t<div class=\"et_d4_element et_pb_row et_pb_row_3  et_pb_css_mix_blend_mode et_block_row\">\n\t\t\t\t<div class=\"et_d4_element et_pb_column_4_4 et_pb_column et_pb_column_4  et_pb_css_mix_blend_mode et-last-child et_block_column\">\n\t\t\t\t\n\t\t\t\t\n\t\t\t\t\n\t\t\t\t\n\t\t\t\t<div class=\"et_pb_module et_d4_element et_pb_text et_pb_text_8  et_pb_text_align_left et_pb_bg_layout_light\">\n\t\t\t\t\n\t\t\t\t\n\t\t\t\t\n\t\t\t\t\n\t\t\t\t<div class=\"et_pb_text_inner\"><h4>Nouvelles<\/h4><\/div>\n\t\t\t<\/div>\n\t\t\t<\/div>\n\t\t\t\t\n\t\t\t\t\n\t\t\t\t\n\t\t\t\t\n\t\t\t<\/div><div class=\"et_d4_element et_pb_row et_pb_row_4  et_pb_css_mix_blend_mode et_block_row\">\n\t\t\t\t<div class=\"et_d4_element et_pb_column_4_4 et_pb_column et_pb_column_5  et_pb_css_mix_blend_mode et-last-child et_block_column\">\n\t\t\t\t\n\t\t\t\t\n\t\t\t\t\n\t\t\t\t\n\t\t\t\t<div class=\"et_pb_module et_d4_element et_pb_text et_pb_text_9 et_animated  et_pb_text_align_left et_pb_bg_layout_light\">\n\t\t\t\t\n\t\t\t\t\n\t\t\t\t\n\t\t\t\t\n\t\t\t\t<div class=\"et_pb_text_inner\"><h2>Que se passe-t-il dans la Province ?<\/h2><\/div>\n\t\t\t<\/div>\n\t\t\t<\/div>\n\t\t\t\t\n\t\t\t\t\n\t\t\t\t\n\t\t\t\t\n\t\t\t<\/div><div class=\"et_d4_element et_pb_row et_pb_row_5  et_pb_css_mix_blend_mode et_block_row\">\n\t\t\t\t<div class=\"et_d4_element et_pb_column_4_4 et_pb_column et_pb_column_6  et_pb_css_mix_blend_mode et-last-child et_block_column\">\n\t\t\t\t\n\t\t\t\t\n\t\t\t\t\n\t\t\t\t\n\t\t\t\t<div class=\"et_pb_module et_d4_element et_pb_blog_0 pa-blog-equal-height et_animated  et_pb_css_mix_blend_mode et_pb_blog_grid_wrapper et_pb_bg_layout_light\">\n\t\t\t\t\t<div class=\"et_pb_blog_grid clearfix  et_pb_text_align_center\">\n\t\t\t\t\t\n\t\t\t\t\t\n\t\t\t\t\t\n\t\t\t\t\t\n\t\t\t\t\t<div class=\"et_pb_ajax_pagination_container\">\n\t\t\t\t\t\t<div class=\"et_pb_salvattore_content\" data-columns>\n\t\t\t<article id=\"post-7099\" class=\"et_pb_post clearfix et_pb_blog_item_0_0 post-7099 post type-post status-publish format-standard has-post-thumbnail hentry category-congregation-fr category-province-europeenne\">\n\n\t\t\t\t<div class=\"et_pb_image_container\"><a href=\"https:\/\/assumpta-eu.org\/fr\/la-visite-canonique-a-la-province-deurope-un-voyage-de-grace\/\" class=\"entry-featured-image-url\"><img loading=\"lazy\" decoding=\"async\" src=\"https:\/\/assumpta-eu.org\/wp-content\/uploads\/2026\/04\/1000028529-400x250.jpg\" alt=\"La visite canonique \u00e0 la Province d&rsquo;Europe : Un voyage de gr\u00e2ce\" class=\"\" srcset=\"https:\/\/assumpta-eu.org\/wp-content\/uploads\/2026\/04\/1000028529-scaled-e1775742154388.jpg 479w, https:\/\/assumpta-eu.org\/wp-content\/uploads\/2026\/04\/1000028529-400x250.jpg 480w \" sizes=\"(max-width:479px) 479px, 100vw \"  width=\"400\" height=\"250\" \/><\/a><\/div>\n\t\t\t\t\t\t\t\t\t\t\t\t\t\t<h2 class=\"entry-title\">\n\t\t\t\t\t\t\t\t\t\t\t\t\t<a href=\"https:\/\/assumpta-eu.org\/fr\/la-visite-canonique-a-la-province-deurope-un-voyage-de-grace\/\">La visite canonique \u00e0 la Province d&rsquo;Europe : Un voyage de gr\u00e2ce<\/a>\n\t\t\t\t\t\t\t\t\t\t\t<\/h2>\n\t\t\t\t\n\t\t\t\t\t<p class=\"post-meta\"><span class=\"published\">Avr 9, 2026<\/span><\/p><div class=\"post-content\"><div class=\"post-content-inner\"><p>La Province d'Europe vient de terminer une visite...<\/p>\n<\/div><\/div>\t\t\t\n\t\t\t<\/article>\n\t\t\t\t\n\t\t\t<article id=\"post-7055\" class=\"et_pb_post clearfix et_pb_blog_item_0_1 post-7055 post type-post status-publish format-standard has-post-thumbnail hentry category-italie category-province-europeenne\">\n\n\t\t\t\t<div class=\"et_pb_image_container\"><a href=\"https:\/\/assumpta-eu.org\/fr\/un-coucher-de-soleil-radieux-la-vieillesse-comme-un-devenir-sacre\/\" class=\"entry-featured-image-url\"><img loading=\"lazy\" decoding=\"async\" src=\"https:\/\/assumpta-eu.org\/wp-content\/uploads\/2026\/04\/IMG_20250727_104844-scaled-e1775744602515-400x250.jpg\" alt=\"Un coucher de soleil radieux : La vieillesse comme un devenir sacr\u00e9\" class=\"\" srcset=\"https:\/\/assumpta-eu.org\/wp-content\/uploads\/2026\/04\/IMG_20250727_104844-scaled-e1775744602515.jpg 479w, https:\/\/assumpta-eu.org\/wp-content\/uploads\/2026\/04\/IMG_20250727_104844-scaled-e1775744602515-400x250.jpg 480w \" sizes=\"(max-width:479px) 479px, 100vw \"  width=\"400\" height=\"250\" \/><\/a><\/div>\n\t\t\t\t\t\t\t\t\t\t\t\t\t\t<h2 class=\"entry-title\">\n\t\t\t\t\t\t\t\t\t\t\t\t\t<a href=\"https:\/\/assumpta-eu.org\/fr\/un-coucher-de-soleil-radieux-la-vieillesse-comme-un-devenir-sacre\/\">Un coucher de soleil radieux : La vieillesse comme un devenir sacr\u00e9<\/a>\n\t\t\t\t\t\t\t\t\t\t\t<\/h2>\n\t\t\t\t\n\t\t\t\t\t<p class=\"post-meta\"><span class=\"published\">Avr 9, 2026<\/span><\/p><div class=\"post-content\"><div class=\"post-content-inner\"><p>\"C'est une opportunit\u00e9 que la vie nous offre pour finir de...<\/p>\n<\/div><\/div>\t\t\t\n\t\t\t<\/article>\n\t\t\t\t\n\t\t\t<article id=\"post-7000\" class=\"et_pb_post clearfix et_pb_blog_item_0_2 post-7000 post type-post status-publish format-standard has-post-thumbnail hentry category-angleterre category-province-europeenne\">\n\n\t\t\t\t<div class=\"et_pb_image_container\"><a href=\"https:\/\/assumpta-eu.org\/fr\/visibilite-sur-la-place-publique\/\" class=\"entry-featured-image-url\"><img loading=\"lazy\" decoding=\"async\" src=\"https:\/\/assumpta-eu.org\/wp-content\/uploads\/2026\/03\/Adoration-now-Option-1-scaled-e1775744491791-400x250.jpg\" alt=\"Visibilit\u00e9 sur la place publique\" class=\"\" srcset=\"https:\/\/assumpta-eu.org\/wp-content\/uploads\/2026\/03\/Adoration-now-Option-1-scaled-e1775744491791.jpg 479w, https:\/\/assumpta-eu.org\/wp-content\/uploads\/2026\/03\/Adoration-now-Option-1-scaled-e1775744491791-400x250.jpg 480w \" sizes=\"(max-width:479px) 479px, 100vw \"  width=\"400\" height=\"250\" \/><\/a><\/div>\n\t\t\t\t\t\t\t\t\t\t\t\t\t\t<h2 class=\"entry-title\">\n\t\t\t\t\t\t\t\t\t\t\t\t\t<a href=\"https:\/\/assumpta-eu.org\/fr\/visibilite-sur-la-place-publique\/\">Visibilit\u00e9 sur la place publique<\/a>\n\t\t\t\t\t\t\t\t\t\t\t<\/h2>\n\t\t\t\t\n\t\t\t\t\t<p class=\"post-meta\"><span class=\"published\">Mar 3, 2026<\/span><\/p><div class=\"post-content\"><div class=\"post-content-inner\"><p>Une ville situ\u00e9e au sommet d'une colline ne peut \u00eatre...<\/p>\n<\/div><\/div>\t\t\t\n\t\t\t<\/article>\n\t\t\t\t<\/div><div><div class=\"pagination clearfix\">\n\t<div class=\"alignleft\"><a href=\"https:\/\/assumpta-eu.org\/fr\/wp-json\/wp\/v2\/pages\/3283\/page\/2\/?et_blog\" >&laquo; Entr\u00e9es Plus Anciennes<\/a><\/div>\n\t<div class=\"alignright\"><\/div>\n<\/div><\/div><\/div>\n\t\t\t\t\t<\/div>\n\t\t\t\t\t \n\t\t\t\t<\/div>\n\t\t\t<\/div>\n\t\t\t\t\n\t\t\t\t\n\t\t\t\t\n\t\t\t\t\n\t\t\t<\/div><div class=\"et_d4_element et_pb_row et_pb_row_6  et_pb_css_mix_blend_mode et_block_row\">\n\t\t\t\t<div class=\"et_d4_element et_pb_column_4_4 et_pb_column et_pb_column_7  et_pb_css_mix_blend_mode et-last-child et_block_column\">\n\t\t\t\t\n\t\t\t\t\n\t\t\t\t\n\t\t\t\t\n\t\t\t\t<div class=\"et_pb_button_module_wrapper et_pb_button_3_wrapper et_pb_button_alignment_center et_pb_module \">\n\t\t\t\t<a class=\"et_pb_button et_d4_element et_pb_button_3 et_animated et_pb_bg_layout_light et_block_module\" href=\"https:\/\/assumpta-eu.org\/fr\/nouvelles\/\">Voir tout<\/a>\n\t\t\t<\/div>\n\t\t\t<\/div>\n\t\t\t\t\n\t\t\t\t\n\t\t\t\t\n\t\t\t\t\n\t\t\t<\/div>\n\t\t\t\t\n\t\t\t\t\n\t\t\t<\/div><div class=\"et_d4_element et_pb_section et_pb_section_4 et_pb_with_background  et_pb_css_mix_blend_mode et_section_regular et_block_section\" >\n\t\t\t\t\n\t\t\t\t\n\t\t\t\t\n\t\t\t\t\n\t\t\t\t\n\t\t\t\t\n\t\t\t\t<div class=\"et_d4_element et_pb_row et_pb_row_7 et_pb_gutters1  et_pb_css_mix_blend_mode et_block_row\">\n\t\t\t\t<div class=\"et_d4_element et_pb_column_1_4 et_pb_column et_pb_column_8  et_pb_css_mix_blend_mode et_block_column\">\n\t\t\t\t\n\t\t\t\t\n\t\t\t\t\n\t\t\t\t\n\t\t\t\t<div class=\"et_pb_module et_d4_element et_pb_blurb et_pb_blurb_0 et_animated et_clickable et_pb_section_video_on_hover et_pb_section_parallax_hover  et_pb_text_align_left  et_pb_blurb_position_top et_block_module et_pb_bg_layout_light\">\n\t\t\t\t\n\t\t\t\t\n\t\t\t\t\n\t\t\t\t\n\t\t\t\t<div class=\"et_pb_blurb_content\">\n\t\t\t\t\t<div class=\"et_pb_main_blurb_image et_pb_css_mix_blend_mode\"><span class=\"et_pb_image_wrap et_pb_only_image_mode_wrap\"><img loading=\"lazy\" decoding=\"async\" width=\"100\" height=\"100\" src=\"https:\/\/assumpta-eu.org\/wp-content\/uploads\/2023\/07\/jovenes.png\" alt=\"\" class=\"et-waypoint et_pb_animation_top et_pb_animation_top_tablet et_pb_animation_top_phone wp-image-232\" \/><\/span><\/div>\n\t\t\t\t\t<div class=\"et_pb_blurb_container\">\n\t\t\t\t\t\t<h4 class=\"et_pb_module_header\"><span>Jeunes<\/span><\/h4>\n\t\t\t\t\t\t\n\t\t\t\t\t<\/div>\n\t\t\t\t<\/div>\n\t\t\t<\/div>\n\t\t\t<\/div><div class=\"et_d4_element et_pb_column_1_4 et_pb_column et_pb_column_9  et_pb_css_mix_blend_mode et_block_column\">\n\t\t\t\t\n\t\t\t\t\n\t\t\t\t\n\t\t\t\t\n\t\t\t\t<div class=\"et_pb_module et_d4_element et_pb_blurb et_pb_blurb_1 et_animated et_clickable et_pb_section_video_on_hover et_pb_section_parallax_hover  et_pb_text_align_left  et_pb_blurb_position_top et_block_module et_pb_bg_layout_light\">\n\t\t\t\t\n\t\t\t\t\n\t\t\t\t\n\t\t\t\t\n\t\t\t\t<div class=\"et_pb_blurb_content\">\n\t\t\t\t\t<div class=\"et_pb_main_blurb_image et_pb_css_mix_blend_mode\"><span class=\"et_pb_image_wrap et_pb_only_image_mode_wrap\"><img loading=\"lazy\" decoding=\"async\" width=\"100\" height=\"100\" src=\"https:\/\/assumpta-eu.org\/wp-content\/uploads\/2023\/06\/as_educacion.png\" alt=\"\" class=\"et-waypoint et_pb_animation_top et_pb_animation_top_tablet et_pb_animation_top_phone wp-image-169\" \/><\/span><\/div>\n\t\t\t\t\t<div class=\"et_pb_blurb_container\">\n\t\t\t\t\t\t<h4 class=\"et_pb_module_header\"><span>\u0152uvres \u00e9ducatives<\/span><\/h4>\n\t\t\t\t\t\t\n\t\t\t\t\t<\/div>\n\t\t\t\t<\/div>\n\t\t\t<\/div>\n\t\t\t<\/div><div class=\"et_d4_element et_pb_column_1_4 et_pb_column et_pb_column_10  et_pb_css_mix_blend_mode et_block_column\">\n\t\t\t\t\n\t\t\t\t\n\t\t\t\t\n\t\t\t\t\n\t\t\t\t<div class=\"et_pb_module et_d4_element et_pb_blurb et_pb_blurb_2 et_animated et_clickable et_pb_section_video_on_hover et_pb_section_parallax_hover  et_pb_text_align_left  et_pb_blurb_position_top et_block_module et_pb_bg_layout_light\">\n\t\t\t\t\n\t\t\t\t\n\t\t\t\t\n\t\t\t\t\n\t\t\t\t<div class=\"et_pb_blurb_content\">\n\t\t\t\t\t<div class=\"et_pb_main_blurb_image et_pb_css_mix_blend_mode\"><span class=\"et_pb_image_wrap et_pb_only_image_mode_wrap\"><img loading=\"lazy\" decoding=\"async\" width=\"100\" height=\"100\" src=\"https:\/\/assumpta-eu.org\/wp-content\/uploads\/2023\/06\/as_justicia.png\" alt=\"\" class=\"et-waypoint et_pb_animation_top et_pb_animation_top_tablet et_pb_animation_top_phone wp-image-168\" \/><\/span><\/div>\n\t\t\t\t\t<div class=\"et_pb_blurb_container\">\n\t\t\t\t\t\t<h4 class=\"et_pb_module_header\"><span>Climat & Justice<\/span><\/h4>\n\t\t\t\t\t\t\n\t\t\t\t\t<\/div>\n\t\t\t\t<\/div>\n\t\t\t<\/div>\n\t\t\t<\/div><div class=\"et_d4_element et_pb_column_1_4 et_pb_column et_pb_column_11  et_pb_css_mix_blend_mode et-last-child et_block_column\">\n\t\t\t\t\n\t\t\t\t\n\t\t\t\t\n\t\t\t\t\n\t\t\t\t<div class=\"et_pb_module et_d4_element et_pb_blurb et_pb_blurb_3 et_animated et_clickable et_pb_section_video_on_hover et_pb_section_parallax_hover  et_pb_text_align_left  et_pb_blurb_position_top et_block_module et_pb_bg_layout_light\">\n\t\t\t\t\n\t\t\t\t\n\t\t\t\t\n\t\t\t\t\n\t\t\t\t<div class=\"et_pb_blurb_content\">\n\t\t\t\t\t<div class=\"et_pb_main_blurb_image et_pb_css_mix_blend_mode\"><span class=\"et_pb_image_wrap et_pb_only_image_mode_wrap\"><img loading=\"lazy\" decoding=\"async\" width=\"100\" height=\"100\" src=\"https:\/\/assumpta-eu.org\/wp-content\/uploads\/2023\/06\/as_voluntarios.png\" alt=\"\" class=\"et-waypoint et_pb_animation_top et_pb_animation_top_tablet et_pb_animation_top_phone wp-image-167\" \/><\/span><\/div>\n\t\t\t\t\t<div class=\"et_pb_blurb_container\">\n\t\t\t\t\t\t<h4 class=\"et_pb_module_header\"><span>Volontariat<\/span><\/h4>\n\t\t\t\t\t\t\n\t\t\t\t\t<\/div>\n\t\t\t\t<\/div>\n\t\t\t<\/div>\n\t\t\t<\/div>\n\t\t\t\t\n\t\t\t\t\n\t\t\t\t\n\t\t\t\t\n\t\t\t<\/div>\n\t\t\t\t\n\t\t\t\t\n\t\t\t<\/div><div class=\"et_d4_element et_pb_section et_pb_section_5 et_pb_with_background  et_pb_css_mix_blend_mode et_section_regular section_has_divider et_pb_bottom_divider et_pb_top_divider et_block_section\" >\n\t\t\t\t<div class=\"et_pb_top_inside_divider et-no-transition\"><\/div>\n\t\t\t\t\n\t\t\t\t\n\t\t\t\t\n\t\t\t\t\n\t\t\t\t\n\t\t\t\t<div class=\"et_d4_element et_pb_row et_pb_row_8  et_pb_css_mix_blend_mode et_block_row\">\n\t\t\t\t<div class=\"et_d4_element et_pb_column_4_4 et_pb_column et_pb_column_12  et_pb_css_mix_blend_mode et-last-child et_block_column\">\n\t\t\t\t\n\t\t\t\t\n\t\t\t\t\n\t\t\t\t\n\t\t\t\t<div class=\"et_pb_module et_d4_element et_pb_text et_pb_text_10  et_pb_text_align_center et_pb_bg_layout_light\">\n\t\t\t\t\n\t\t\t\t\n\t\t\t\t\n\t\t\t\t\n\t\t\t\t<div class=\"et_pb_text_inner\"><h4>Se joindre \u00e0 nous<\/h4><\/div>\n\t\t\t<\/div><div class=\"et_pb_module et_d4_element et_pb_text et_pb_text_11  et_pb_text_align_center et_pb_bg_layout_light\">\n\t\t\t\t\n\t\t\t\t\n\t\t\t\t\n\t\t\t\t\n\t\t\t\t<div class=\"et_pb_text_inner\"><h2>\u00ab Chacun de nous a une <span style=\"color: #ffcc00;\">mission<\/span> sur cette terre \u00bb<\/h2>\n<p>&nbsp;<\/p>\n<p>Sainte Marie Eug\u00e9nie \u00e9tait convaincue que Dieu appelle chacun \u00e0 une mission particuli\u00e8re, que chacun de nous a sa place dans la construction du Royaume. A l\u2019Assomption aujourd\u2019hui cet appel peut \u00eatre v\u00e9cu de diverses mani\u00e8res et selon diverses vocations. <\/p>\n<p>&nbsp;<\/p><\/div>\n\t\t\t<\/div><div class=\"et_pb_button_module_wrapper et_pb_button_4_wrapper et_pb_button_alignment_center et_pb_module \">\n\t\t\t\t<a class=\"et_pb_button et_d4_element et_pb_button_4 et_pb_bg_layout_light et_block_module\" href=\"https:\/\/assumpta-eu.org\/fr\/se-joindre-a-nous\/\">Voir plus<\/a>\n\t\t\t<\/div>\n\t\t\t<\/div>\n\t\t\t\t\n\t\t\t\t\n\t\t\t\t\n\t\t\t\t\n\t\t\t<\/div>\n\t\t\t\t\n\t\t\t\t<div class=\"et_pb_bottom_inside_divider et-no-transition\"><\/div>\n\t\t\t<\/div><\/p>\n","protected":false},"excerpt":{"rendered":"","protected":false},"author":1,"featured_media":0,"parent":0,"menu_order":0,"comment_status":"closed","ping_status":"closed","template":"","meta":{"_et_pb_use_builder":"on","_et_pb_old_content":"","_et_gb_content_width":"","footnotes":""},"class_list":["post-3283","page","type-page","status-publish","hentry"],"yoast_head":"<!-- This site is optimized with the Yoast SEO plugin v27.5 - https:\/\/yoast.com\/product\/yoast-seo-wordpress\/ -->\n<title>Assomption - Religious of the Assumption &gt; Province of Europe<\/title>\n<meta name=\"robots\" content=\"index, follow, max-snippet:-1, max-image-preview:large, max-video-preview:-1\" \/>\n<link rel=\"canonical\" href=\"https:\/\/assumpta-eu.org\/fr\/\" \/>\n<meta property=\"og:locale\" content=\"fr_FR\" \/>\n<meta property=\"og:type\" content=\"article\" \/>\n<meta property=\"og:title\" content=\"Assomption - Religious of the Assumption &gt; Province of Europe\" \/>\n<meta property=\"og:url\" content=\"https:\/\/assumpta-eu.org\/fr\/\" \/>\n<meta property=\"og:site_name\" content=\"Religious of the Assumption &gt; Province of Europe\" \/>\n<meta property=\"article:publisher\" content=\"http:\/\/www.facebook.com\/assumptionUK\" \/>\n<meta property=\"article:modified_time\" content=\"2024-08-19T14:32:54+00:00\" \/>\n<meta name=\"twitter:card\" content=\"summary_large_image\" \/>\n<meta name=\"twitter:site\" content=\"@AssumptionRA\" \/>\n<meta name=\"twitter:label1\" content=\"Dur\u00e9e de lecture estim\u00e9e\" \/>\n\t<meta name=\"twitter:data1\" content=\"13 minutes\" \/>\n<script type=\"application\/ld+json\" class=\"yoast-schema-graph\">{\"@context\":\"https:\\\/\\\/schema.org\",\"@graph\":[{\"@type\":\"WebPage\",\"@id\":\"https:\\\/\\\/assumpta-eu.org\\\/fr\\\/\",\"url\":\"https:\\\/\\\/assumpta-eu.org\\\/fr\\\/\",\"name\":\"Assomption - Religious of the Assumption &gt; Province of Europe\",\"isPartOf\":{\"@id\":\"https:\\\/\\\/assumpta-eu.org\\\/fr\\\/#website\"},\"datePublished\":\"2023-06-01T07:51:16+00:00\",\"dateModified\":\"2024-08-19T14:32:54+00:00\",\"breadcrumb\":{\"@id\":\"https:\\\/\\\/assumpta-eu.org\\\/fr\\\/#breadcrumb\"},\"inLanguage\":\"fr-FR\",\"potentialAction\":[{\"@type\":\"ReadAction\",\"target\":[\"https:\\\/\\\/assumpta-eu.org\\\/fr\\\/\"]}]},{\"@type\":\"BreadcrumbList\",\"@id\":\"https:\\\/\\\/assumpta-eu.org\\\/fr\\\/#breadcrumb\",\"itemListElement\":[{\"@type\":\"ListItem\",\"position\":1,\"name\":\"Home\",\"item\":\"https:\\\/\\\/assumpta-eu.org\\\/fr\\\/\"},{\"@type\":\"ListItem\",\"position\":2,\"name\":\"Assomption\"}]},{\"@type\":\"WebSite\",\"@id\":\"https:\\\/\\\/assumpta-eu.org\\\/fr\\\/#website\",\"url\":\"https:\\\/\\\/assumpta-eu.org\\\/fr\\\/\",\"name\":\"Province of Europe of the Religious of the Assumption\",\"description\":\"Make Christ known and loved\",\"publisher\":{\"@id\":\"https:\\\/\\\/assumpta-eu.org\\\/fr\\\/#organization\"},\"potentialAction\":[{\"@type\":\"SearchAction\",\"target\":{\"@type\":\"EntryPoint\",\"urlTemplate\":\"https:\\\/\\\/assumpta-eu.org\\\/fr\\\/?s={search_term_string}\"},\"query-input\":{\"@type\":\"PropertyValueSpecification\",\"valueRequired\":true,\"valueName\":\"search_term_string\"}}],\"inLanguage\":\"fr-FR\"},{\"@type\":\"Organization\",\"@id\":\"https:\\\/\\\/assumpta-eu.org\\\/fr\\\/#organization\",\"name\":\"Religious of the Assumption\",\"url\":\"https:\\\/\\\/assumpta-eu.org\\\/fr\\\/\",\"logo\":{\"@type\":\"ImageObject\",\"inLanguage\":\"fr-FR\",\"@id\":\"https:\\\/\\\/assumpta-eu.org\\\/fr\\\/#\\\/schema\\\/logo\\\/image\\\/\",\"url\":\"https:\\\/\\\/assumpta-eu.org\\\/wp-content\\\/uploads\\\/2023\\\/06\\\/RA-EU-logos-02.png\",\"contentUrl\":\"https:\\\/\\\/assumpta-eu.org\\\/wp-content\\\/uploads\\\/2023\\\/06\\\/RA-EU-logos-02.png\",\"width\":705,\"height\":729,\"caption\":\"Religious of the Assumption\"},\"image\":{\"@id\":\"https:\\\/\\\/assumpta-eu.org\\\/fr\\\/#\\\/schema\\\/logo\\\/image\\\/\"},\"sameAs\":[\"http:\\\/\\\/www.facebook.com\\\/assumptionUK\",\"https:\\\/\\\/x.com\\\/AssumptionRA\",\"http:\\\/\\\/www.instagram.com\\\/assumptionuk\"]}]}<\/script>\n<!-- \/ Yoast SEO plugin. -->","yoast_head_json":{"title":"Assomption - Religious of the Assumption &gt; Province of Europe","robots":{"index":"index","follow":"follow","max-snippet":"max-snippet:-1","max-image-preview":"max-image-preview:large","max-video-preview":"max-video-preview:-1"},"canonical":"https:\/\/assumpta-eu.org\/fr\/","og_locale":"fr_FR","og_type":"article","og_title":"Assomption - Religious of the Assumption &gt; Province of Europe","og_url":"https:\/\/assumpta-eu.org\/fr\/","og_site_name":"Religious of the Assumption &gt; Province of Europe","article_publisher":"http:\/\/www.facebook.com\/assumptionUK","article_modified_time":"2024-08-19T14:32:54+00:00","twitter_card":"summary_large_image","twitter_site":"@AssumptionRA","twitter_misc":{"Dur\u00e9e de lecture estim\u00e9e":"13 minutes"},"schema":{"@context":"https:\/\/schema.org","@graph":[{"@type":"WebPage","@id":"https:\/\/assumpta-eu.org\/fr\/","url":"https:\/\/assumpta-eu.org\/fr\/","name":"Assomption - Religious of the Assumption &gt; Province of Europe","isPartOf":{"@id":"https:\/\/assumpta-eu.org\/fr\/#website"},"datePublished":"2023-06-01T07:51:16+00:00","dateModified":"2024-08-19T14:32:54+00:00","breadcrumb":{"@id":"https:\/\/assumpta-eu.org\/fr\/#breadcrumb"},"inLanguage":"fr-FR","potentialAction":[{"@type":"ReadAction","target":["https:\/\/assumpta-eu.org\/fr\/"]}]},{"@type":"BreadcrumbList","@id":"https:\/\/assumpta-eu.org\/fr\/#breadcrumb","itemListElement":[{"@type":"ListItem","position":1,"name":"Home","item":"https:\/\/assumpta-eu.org\/fr\/"},{"@type":"ListItem","position":2,"name":"Assomption"}]},{"@type":"WebSite","@id":"https:\/\/assumpta-eu.org\/fr\/#website","url":"https:\/\/assumpta-eu.org\/fr\/","name":"Province of Europe of the Religious of the Assumption","description":"Make Christ known and loved","publisher":{"@id":"https:\/\/assumpta-eu.org\/fr\/#organization"},"potentialAction":[{"@type":"SearchAction","target":{"@type":"EntryPoint","urlTemplate":"https:\/\/assumpta-eu.org\/fr\/?s={search_term_string}"},"query-input":{"@type":"PropertyValueSpecification","valueRequired":true,"valueName":"search_term_string"}}],"inLanguage":"fr-FR"},{"@type":"Organization","@id":"https:\/\/assumpta-eu.org\/fr\/#organization","name":"Religious of the Assumption","url":"https:\/\/assumpta-eu.org\/fr\/","logo":{"@type":"ImageObject","inLanguage":"fr-FR","@id":"https:\/\/assumpta-eu.org\/fr\/#\/schema\/logo\/image\/","url":"https:\/\/assumpta-eu.org\/wp-content\/uploads\/2023\/06\/RA-EU-logos-02.png","contentUrl":"https:\/\/assumpta-eu.org\/wp-content\/uploads\/2023\/06\/RA-EU-logos-02.png","width":705,"height":729,"caption":"Religious of the Assumption"},"image":{"@id":"https:\/\/assumpta-eu.org\/fr\/#\/schema\/logo\/image\/"},"sameAs":["http:\/\/www.facebook.com\/assumptionUK","https:\/\/x.com\/AssumptionRA","http:\/\/www.instagram.com\/assumptionuk"]}]}},"_links":{"self":[{"href":"https:\/\/assumpta-eu.org\/fr\/wp-json\/wp\/v2\/pages\/3283","targetHints":{"allow":["GET"]}}],"collection":[{"href":"https:\/\/assumpta-eu.org\/fr\/wp-json\/wp\/v2\/pages"}],"about":[{"href":"https:\/\/assumpta-eu.org\/fr\/wp-json\/wp\/v2\/types\/page"}],"author":[{"embeddable":true,"href":"https:\/\/assumpta-eu.org\/fr\/wp-json\/wp\/v2\/users\/1"}],"replies":[{"embeddable":true,"href":"https:\/\/assumpta-eu.org\/fr\/wp-json\/wp\/v2\/comments?post=3283"}],"version-history":[{"count":8,"href":"https:\/\/assumpta-eu.org\/fr\/wp-json\/wp\/v2\/pages\/3283\/revisions"}],"predecessor-version":[{"id":4656,"href":"https:\/\/assumpta-eu.org\/fr\/wp-json\/wp\/v2\/pages\/3283\/revisions\/4656"}],"wp:attachment":[{"href":"https:\/\/assumpta-eu.org\/fr\/wp-json\/wp\/v2\/media?parent=3283"}],"curies":[{"name":"wp","href":"https:\/\/api.w.org\/{rel}","templated":true}]}}